{"id":15987,"date":"2020-01-28T11:35:57","date_gmt":"2020-01-28T10:35:57","guid":{"rendered":"http:\/\/www.atletikaolomouc.cz\/?page_id=15987"},"modified":"2021-08-24T11:23:04","modified_gmt":"2021-08-24T09:23:04","slug":"zavody-2020-zp","status":"publish","type":"page","link":"https:\/\/old.atletikaolomouc.cz\/?page_id=15987","title":{"rendered":"Z\u00c1VODY 2020 ZP"},"content":{"rendered":"<table style=\"height: 571px; width: 485px;\" width=\"468\">\n<tbody>\n<tr style=\"height: 26px;\">\n<td style=\"width: 95.8906px; height: 26px;\"><strong>datum<\/strong><\/td>\n<td style=\"width: 85.6562px; height: 26px;\"><strong>m\u00edsto<\/strong><\/td>\n<td style=\"width: 76.6562px; height: 26px;\"><strong>akce<\/strong><\/td>\n<td style=\"width: 198.797px; height: 26px;\"><strong>v\u00fdsledky<\/strong><\/td>\n<\/tr>\n<tr style=\"height: 26px;\">\n<td style=\"width: 95.8906px; height: 26px;\"><strong>DUBEN<\/strong><\/td>\n<td style=\"width: 85.6562px; height: 26px;\">&nbsp;<\/td>\n<td style=\"width: 76.6562px; height: 26px;\">&nbsp;<\/td>\n<td style=\"width: 198.797px; height: 26px;\">&nbsp;<\/td>\n<\/tr>\n<tr style=\"height: 27px;\">\n<td style=\"width: 95.8906px; height: 27px;\">25. &#8211; 26.4.<\/td>\n<td style=\"width: 85.6562px; height: 27px;\">Chorvatsko<\/td>\n<td style=\"width: 76.6562px; height: 27px;\">Croatia Open<\/td>\n<td style=\"width: 198.797px; height: 27px;\"><span style=\"color: #ff0000;\">ZRU\u0160ENO<\/span><\/td>\n<\/tr>\n<tr style=\"height: 28px;\">\n<td style=\"width: 95.8906px; height: 28px;\"><strong>KV\u011aTEN<\/strong><\/td>\n<td style=\"width: 85.6562px; height: 28px;\">&nbsp;<\/td>\n<td style=\"width: 76.6562px; height: 28px;\">&nbsp;<\/td>\n<td style=\"width: 198.797px; height: 28px;\">&nbsp;<\/td>\n<\/tr>\n<tr style=\"height: 27px;\">\n<td style=\"width: 95.8906px; height: 27px;\">3. 5.<\/td>\n<td style=\"width: 85.6562px; height: 27px;\">Pardubice<\/td>\n<td style=\"width: 76.6562px; height: 27px;\">Velk\u00e1 cena m\u011bsta Pardubice<\/td>\n<td style=\"width: 198.797px; height: 27px;\"><span style=\"color: #ff0000;\">ODLO\u017dENO<\/span><\/td>\n<\/tr>\n<tr style=\"height: 23px;\">\n<td style=\"width: 95.8906px; height: 23px;\">6. &#8211; 8.5.<\/td>\n<td style=\"width: 85.6562px; height: 23px;\">Pa\u0159\u00ed\u017e<\/td>\n<td style=\"width: 76.6562px; height: 23px;\">Gran Prix Pa\u0159\u00ed\u017e<\/td>\n<td style=\"width: 198.797px; height: 23px;\"><span style=\"color: #ff0000;\">ZRU\u0160ENO<\/span><\/td>\n<\/tr>\n<tr style=\"height: 23px;\">\n<td style=\"width: 95.8906px; height: 23px;\">8. &#8211; 10.5.<\/td>\n<td style=\"width: 85.6562px; height: 23px;\">Slubice<\/td>\n<td style=\"width: 76.6562px; height: 23px;\">Z\u00e1vody Slubice<\/td>\n<td style=\"width: 198.797px; height: 23px;\"><span style=\"color: #ff0000;\">ZRU\u0160ENO<\/span><\/td>\n<\/tr>\n<tr style=\"height: 24px;\">\n<td style=\"width: 95.8906px; height: 24px;\">31.5.<\/td>\n<td style=\"width: 85.6562px; height: 24px;\">Olomouc<\/td>\n<td style=\"width: 76.6562px; height: 24px;\"><a href=\"http:\/\/www.atletikaolomouc.cz\/wp-content\/uploads\/2020\/05\/\u010cP-OLOMOUC-2020-2.pdf\">\u010cP Atletiky \u010cATHS<\/a><\/td>\n<td style=\"width: 198.797px; height: 24px;\"><a href=\"http:\/\/www.atletikaolomouc.cz\/?p=16826\" target=\"_blank\" rel=\"noopener\">V\u00ddSLEDKY<\/a><\/td>\n<\/tr>\n<tr style=\"height: 24px;\">\n<td style=\"width: 95.8906px; height: 24px;\">30.5.<\/td>\n<td style=\"width: 85.6562px; height: 24px;\">Nottwil<\/td>\n<td style=\"width: 76.6562px; height: 24px;\">Gran Prix Nottwil<\/td>\n<td style=\"width: 198.797px; height: 24px;\"><span style=\"color: #ff0000;\">ZRU\u0160ENO<\/span><\/td>\n<\/tr>\n<tr style=\"height: 18px;\">\n<td style=\"width: 95.8906px; height: 18px;\"><strong>\u010cERVEN<\/strong><\/td>\n<td style=\"width: 85.6562px; height: 18px;\">&nbsp;<\/td>\n<td style=\"width: 76.6562px; height: 18px;\">&nbsp;<\/td>\n<td style=\"width: 198.797px; height: 18px;\">&nbsp;<\/td>\n<\/tr>\n<tr style=\"height: 24px;\">\n<td style=\"width: 95.8906px; height: 24px;\">14.6.<\/td>\n<td style=\"width: 85.6562px; height: 24px;\">Olomouc<\/td>\n<td style=\"width: 76.6562px; height: 24px;\"><a href=\"http:\/\/www.atletikaolomouc.cz\/wp-content\/uploads\/2020\/06\/\u010cP-OLOMOUC-2020-\u010derven.pdf\" target=\"_blank\" rel=\"noopener\">\u010cP Atletiky \u010cATHS<\/a><\/td>\n<td style=\"width: 198.797px; height: 24px;\">V\u00ddSLEDKY<\/td>\n<\/tr>\n<tr style=\"height: 26px;\">\n<td style=\"width: 95.8906px; height: 26px;\">24. &#8211; 28.6.<\/td>\n<td style=\"width: 85.6562px; height: 26px;\">Brno<\/td>\n<td style=\"width: 76.6562px; height: 26px;\">Emil Open (do 26 let)<\/td>\n<td style=\"width: 198.797px; height: 26px;\"><span style=\"color: #ff0000;\">ODLO\u017dENO<\/span><\/td>\n<\/tr>\n<tr style=\"height: 24px;\">\n<td style=\"width: 95.8906px; height: 24px;\">26. &#8211; 28.6.<\/td>\n<td style=\"width: 85.6562px; height: 24px;\">Tunis<\/td>\n<td style=\"width: 76.6562px; height: 24px;\">Gran Prix Tunis<\/td>\n<td style=\"width: 198.797px; height: 24px;\"><span style=\"color: #ff0000;\">ODLO\u017dENO<\/span><\/td>\n<\/tr>\n<tr style=\"height: 25px;\">\n<td style=\"width: 95.8906px; height: 25px;\"><strong>\u010cERVENEC<\/strong><\/td>\n<td style=\"width: 85.6562px; height: 25px;\">&nbsp;<\/td>\n<td style=\"width: 76.6562px; height: 25px;\">&nbsp;<\/td>\n<td style=\"width: 198.797px; height: 25px;\">&nbsp;<\/td>\n<\/tr>\n<tr style=\"height: 24px;\">\n<td style=\"width: 95.8906px; height: 24px;\"><strong>SRPEN<\/strong><\/td>\n<td style=\"width: 85.6562px; height: 24px;\">&nbsp;<\/td>\n<td style=\"width: 76.6562px; height: 24px;\">&nbsp;<\/td>\n<td style=\"width: 198.797px; height: 24px;\">&nbsp;<\/td>\n<\/tr>\n<tr style=\"height: 27px;\">\n<td style=\"width: 95.8906px; height: 27px;\">6. &#8211; 8.8.<\/td>\n<td style=\"width: 85.6562px; height: 27px;\">Sieradz<\/td>\n<td style=\"width: 76.6562px; height: 27px;\">Z\u00e1vody Sieradz<\/td>\n<td style=\"width: 198.797px; height: 27px;\">&nbsp;<\/td>\n<\/tr>\n<tr style=\"height: 23px;\">\n<td style=\"width: 95.8906px; height: 23px;\">20. &#8211; 23.8.<\/td>\n<td style=\"width: 85.6562px; height: 23px;\">Olomouc<\/td>\n<td style=\"width: 76.6562px; height: 23px;\"><a href=\"http:\/\/www.atletikaolomouc.cz\/?page_id=5617\" target=\"_blank\" rel=\"noopener\">Czech Open 2020<\/a><\/td>\n<td style=\"width: 198.797px; height: 23px;\">&nbsp;<\/td>\n<\/tr>\n<tr style=\"height: 26px;\">\n<td style=\"width: 95.8906px; height: 26px;\"><strong>Z\u00c1\u0158\u00cd<\/strong><\/td>\n<td style=\"width: 85.6562px; height: 26px;\">&nbsp;<\/td>\n<td style=\"width: 76.6562px; height: 26px;\">&nbsp;<\/td>\n<td style=\"width: 198.797px; height: 26px;\">&nbsp;<\/td>\n<\/tr>\n<tr style=\"height: 28px;\">\n<td style=\"width: 95.8906px; height: 28px;\">13.9.<\/td>\n<td style=\"width: 85.6562px; height: 28px;\">Nov\u00e9 M\u011bsto<\/td>\n<td style=\"width: 76.6562px; height: 28px;\">\u010cP Atletiky \u010cATHS<\/td>\n<td style=\"width: 198.797px; height: 28px;\">&nbsp;<\/td>\n<\/tr>\n<tr style=\"height: 28px;\">\n<td style=\"width: 95.8906px; height: 28px;\">26.9.<\/td>\n<td style=\"width: 85.6562px; height: 28px;\">Olomouc<\/td>\n<td style=\"width: 76.6562px; height: 28px;\"><a href=\"http:\/\/www.atletikaolomouc.cz\/wp-content\/uploads\/2020\/09\/\u010cP-OLOMOUC-2020-26.9.2020.pdf\">\u010cP Atletiky \u010cATHS<\/a><\/td>\n<td style=\"width: 198.797px; height: 28px;\">&nbsp;<\/td>\n<\/tr>\n<tr style=\"height: 26px;\">\n<td style=\"width: 95.8906px; height: 26px;\"><strong>\u0158\u00cdJEN<\/strong><\/td>\n<td style=\"width: 85.6562px; height: 26px;\">&nbsp;<\/td>\n<td style=\"width: 76.6562px; height: 26px;\">&nbsp;<\/td>\n<td style=\"width: 198.797px; height: 26px;\">&nbsp;<\/td>\n<\/tr>\n<tr style=\"height: 26px;\">\n<td style=\"width: 95.8906px; height: 26px;\">4.10.<\/td>\n<td style=\"width: 85.6562px; height: 26px;\">Praha<\/td>\n<td style=\"width: 76.6562px; height: 26px;\">\u010cP Atletiky \u010cATHS<\/td>\n<td style=\"width: 198.797px; height: 26px;\">&nbsp;<\/td>\n<\/tr>\n<tr style=\"height: 18px;\">\n<td style=\"width: 95.8906px; height: 18px;\">7.10.-14.10<\/td>\n<td style=\"width: 85.6562px; height: 18px;\">Portugalsko<\/td>\n<td style=\"width: 76.6562px; height: 18px;\">IWAS Games<\/td>\n<td style=\"width: 198.797px; height: 18px;\">&nbsp;<\/td>\n<\/tr>\n<\/tbody>\n<\/table>\n","protected":false},"excerpt":{"rendered":"<p>datum m\u00edsto akce v\u00fdsledky DUBEN &nbsp; &nbsp; &nbsp; 25. &#8211; 26.4. Chorvatsko Croatia Open ZRU\u0160ENO KV\u011aTEN &nbsp; &nbsp; &nbsp; 3. 5. Pardubice Velk\u00e1 cena m\u011bsta Pardubice ODLO\u017dENO 6. &#8211; 8.5. Pa\u0159\u00ed\u017e Gran Prix Pa\u0159\u00ed\u017e ZRU\u0160ENO 8. &#8211; 10.5. Slubice Z\u00e1vody &hellip; <a href=\"https:\/\/old.atletikaolomouc.cz\/?page_id=15987\">Continue reading <span class=\"meta-nav\">&rarr;<\/span><\/a><\/p>\n","protected":false},"author":14,"featured_media":0,"parent":7011,"menu_order":7,"comment_status":"closed","ping_status":"closed","template":"","meta":{"ngg_post_thumbnail":0},"_links":{"self":[{"href":"https:\/\/old.atletikaolomouc.cz\/index.php?rest_route=\/wp\/v2\/pages\/15987"}],"collection":[{"href":"https:\/\/old.atletikaolomouc.cz\/index.php?rest_route=\/wp\/v2\/pages"}],"about":[{"href":"https:\/\/old.atletikaolomouc.cz\/index.php?rest_route=\/wp\/v2\/types\/page"}],"author":[{"embeddable":true,"href":"https:\/\/old.atletikaolomouc.cz\/index.php?rest_route=\/wp\/v2\/users\/14"}],"replies":[{"embeddable":true,"href":"https:\/\/old.atletikaolomouc.cz\/index.php?rest_route=%2Fwp%2Fv2%2Fcomments&post=15987"}],"version-history":[{"count":13,"href":"https:\/\/old.atletikaolomouc.cz\/index.php?rest_route=\/wp\/v2\/pages\/15987\/revisions"}],"predecessor-version":[{"id":31714,"href":"https:\/\/old.atletikaolomouc.cz\/index.php?rest_route=\/wp\/v2\/pages\/15987\/revisions\/31714"}],"up":[{"embeddable":true,"href":"https:\/\/old.atletikaolomouc.cz\/index.php?rest_route=\/wp\/v2\/pages\/7011"}],"wp:attachment":[{"href":"https:\/\/old.atletikaolomouc.cz\/index.php?rest_route=%2Fwp%2Fv2%2Fmedia&parent=15987"}],"curies":[{"name":"wp","href":"https:\/\/api.w.org\/{rel}","templated":true}]}}