{"id":199,"date":"2011-06-29T11:09:01","date_gmt":"2011-06-29T09:09:01","guid":{"rendered":"http:\/\/bagr.blackserver.cz\/atletika.cz\/?page_id=199"},"modified":"2023-01-12T13:26:42","modified_gmt":"2023-01-12T12:26:42","slug":"treneri","status":"publish","type":"page","link":"https:\/\/old.atletikaolomouc.cz\/?page_id=199","title":{"rendered":"Tren\u00e9\u0159i"},"content":{"rendered":"<h2><strong><br \/>\nTren\u00e9\u0159i specialist\u00e9:<\/strong>\u200b<\/h2>\n<p>\u200b\u200b\u200b\u200b\u200b<\/p>\n<table style=\"height: 2328px;\" align=\"left\">\n<tbody>\n<tr style=\"height: 153px;\">\n<td style=\"width: 164px; height: 153px;\">&nbsp;<img decoding=\"async\" loading=\"lazy\" class=\"alignnone wp-image-9975 size-full\" src=\"https:\/\/old.atletikaolomouc.cz\/wp-content\/uploads\/2011\/06\/Uhlir-David.jpg\" alt=\"\" width=\"150\" height=\"150\"><\/td>\n<td style=\"width: 396px; height: 153px;\"><strong>Uhl\u00ed\u0159 David<br \/>\n<\/strong>\u0161\u00e9tren\u00e9r \u017eactva<strong><br \/>\n<\/strong>tel: 737 572 927<br \/>\nemail: <a href=\"mailto:daviduhl@post.cz\">daviduhl@post.cz<\/a><br \/>\nTren\u00e9r I. t\u0159\u00eddy<\/td>\n<\/tr>\n<tr style=\"height: 153px;\">\n<td style=\"width: 164px; height: 153px;\"><a href=\"http:\/\/www.atletikaolomouc.cz\/wp-content\/uploads\/2011\/06\/jerouskova.jpg\"><img decoding=\"async\" loading=\"lazy\" class=\"alignnone wp-image-733 size-thumbnail\" src=\"https:\/\/old.atletikaolomouc.cz\/wp-content\/uploads\/2011\/06\/jerouskova-150x150.jpg\" alt=\"\" width=\"150\" height=\"150\"><\/a><\/td>\n<td style=\"width: 396px; height: 153px;\"><strong>Jerou\u0161kov\u00e1 Tatjana<br \/>\n<\/strong>specializace: skok do v\u00fd\u0161ky<br \/>\ntel: 736 723 612<br \/>\nemail: <a href=\"mailto:tatjanajerouskova@seznam.cz\">tatjanajerouskova@seznam.cz<\/a><br \/>\nTren\u00e9r I. t\u0159\u00eddy<\/td>\n<\/tr>\n<tr style=\"height: 153px;\">\n<td style=\"width: 164px; height: 153px;\">&nbsp;<img decoding=\"async\" loading=\"lazy\" class=\"alignnone wp-image-735 size-thumbnail\" src=\"https:\/\/old.atletikaolomouc.cz\/wp-content\/uploads\/2011\/06\/kalas-150x150.jpg\" alt=\"\" width=\"150\" height=\"150\"><\/td>\n<td style=\"width: 396px; height: 153px;\"><strong>Kalas Libor<\/strong><br \/>\nspecializace: tren\u00e9r sportovn\u00edch t\u0159\u00edd<br \/>\ntel: 731 138 405<br \/>\nemail: <a href=\"mailto:libor.kalas@seznam.cz\">libor.kalas@seznam.cz<\/a><br \/>\nTren\u00e9r III. t\u0159\u00eddy<\/td>\n<\/tr>\n<tr style=\"height: 153px;\">\n<td style=\"width: 164px; height: 153px;\">&nbsp;<img decoding=\"async\" loading=\"lazy\" class=\"alignnone wp-image-739 size-thumbnail\" src=\"https:\/\/old.atletikaolomouc.cz\/wp-content\/uploads\/2011\/06\/radek_kopecky-150x150.jpg\" alt=\"\" width=\"150\" height=\"150\"><\/td>\n<td style=\"width: 396px; height: 153px;\"><strong>Kopeck\u00fd Radek<\/strong><br \/>\nspecializace: v\u00fd\u0161ka, p\u0159ek\u00e1\u017eky<br \/>\ntel: 739 313 935<br \/>\ne-mail: <a href=\"mailto:radek.kopecky@atlas.cz\">radek.kopecky@atlas.cz <\/a><br \/>\nTren\u00e9r II. t\u0159\u00eddy<\/td>\n<\/tr>\n<tr style=\"height: 153px;\">\n<td style=\"width: 164px; height: 153px;\">&nbsp;<img decoding=\"async\" loading=\"lazy\" class=\"alignnone wp-image-20313 size-thumbnail\" src=\"https:\/\/old.atletikaolomouc.cz\/wp-content\/uploads\/2020\/10\/jirka-novotn\u00fd-150x150.jpg\" alt=\"\" width=\"150\" height=\"150\" srcset=\"https:\/\/old.atletikaolomouc.cz\/wp-content\/uploads\/2020\/10\/jirka-novotn\u00fd-150x150.jpg 150w, https:\/\/old.atletikaolomouc.cz\/wp-content\/uploads\/2020\/10\/jirka-novotn\u00fd-300x300.jpg 300w, https:\/\/old.atletikaolomouc.cz\/wp-content\/uploads\/2020\/10\/jirka-novotn\u00fd-600x600.jpg 600w, https:\/\/old.atletikaolomouc.cz\/wp-content\/uploads\/2020\/10\/jirka-novotn\u00fd.jpg 688w\" sizes=\"(max-width: 150px) 100vw, 150px\" \/><\/td>\n<td style=\"width: 396px; height: 153px;\"><strong>Novotn\u00fd Ji\u0159\u00ed<\/strong><br \/>\nspecializace: sprint, p\u0159ek\u00e1\u017eky, d\u00e1lka<br \/>\ntel: 734 315 950<br \/>\nemail:<a href=\"mailto:jiri.l.novotny@centrum.cz\"> jiri.l.novotny@gmail.com<\/a><br \/>\nTren\u00e9r II. t\u0159\u00eddy<\/td>\n<\/tr>\n<tr style=\"height: 153px;\">\n<td style=\"width: 164px; height: 153px;\">&nbsp;<img decoding=\"async\" loading=\"lazy\" class=\"alignnone wp-image-20315 size-thumbnail\" src=\"https:\/\/old.atletikaolomouc.cz\/wp-content\/uploads\/2020\/10\/robert-novotn\u00fd-1-150x150.jpg\" alt=\"\" width=\"150\" height=\"150\" srcset=\"https:\/\/old.atletikaolomouc.cz\/wp-content\/uploads\/2020\/10\/robert-novotn\u00fd-1-150x150.jpg 150w, https:\/\/old.atletikaolomouc.cz\/wp-content\/uploads\/2020\/10\/robert-novotn\u00fd-1-300x300.jpg 300w, https:\/\/old.atletikaolomouc.cz\/wp-content\/uploads\/2020\/10\/robert-novotn\u00fd-1-601x600.jpg 601w, https:\/\/old.atletikaolomouc.cz\/wp-content\/uploads\/2020\/10\/robert-novotn\u00fd-1.jpg 732w\" sizes=\"(max-width: 150px) 100vw, 150px\" \/><\/td>\n<td style=\"width: 396px; height: 153px;\"><strong><strong>Novotn\u00fd Robert<\/strong><br \/>\n<\/strong>specializace: sprint, d\u00e1lka<br \/>\ntel: 603 948 958<br \/>\ne-mail:&nbsp;<a href=\"mailto:robert.novotny27@seznam.cz\">robert.novotny27@seznam.cz&nbsp;<\/a><br \/>\nTren\u00e9r I. t\u0159\u00eddy<\/td>\n<\/tr>\n<tr style=\"height: 153px;\">\n<td style=\"width: 164px; height: 153px;\">&nbsp;<img decoding=\"async\" loading=\"lazy\" class=\"alignnone wp-image-736 size-thumbnail\" src=\"https:\/\/old.atletikaolomouc.cz\/wp-content\/uploads\/2011\/06\/machova-150x150.jpg\" alt=\"\" width=\"150\" height=\"150\"><\/td>\n<td style=\"width: 396px; height: 153px;\"><strong>Machov\u00e1 Iva<\/strong><br \/>\nspecializace: hod o\u0161t\u011bpem<br \/>\ntel: 776 660 020<br \/>\nemail: <a href=\"mailto:iva_machova@yahoo.co.uk\">iva_machova@yahoo.co.uk<\/a><br \/>\nTren\u00e9r II. t\u0159\u00eddy<\/td>\n<\/tr>\n<tr style=\"height: 153px;\">\n<td style=\"width: 164px; height: 153px;\">&nbsp;<img decoding=\"async\" loading=\"lazy\" class=\"alignnone wp-image-9972 size-thumbnail\" src=\"https:\/\/old.atletikaolomouc.cz\/wp-content\/uploads\/2011\/06\/Foto-AK-Olomouc-Poky1-150x150.jpg\" alt=\"\" width=\"150\" height=\"150\"><\/td>\n<td style=\"width: 396px; height: 153px;\"><strong><strong>Pokorn\u00fd Martin<\/strong><br \/>\n<\/strong>specializace: p\u0159ek\u00e1\u017eky<br \/>\ntel:&nbsp;731 315 226<br \/>\nemail: <a href=\"mailto:martin.pokorny@mensa.cz\" target=\"_blank\" rel=\"noopener\">martin.pokorny@mensa.cz<\/a><br \/>\nTren\u00e9r III. t\u0159\u00eddy<\/td>\n<\/tr>\n<tr style=\"height: 153px;\">\n<td style=\"width: 164px; height: 153px;\">&nbsp;<img decoding=\"async\" loading=\"lazy\" class=\"alignnone wp-image-20316 size-thumbnail\" src=\"https:\/\/old.atletikaolomouc.cz\/wp-content\/uploads\/2020\/10\/ale\u0161-prudil-150x150.jpg\" alt=\"\" width=\"150\" height=\"150\" srcset=\"https:\/\/old.atletikaolomouc.cz\/wp-content\/uploads\/2020\/10\/ale\u0161-prudil-150x150.jpg 150w, https:\/\/old.atletikaolomouc.cz\/wp-content\/uploads\/2020\/10\/ale\u0161-prudil-300x300.jpg 300w, https:\/\/old.atletikaolomouc.cz\/wp-content\/uploads\/2020\/10\/ale\u0161-prudil-768x768.jpg 768w, https:\/\/old.atletikaolomouc.cz\/wp-content\/uploads\/2020\/10\/ale\u0161-prudil-600x600.jpg 600w, https:\/\/old.atletikaolomouc.cz\/wp-content\/uploads\/2020\/10\/ale\u0161-prudil.jpg 1066w\" sizes=\"(max-width: 150px) 100vw, 150px\" \/><\/td>\n<td style=\"width: 396px; height: 153px;\"><strong>Prudil Ale\u0161<\/strong><br \/>\nspecializace: v\u00edceboj<br \/>\ntel: 736 672 214<br \/>\nemail: <a href=\"mailto:ales.prudil@seznam.cz\">ales.prudil@seznam.cz<\/a><br \/>\nTren\u00e9r II. t\u0159\u00eddy<\/td>\n<\/tr>\n<tr style=\"height: 153px;\">\n<td style=\"width: 164px; height: 153px;\">&nbsp;<img decoding=\"async\" loading=\"lazy\" class=\"alignnone wp-image-741 size-thumbnail\" src=\"https:\/\/old.atletikaolomouc.cz\/wp-content\/uploads\/2011\/06\/trneckova-150x150.jpg\" alt=\"\" width=\"150\" height=\"150\"><\/td>\n<td style=\"width: 396px; height: 153px;\"><strong>Trne\u010dkov\u00e1 Jana<\/strong><br \/>\nspecializace: tren\u00e9r sportovn\u00edch t\u0159\u00edd<br \/>\ntel: 605 920 332<br \/>\nemail: <a href=\"mailto:jana.trneckova@seznam.cz\">jana.trneckova@seznam.cz<\/a><br \/>\nTren\u00e9r III. t\u0159\u00eddy<\/td>\n<\/tr>\n<tr style=\"height: 153px;\">\n<td style=\"width: 164px; height: 153px;\">&nbsp;<img decoding=\"async\" loading=\"lazy\" class=\"alignnone wp-image-340 size-thumbnail\" src=\"https:\/\/old.atletikaolomouc.cz\/wp-content\/uploads\/2011\/07\/rakowski-150x150.jpg\" alt=\"\" width=\"150\" height=\"150\"><\/td>\n<td style=\"width: 396px; height: 153px;\"><strong>Rakowski Zden\u011bk<br \/>\n<\/strong>p\u0159edseda Tren\u00e9rsk\u00e9 rady<strong><br \/>\n<\/strong>specializace: sprint, p\u0159ek\u00e1\u017eky, v\u00fd\u0161ka, d\u00e1lka<br \/>\ntel: 777 140 357<br \/>\nemail: <a href=\"mailto:rakowski@centrum.cz\">rakowski@centrum.cz<\/a><br \/>\nTren\u00e9r I. t\u0159\u00eddy<strong><br \/>\n<\/strong><\/td>\n<\/tr>\n<tr style=\"height: 177px;\">\n<td style=\"width: 164px; height: 177px;\"><a href=\"https:\/\/www.atletikaolomouc.cz\/wp-content\/uploads\/2022\/04\/Luk\u00e1\u0161-St\u0159eleck\u00fd.jpg\"><img decoding=\"async\" loading=\"lazy\" class=\"aligncenter wp-image-33497 size-thumbnail\" src=\"https:\/\/old.atletikaolomouc.cz\/wp-content\/uploads\/2022\/04\/Luk\u00e1\u0161-St\u0159eleck\u00fd-150x150.jpg\" alt=\"\" width=\"150\" height=\"150\" srcset=\"https:\/\/old.atletikaolomouc.cz\/wp-content\/uploads\/2022\/04\/Luk\u00e1\u0161-St\u0159eleck\u00fd-150x150.jpg 150w, https:\/\/old.atletikaolomouc.cz\/wp-content\/uploads\/2022\/04\/Luk\u00e1\u0161-St\u0159eleck\u00fd-300x300.jpg 300w, https:\/\/old.atletikaolomouc.cz\/wp-content\/uploads\/2022\/04\/Luk\u00e1\u0161-St\u0159eleck\u00fd-768x767.jpg 768w, https:\/\/old.atletikaolomouc.cz\/wp-content\/uploads\/2022\/04\/Luk\u00e1\u0161-St\u0159eleck\u00fd-601x600.jpg 601w, https:\/\/old.atletikaolomouc.cz\/wp-content\/uploads\/2022\/04\/Luk\u00e1\u0161-St\u0159eleck\u00fd-144x144.jpg 144w, https:\/\/old.atletikaolomouc.cz\/wp-content\/uploads\/2022\/04\/Luk\u00e1\u0161-St\u0159eleck\u00fd.jpg 1096w\" sizes=\"(max-width: 150px) 100vw, 150px\" \/><\/a><\/td>\n<td style=\"width: 396px; height: 177px;\"><strong>Luk\u00e1\u0161 St\u0159eleck\u00fd<br \/>\n<\/strong>specializace: o\u0161t\u011bp<br \/>\ntel:&nbsp;737 649 399<br \/>\nemail:&nbsp;<a href=\"mailto:lukasstrelecky@gmail.com\">lukasstrelecky@gmail.com<\/a><\/td>\n<\/tr>\n<tr style=\"height: 162px;\">\n<td style=\"width: 164px; height: 162px;\"><a href=\"http:\/\/www.atletikaolomouc.cz\/wp-content\/uploads\/2020\/10\/michal-valenta.jpg\"><img decoding=\"async\" loading=\"lazy\" class=\"aligncenter wp-image-20324 size-thumbnail\" src=\"https:\/\/old.atletikaolomouc.cz\/wp-content\/uploads\/2020\/10\/michal-valenta-150x150.jpg\" alt=\"\" width=\"150\" height=\"150\" srcset=\"https:\/\/old.atletikaolomouc.cz\/wp-content\/uploads\/2020\/10\/michal-valenta-150x150.jpg 150w, https:\/\/old.atletikaolomouc.cz\/wp-content\/uploads\/2020\/10\/michal-valenta.jpg 289w\" sizes=\"(max-width: 150px) 100vw, 150px\" \/><\/a><\/td>\n<td style=\"width: 396px; height: 162px;\"><strong>Valenta Michal<br \/>\n<\/strong>specializace: ty\u010d<br \/>\ntel:&nbsp;777 638 981<br \/>\ne-mail:&nbsp; <a href=\"mailto:michalvalenta00@gmail.com\">michalvalenta00@gmail.com<\/a><br \/>\nTren\u00e9r I. t\u0159\u00eddy<\/td>\n<\/tr>\n<tr style=\"height: 153px;\">\n<td style=\"width: 164px; height: 153px;\">&nbsp;<img decoding=\"async\" loading=\"lazy\" class=\"alignnone wp-image-8704 size-thumbnail\" src=\"https:\/\/old.atletikaolomouc.cz\/wp-content\/uploads\/2011\/06\/foto-p\u016fl-150x150.jpg\" alt=\"\" width=\"150\" height=\"150\" srcset=\"https:\/\/old.atletikaolomouc.cz\/wp-content\/uploads\/2011\/06\/foto-p\u016fl-150x150.jpg 150w, https:\/\/old.atletikaolomouc.cz\/wp-content\/uploads\/2011\/06\/foto-p\u016fl-300x300.jpg 300w, https:\/\/old.atletikaolomouc.cz\/wp-content\/uploads\/2011\/06\/foto-p\u016fl.jpg 413w\" sizes=\"(max-width: 150px) 100vw, 150px\" \/><\/td>\n<td style=\"width: 396px; height: 153px;\"><strong>Vrzala Pavel<\/strong><br \/>\nspecializace: st\u0159edn\u00ed trat\u011b<br \/>\ntel: 608 033 120<br \/>\nemail:&nbsp;<a href=\"mailto:p.vrzala@seznam.cz\">p.vrzala@seznam.cz<\/a><br \/>\nTren\u00e9r II. t\u0159\u00eddy<\/td>\n<\/tr>\n<tr style=\"height: 153px;\">\n<td style=\"width: 164px; height: 153px;\">&nbsp;<img decoding=\"async\" loading=\"lazy\" class=\"alignnone wp-image-730 size-thumbnail\" src=\"https:\/\/old.atletikaolomouc.cz\/wp-content\/uploads\/2011\/06\/znojil-150x150.jpg\" alt=\"\" width=\"150\" height=\"150\"><\/td>\n<td style=\"width: 396px; height: 153px;\"><strong>Znojil Viktor<\/strong><br \/>\nspecializace: koule, disk, kladivo<br \/>\ntel: 775 930 471<br \/>\nemail: <a href=\"mailto:znojilvik@volny.cz\">znojilvik@volny.cz<\/a><br \/>\nTren\u00e9r II. t\u0159\u00eddy<\/td>\n<\/tr>\n<\/tbody>\n<\/table>\n<p>&nbsp;<\/p>\n<p>&nbsp;<\/p>\n<p>&nbsp;<\/p>\n<p>&nbsp;<\/p>\n<p>&nbsp;<\/p>\n<p>&nbsp;<\/p>\n<p>&nbsp;<\/p>\n<p>&nbsp;<\/p>\n<p>&nbsp;<\/p>\n<p>&nbsp;<\/p>\n<p>&nbsp;<\/p>\n<p>&nbsp;<\/p>\n<p>&nbsp;<\/p>\n<p>&nbsp;<\/p>\n<p>&nbsp;<\/p>\n<p>&nbsp;<\/p>\n<p>&nbsp;<\/p>\n<p>&nbsp;<\/p>\n<p>&nbsp;<\/p>\n<p>&nbsp;<\/p>\n<p>&nbsp;<\/p>\n<p>&nbsp;<\/p>\n<p>&nbsp;<\/p>\n<p>&nbsp;<\/p>\n<p>&nbsp;<\/p>\n<p>&nbsp;<\/p>\n<p>&nbsp;<\/p>\n<p>&nbsp;<\/p>\n<p>&nbsp;<\/p>\n<p>&nbsp;<\/p>\n<p>&nbsp;<\/p>\n<p>&nbsp;<\/p>\n<p>&nbsp;<\/p>\n<p>&nbsp;<\/p>\n<p>&nbsp;<\/p>\n<p>&nbsp;<\/p>\n<p>&nbsp;<\/p>\n<p>&nbsp;<\/p>\n<p>&nbsp;<\/p>\n<p>&nbsp;<\/p>\n<p>&nbsp;<\/p>\n<p>&nbsp;<\/p>\n<p>&nbsp;<\/p>\n<h2>&nbsp;<\/h2>\n<h2>&nbsp;<\/h2>\n<h2>&nbsp;<\/h2>\n<h2>&nbsp;<\/h2>\n<h2>&nbsp;<\/h2>\n<p>&nbsp;<\/p>\n<p>&nbsp;<\/p>\n<p>&nbsp;<\/p>\n<p>&nbsp;<\/p>\n<h2>&nbsp;<\/h2>\n<h2>&nbsp;<\/h2>\n<h2><strong><br \/>\nTren\u00e9\u0159i \u017eactva:<\/strong><\/h2>\n<table>\n<tbody>\n<tr>\n<td style=\"width: 150px;\">&nbsp;<img decoding=\"async\" loading=\"lazy\" class=\"aligncenter wp-image-20200 size-thumbnail\" src=\"https:\/\/old.atletikaolomouc.cz\/wp-content\/uploads\/2020\/10\/gieselov\u00e1-150x150.jpg\" alt=\"\" width=\"150\" height=\"150\" srcset=\"https:\/\/old.atletikaolomouc.cz\/wp-content\/uploads\/2020\/10\/gieselov\u00e1-150x150.jpg 150w, https:\/\/old.atletikaolomouc.cz\/wp-content\/uploads\/2020\/10\/gieselov\u00e1-300x300.jpg 300w, https:\/\/old.atletikaolomouc.cz\/wp-content\/uploads\/2020\/10\/gieselov\u00e1.jpg 395w\" sizes=\"(max-width: 150px) 100vw, 150px\" \/><\/td>\n<td style=\"width: 269px;\"><strong>Gieselov\u00e1 Michaela<br \/>\n<\/strong>tel: 774 867 409<br \/>\ne-mail:&nbsp;<a href=\"mailto:misagieselova@seznam.cz\">misagieselova@seznam.cz<\/a><br \/>\nTren\u00e9rka \u017eactva<\/td>\n<\/tr>\n<tr>\n<td style=\"width: 150px;\"><a href=\"http:\/\/www.atletikaolomouc.cz\/wp-content\/uploads\/2020\/10\/IMG_2850-kopie.jpg\"><img decoding=\"async\" loading=\"lazy\" class=\"aligncenter wp-image-20298 size-thumbnail\" src=\"https:\/\/old.atletikaolomouc.cz\/wp-content\/uploads\/2020\/10\/IMG_2850-kopie-150x150.jpg\" alt=\"\" width=\"150\" height=\"150\" srcset=\"https:\/\/old.atletikaolomouc.cz\/wp-content\/uploads\/2020\/10\/IMG_2850-kopie-150x150.jpg 150w, https:\/\/old.atletikaolomouc.cz\/wp-content\/uploads\/2020\/10\/IMG_2850-kopie-300x300.jpg 300w, https:\/\/old.atletikaolomouc.cz\/wp-content\/uploads\/2020\/10\/IMG_2850-kopie-768x768.jpg 768w, https:\/\/old.atletikaolomouc.cz\/wp-content\/uploads\/2020\/10\/IMG_2850-kopie-600x600.jpg 600w, https:\/\/old.atletikaolomouc.cz\/wp-content\/uploads\/2020\/10\/IMG_2850-kopie.jpg 1542w\" sizes=\"(max-width: 150px) 100vw, 150px\" \/><\/a><\/td>\n<td style=\"width: 269px;\"><strong>Grulichov\u00e1 Adriana<br \/>\n<\/strong>tel: 777 046 702<br \/>\ne-mail: <a href=\"mailto:adri.grulichova@seznam.cz\">adri.grulichova@seznam.cz<\/a><br \/>\nTren\u00e9rka III. t\u0159\u00eddy<\/td>\n<\/tr>\n<tr>\n<td style=\"width: 150px;\"><a href=\"https:\/\/www.atletikaolomouc.cz\/wp-content\/uploads\/2022\/04\/jakub-h\u00e9\u017ea.jpg\"><img decoding=\"async\" loading=\"lazy\" class=\"aligncenter wp-image-33498 size-thumbnail\" src=\"https:\/\/old.atletikaolomouc.cz\/wp-content\/uploads\/2022\/04\/jakub-h\u00e9\u017ea-150x150.jpg\" alt=\"\" width=\"150\" height=\"150\" srcset=\"https:\/\/old.atletikaolomouc.cz\/wp-content\/uploads\/2022\/04\/jakub-h\u00e9\u017ea-150x150.jpg 150w, https:\/\/old.atletikaolomouc.cz\/wp-content\/uploads\/2022\/04\/jakub-h\u00e9\u017ea-300x300.jpg 300w, https:\/\/old.atletikaolomouc.cz\/wp-content\/uploads\/2022\/04\/jakub-h\u00e9\u017ea-768x768.jpg 768w, https:\/\/old.atletikaolomouc.cz\/wp-content\/uploads\/2022\/04\/jakub-h\u00e9\u017ea-600x600.jpg 600w, https:\/\/old.atletikaolomouc.cz\/wp-content\/uploads\/2022\/04\/jakub-h\u00e9\u017ea-144x144.jpg 144w\" sizes=\"(max-width: 150px) 100vw, 150px\" \/><\/a><\/td>\n<td style=\"width: 269px;\"><strong>Jakub H\u00e9\u017ea<br \/>\n<\/strong>specializace: vrhy<strong><br \/>\n<\/strong>tel:&nbsp;777 219 927<strong><br \/>\n<\/strong>email:&nbsp;<a class=\"text-secondary\" href=\"mailto:j.heza@seznam.cz\">j.heza@seznam.cz<\/a><br \/>\nTren\u00e9r \u017eactva<\/td>\n<\/tr>\n<tr>\n<td style=\"width: 150px;\"><a href=\"http:\/\/www.atletikaolomouc.cz\/wp-content\/uploads\/2011\/08\/So\u0148a-Lisn\u00edkov\u00e1.jpg\"><img decoding=\"async\" loading=\"lazy\" class=\"aligncenter wp-image-10802 size-thumbnail\" src=\"https:\/\/old.atletikaolomouc.cz\/wp-content\/uploads\/2011\/08\/So\u0148a-Lisn\u00edkov\u00e1-150x150.jpg\" alt=\"\" width=\"150\" height=\"150\"><\/a><\/td>\n<td style=\"width: 269px;\"><strong>Lisn\u00edkov\u00e1 So\u0148a<br \/>\n<\/strong>tel:&nbsp;605 080 881<br \/>\ne-mail: <a href=\"mailto:sona.lisnikova@seznam.cz\">sona.lisnikova@seznam.cz<\/a><br \/>\nTren\u00e9rka \u017eactva<\/td>\n<\/tr>\n<tr>\n<td style=\"width: 150px;\"><a href=\"http:\/\/www.atletikaolomouc.cz\/wp-content\/uploads\/2020\/10\/vychodil.jpg\"><img decoding=\"async\" loading=\"lazy\" class=\"aligncenter wp-image-20213 size-thumbnail\" src=\"https:\/\/old.atletikaolomouc.cz\/wp-content\/uploads\/2020\/10\/vychodil-150x150.jpg\" alt=\"\" width=\"150\" height=\"150\" srcset=\"https:\/\/old.atletikaolomouc.cz\/wp-content\/uploads\/2020\/10\/vychodil-150x150.jpg 150w, https:\/\/old.atletikaolomouc.cz\/wp-content\/uploads\/2020\/10\/vychodil-300x300.jpg 300w, https:\/\/old.atletikaolomouc.cz\/wp-content\/uploads\/2020\/10\/vychodil.jpg 528w\" sizes=\"(max-width: 150px) 100vw, 150px\" \/><\/a><\/td>\n<td style=\"width: 269px;\"><strong>Vychodil Jaroslav<br \/>\n<\/strong>tel: 739 130 929<br \/>\ne-mail:&nbsp;<a href=\"mailto:jaroslavvychodil@email.cz\">jaroslavvychodil@email.cz<\/a><br \/>\nTren\u00e9r \u017eactva<\/td>\n<\/tr>\n<tr>\n<td style=\"width: 150px;\"><a href=\"https:\/\/www.atletikaolomouc.cz\/wp-content\/uploads\/2021\/11\/zatloukalov\u00e1.jpg\"><img decoding=\"async\" loading=\"lazy\" class=\"aligncenter wp-image-32691 size-thumbnail\" src=\"https:\/\/old.atletikaolomouc.cz\/wp-content\/uploads\/2021\/11\/zatloukalov\u00e1-150x150.jpg\" alt=\"\" width=\"150\" height=\"150\" srcset=\"https:\/\/old.atletikaolomouc.cz\/wp-content\/uploads\/2021\/11\/zatloukalov\u00e1-150x150.jpg 150w, https:\/\/old.atletikaolomouc.cz\/wp-content\/uploads\/2021\/11\/zatloukalov\u00e1-300x300.jpg 300w, https:\/\/old.atletikaolomouc.cz\/wp-content\/uploads\/2021\/11\/zatloukalov\u00e1-768x768.jpg 768w, https:\/\/old.atletikaolomouc.cz\/wp-content\/uploads\/2021\/11\/zatloukalov\u00e1-600x600.jpg 600w, https:\/\/old.atletikaolomouc.cz\/wp-content\/uploads\/2021\/11\/zatloukalov\u00e1-144x144.jpg 144w, https:\/\/old.atletikaolomouc.cz\/wp-content\/uploads\/2021\/11\/zatloukalov\u00e1.jpg 1056w\" sizes=\"(max-width: 150px) 100vw, 150px\" \/><\/a><\/td>\n<td style=\"width: 269px;\"><strong>Zatloukalov\u00e1 Barbora<br \/>\n<\/strong>tel:&nbsp;605 438 344<br \/>\ne-mail:&nbsp;<a href=\"mailto:%20z.bara1@seznam.cz\">z.bara1@seznam.cz<\/a><br \/>\nTren\u00e9rka \u017eactva<\/td>\n<\/tr>\n<\/tbody>\n<\/table>\n<h2><strong><br \/>\nTren\u00e9\u0159i p\u0159\u00edpravek <span style=\"text-decoration: underline;\"><a href=\"http:\/\/www.atletikaolomouc.cz\/?page_id=981\" target=\"_blank\" rel=\"noopener\">zde<\/a><\/span><\/strong><\/h2>\n","protected":false},"excerpt":{"rendered":"<p>Tren\u00e9\u0159i specialist\u00e9:\u200b \u200b\u200b\u200b\u200b\u200b &nbsp; Uhl\u00ed\u0159 David \u0161\u00e9tren\u00e9r \u017eactva tel: 737 572 927 email: daviduhl@post.cz Tren\u00e9r I. t\u0159\u00eddy Jerou\u0161kov\u00e1 Tatjana specializace: skok do v\u00fd\u0161ky tel: 736 723 612 email: tatjanajerouskova@seznam.cz Tren\u00e9r I. t\u0159\u00eddy &nbsp; Kalas Libor specializace: tren\u00e9r sportovn\u00edch t\u0159\u00edd tel: &hellip; <a href=\"https:\/\/old.atletikaolomouc.cz\/?page_id=199\">Continue reading <span class=\"meta-nav\">&rarr;<\/span><\/a><\/p>\n","protected":false},"author":1,"featured_media":0,"parent":861,"menu_order":0,"comment_status":"closed","ping_status":"closed","template":"","meta":{"ngg_post_thumbnail":0},"_links":{"self":[{"href":"https:\/\/old.atletikaolomouc.cz\/index.php?rest_route=\/wp\/v2\/pages\/199"}],"collection":[{"href":"https:\/\/old.atletikaolomouc.cz\/index.php?rest_route=\/wp\/v2\/pages"}],"about":[{"href":"https:\/\/old.atletikaolomouc.cz\/index.php?rest_route=\/wp\/v2\/types\/page"}],"author":[{"embeddable":true,"href":"https:\/\/old.atletikaolomouc.cz\/index.php?rest_route=\/wp\/v2\/users\/1"}],"replies":[{"embeddable":true,"href":"https:\/\/old.atletikaolomouc.cz\/index.php?rest_route=%2Fwp%2Fv2%2Fcomments&post=199"}],"version-history":[{"count":92,"href":"https:\/\/old.atletikaolomouc.cz\/index.php?rest_route=\/wp\/v2\/pages\/199\/revisions"}],"predecessor-version":[{"id":36550,"href":"https:\/\/old.atletikaolomouc.cz\/index.php?rest_route=\/wp\/v2\/pages\/199\/revisions\/36550"}],"up":[{"embeddable":true,"href":"https:\/\/old.atletikaolomouc.cz\/index.php?rest_route=\/wp\/v2\/pages\/861"}],"wp:attachment":[{"href":"https:\/\/old.atletikaolomouc.cz\/index.php?rest_route=%2Fwp%2Fv2%2Fmedia&parent=199"}],"curies":[{"name":"wp","href":"https:\/\/api.w.org\/{rel}","templated":true}]}}