{"id":206,"date":"2011-06-29T11:10:04","date_gmt":"2011-06-29T09:10:04","guid":{"rendered":"http:\/\/bagr.blackserver.cz\/atletika.cz\/?page_id=206"},"modified":"2023-01-12T13:17:50","modified_gmt":"2023-01-12T12:17:50","slug":"sponzori","status":"publish","type":"page","link":"https:\/\/old.atletikaolomouc.cz\/?page_id=206","title":{"rendered":"Partne\u0159i"},"content":{"rendered":"<table>\r\n<tbody>\r\n<tr>\r\n<td>\r\n<p style=\"text-align: center;\"><a href=\"https:\/\/old.atletikaolomouc.cz\/wp-content\/uploads\/2011\/06\/OL.jpg\"><img decoding=\"async\" loading=\"lazy\" class=\"aligncenter wp-image-1306 size-full\" title=\"Olomouc\" src=\"https:\/\/old.atletikaolomouc.cz\/wp-content\/uploads\/2011\/06\/OL.jpg\" alt=\"Olomouc\" width=\"200\" height=\"95\"><\/a><\/p>\r\n<\/td>\r\n<td><a href=\"http:\/\/www.olomouc.eu\" target=\"_blank\" rel=\"noopener\">M\u011bsto Olomouc<\/a><\/td>\r\n<\/tr>\r\n<tr>\r\n<td><a href=\"https:\/\/old.atletikaolomouc.cz\/wp-content\/uploads\/2011\/06\/olomoucky-kraj-logo.jpg\"><img decoding=\"async\" loading=\"lazy\" class=\"aligncenter wp-image-1309 size-full\" title=\"Olomoucky kraj\" src=\"https:\/\/old.atletikaolomouc.cz\/wp-content\/uploads\/2011\/06\/olomoucky-kraj-logo.jpg\" alt=\"Olomoucky kraj\" width=\"200\" height=\"67\"><\/a><\/td>\r\n<td><a href=\"http:\/\/www.kr-olomoucky.cz\/\" target=\"_blank\" rel=\"noopener\">Olomouck\u00fd kraj<\/a><\/td>\r\n<\/tr>\r\n<tr>\r\n<td><a href=\"https:\/\/old.atletikaolomouc.cz\/wp-content\/uploads\/2011\/06\/skupina_cez.jpg\"><img decoding=\"async\" loading=\"lazy\" class=\"aligncenter wp-image-2463 size-medium\" title=\"skupina_cez\" src=\"https:\/\/old.atletikaolomouc.cz\/wp-content\/uploads\/2011\/06\/skupina_cez-300x211.jpg\" alt=\"\" width=\"300\" height=\"211\" srcset=\"https:\/\/old.atletikaolomouc.cz\/wp-content\/uploads\/2011\/06\/skupina_cez-300x211.jpg 300w, https:\/\/old.atletikaolomouc.cz\/wp-content\/uploads\/2011\/06\/skupina_cez-800x565.jpg 800w, https:\/\/old.atletikaolomouc.cz\/wp-content\/uploads\/2011\/06\/skupina_cez.jpg 1363w\" sizes=\"(max-width: 300px) 100vw, 300px\" \/><\/a><\/td>\r\n<td><a href=\"http:\/\/www.cez.cz\/cs\/uvod.html\" target=\"_blank\" rel=\"noopener\">Skupina \u010cEZ<\/a><\/td>\r\n<\/tr>\r\n<tr>\r\n<td><a href=\"http:\/\/old.atletikaolomouc.cz\/wp-content\/uploads\/2011\/06\/nadace_cez_2.jpg\"><img decoding=\"async\" loading=\"lazy\" class=\"aligncenter wp-image-4592 size-full\" title=\"nadace_cez_2\" src=\"https:\/\/old.atletikaolomouc.cz\/wp-content\/uploads\/2011\/06\/nadace_cez_2.jpg\" alt=\"\" width=\"200\" height=\"152\"><\/a><\/td>\r\n<td><a href=\"http:\/\/www.nadacecez.cz\/cs\/uvod.html\" target=\"_blank\" rel=\"noopener\">Nadace \u010cEZ<\/a><\/td>\r\n<\/tr>\r\n<tr>\r\n<td><a href=\"https:\/\/old.atletikaolomouc.cz\/wp-content\/uploads\/2011\/06\/\u010deps.jpg\"><img decoding=\"async\" loading=\"lazy\" class=\"aligncenter size-full wp-image-1317\" src=\"https:\/\/old.atletikaolomouc.cz\/wp-content\/uploads\/2011\/06\/\u010deps.jpg\" alt=\"\u010deps\" width=\"200\" height=\"97\"><\/a><\/td>\r\n<td><a href=\"http:\/\/www.ceps.cz\/\" target=\"_blank\" rel=\"noopener\">\u010cEPS<\/a><\/td>\r\n<\/tr>\r\n<tr>\r\n<td><a href=\"https:\/\/old.atletikaolomouc.cz\/wp-content\/uploads\/2011\/06\/denik.png\"><img decoding=\"async\" loading=\"lazy\" class=\"aligncenter wp-image-1319 size-full\" title=\"denik\" src=\"https:\/\/old.atletikaolomouc.cz\/wp-content\/uploads\/2011\/06\/denik.png\" alt=\"\" width=\"200\" height=\"79\"><\/a><\/td>\r\n<td><a href=\"http:\/\/olomoucky.denik.cz\/\" target=\"_blank\" rel=\"noopener\">Olomouck\u00fd&nbsp;Den\u00edk<\/a><\/td>\r\n<\/tr>\r\n<tr>\r\n<td>&nbsp;<a href=\"https:\/\/old.atletikaolomouc.cz\/wp-content\/uploads\/2011\/06\/logo_RH.jpg\"><img decoding=\"async\" loading=\"lazy\" class=\"aligncenter wp-image-5747 size-medium\" title=\"logo_RH\" src=\"https:\/\/old.atletikaolomouc.cz\/wp-content\/uploads\/2011\/06\/logo_RH-300x164.jpg\" alt=\"\" width=\"300\" height=\"164\" srcset=\"https:\/\/old.atletikaolomouc.cz\/wp-content\/uploads\/2011\/06\/logo_RH-300x164.jpg 300w, https:\/\/old.atletikaolomouc.cz\/wp-content\/uploads\/2011\/06\/logo_RH.jpg 600w\" sizes=\"(max-width: 300px) 100vw, 300px\" \/><\/a><\/td>\r\n<td>&nbsp;<a href=\"http:\/\/www.radiohana.cz\" target=\"_blank\" rel=\"noopener\">R\u00e1dio Han\u00e1<\/a><\/td>\r\n<\/tr>\r\n<tr>\r\n<td>&nbsp;<a href=\"http:\/\/old.atletikaolomouc.cz\/wp-content\/uploads\/2011\/06\/msmt.jpg\"><img decoding=\"async\" loading=\"lazy\" class=\"wp-image-9752 size-full aligncenter\" title=\"msmt\" src=\"https:\/\/old.atletikaolomouc.cz\/wp-content\/uploads\/2011\/06\/msmt.jpg\" alt=\"\" width=\"200\" height=\"99\"><\/a><\/td>\r\n<td>&nbsp;<a href=\"http:\/\/www.msmt.cz\" target=\"_blank\" rel=\"noopener\">M\u0160MT<\/a><\/td>\r\n<\/tr>\r\n<tr>\r\n<td><a href=\"http:\/\/old.atletikaolomouc.cz\/wp-content\/uploads\/2011\/06\/logo_caths_200.jpg\"><img decoding=\"async\" loading=\"lazy\" class=\"wp-image-9787 size-full aligncenter\" title=\"logo_caths_200\" src=\"https:\/\/old.atletikaolomouc.cz\/wp-content\/uploads\/2011\/06\/logo_caths_200.jpg\" alt=\"\" width=\"200\" height=\"88\"><\/a><\/td>\r\n<td>\r\n<p><a href=\"http:\/\/www.caths.cz\" target=\"_blank\" rel=\"noopener\">\u010cesk\u00e1 asociace t\u011blesn\u011b<br>handicapovan\u00fdch sportovc\u016f<\/a>&nbsp;<\/p>\r\n<\/td>\r\n<\/tr>\r\n<tr>\r\n<td><a href=\"https:\/\/old.atletikaolomouc.cz\/wp-content\/uploads\/2020\/12\/kompre200.jpg\"><img decoding=\"async\" loading=\"lazy\" class=\"aligncenter wp-image-20583 size-full\" src=\"https:\/\/old.atletikaolomouc.cz\/wp-content\/uploads\/2020\/12\/kompre200.jpg\" alt=\"\" width=\"200\" height=\"102\"><\/a><\/td>\r\n<td>\r\n<p><a href=\"https:\/\/www.kompre.cz\" target=\"_blank\" rel=\"noopener\">Kompre<\/a><\/p>\r\n<\/td>\r\n<\/tr>\r\n<\/tbody>\r\n<\/table>\r\n\r\n<p>&nbsp;<\/p>\r\n","protected":false},"excerpt":{"rendered":"<p>M\u011bsto Olomouc Olomouck\u00fd kraj Skupina \u010cEZ Nadace \u010cEZ \u010cEPS Olomouck\u00fd&nbsp;Den\u00edk &nbsp; &nbsp;R\u00e1dio Han\u00e1 &nbsp; &nbsp;M\u0160MT \u010cesk\u00e1 asociace t\u011blesn\u011bhandicapovan\u00fdch sportovc\u016f&nbsp; Kompre &nbsp;<\/p>\n","protected":false},"author":1,"featured_media":0,"parent":861,"menu_order":0,"comment_status":"closed","ping_status":"closed","template":"","meta":{"ngg_post_thumbnail":0},"_links":{"self":[{"href":"https:\/\/old.atletikaolomouc.cz\/index.php?rest_route=\/wp\/v2\/pages\/206"}],"collection":[{"href":"https:\/\/old.atletikaolomouc.cz\/index.php?rest_route=\/wp\/v2\/pages"}],"about":[{"href":"https:\/\/old.atletikaolomouc.cz\/index.php?rest_route=\/wp\/v2\/types\/page"}],"author":[{"embeddable":true,"href":"https:\/\/old.atletikaolomouc.cz\/index.php?rest_route=\/wp\/v2\/users\/1"}],"replies":[{"embeddable":true,"href":"https:\/\/old.atletikaolomouc.cz\/index.php?rest_route=%2Fwp%2Fv2%2Fcomments&post=206"}],"version-history":[{"count":40,"href":"https:\/\/old.atletikaolomouc.cz\/index.php?rest_route=\/wp\/v2\/pages\/206\/revisions"}],"predecessor-version":[{"id":36547,"href":"https:\/\/old.atletikaolomouc.cz\/index.php?rest_route=\/wp\/v2\/pages\/206\/revisions\/36547"}],"up":[{"embeddable":true,"href":"https:\/\/old.atletikaolomouc.cz\/index.php?rest_route=\/wp\/v2\/pages\/861"}],"wp:attachment":[{"href":"https:\/\/old.atletikaolomouc.cz\/index.php?rest_route=%2Fwp%2Fv2%2Fmedia&parent=206"}],"curies":[{"name":"wp","href":"https:\/\/api.w.org\/{rel}","templated":true}]}}