{"id":31122,"date":"2021-07-10T17:18:43","date_gmt":"2021-07-10T15:18:43","guid":{"rendered":"https:\/\/www.atletikaolomouc.cz\/?page_id=31122"},"modified":"2022-12-13T13:46:21","modified_gmt":"2022-12-13T12:46:21","slug":"prihlaska-do-atletickych-pripravek-2021-2022","status":"publish","type":"page","link":"https:\/\/old.atletikaolomouc.cz\/?page_id=31122","title":{"rendered":"P\u0159ihl\u00e1\u0161ka do atletick\u00fdch p\u0159\u00edpravek 2021\/2022"},"content":{"rendered":"<div class=\"main-col order-2 space-y-6 md:space-y-8 lg:col-span-6\">\n<div class=\"bg-white -mx-2.5 -mt-8 sm:-mx-3 md:m-0 lg:rounded\">\n<div class=\"page-content prose max-w-full px-2.5 py-4 md:p-6 lg:p-8 pt-0 md:pt-0 lg:pt-0\">\n<p><span style=\"font-size: 14pt;\"><strong>P\u0159ihl\u00e1\u0161ky do p\u0159\u00edpravek na dan\u00fd \u0161koln\u00ed rok prob\u00edhaj\u00ed v\u017edy v pr\u016fb\u011bhu \u010dervence a srpna.<\/strong><\/span><\/p>\n<p><span style=\"font-size: 12pt;\"><strong>V p\u0159\u00edpad\u011b z\u00e1jmu o mo\u017en\u00e1 voln\u00e1 m\u00edsta v pr\u016fb\u011bhu \u0161koln\u00edho roku kontaktujte&nbsp;Tom\u00e1\u0161e Do\u010dkala, \u0161\u00e9ftren\u00e9ra p\u0159\u00edpravek na tel. \u010d. 725 752 767.<\/strong><\/span><\/p>\n<\/div>\n<\/div>\n<\/div>\n<p style=\"text-align: justify;\"><strong>Z\u00e1kladn\u00ed informace:<\/strong><br \/>\nC\u00edlem Atletick\u00e9 p\u0159\u00edpravky je v\u0161estrann\u00fd rozvoj z\u00e1kladn\u00edch pohybov\u00fdch schopnost\u00ed, zvl\u00e1dnut\u00ed co nejv\u011bt\u0161\u00edho mno\u017estv\u00ed pohybov\u00fdch dovednost\u00ed, z\u00e1klady atletick\u00fdch discipl\u00edn, m\u00ed\u010dov\u00fdch her, gymnastiky apod. Na\u0161im c\u00edlem je zajistit pro d\u011bti optim\u00e1ln\u00ed t\u011blesn\u00fd a v\u00fdkonnostn\u00edm v\u00fdvoj tak, aby nedoch\u00e1zelo k p\u0159ed\u010dasn\u00e9 specializaci a pozd\u011bj\u0161\u00edmu p\u0159esycen\u00ed sportov\u00e1n\u00edm. Z\u00e1rove\u0148 v\u0161ak chceme talentovan\u00fdm d\u011btem p\u0159edstavit atletiku jako sport, kter\u00e9mu by se pozd\u011bji mohly v\u011bnovat na v\u00fdkonnostn\u00ed \u00farovni. Tr\u00e9ninky prob\u00edhaj\u00ed na atletick\u00e9m stadionu TJ Lokomotiva Olomouc a na h\u0159i\u0161t\u00edch Z\u0160 Heyrovsk\u00e9ho a Gymn\u00e1zia Hej\u010d\u00edn. V zim\u011b pak v t\u011blocvi\u010dn\u00e1ch dle dan\u00e9ho rozpisu.<br \/>\nV\u00fdb\u011brov\u00e9 skupiny jsou obsazov\u00e1ny d\u011btmi, kter\u00e9 jsou vytipov\u00e1ni tren\u00e9rem, na z\u00e1klad\u011b v\u00fdsledk\u016f z\u00e1vod\u016f, test\u016f a kter\u00e9 by mohly m\u00edt v\u011bt\u0161\u00ed p\u0159edpoklady pro v\u00fdkonnostn\u00ed atletiku v pozd\u011bj\u0161\u00edch letech. D\u011bti mohou b\u00fdt do t\u011bchto skupin vybr\u00e1ny kdykoliv v pr\u016fb\u011bhu roku. V t\u00e9to souvislosti budeme v\u017edy postupovat v sou\u010dinnosti s rodi\u010di. Tr\u00e9ninkov\u00e1 n\u00e1pl\u0148 z\u016fst\u00e1v\u00e1 prakticky stejn\u00e1, jen s v\u011bt\u0161\u00edm d\u016frazem na z\u00e1klady atletick\u00fdch discipl\u00edn a sout\u011b\u017eivost.<br \/>\nPo skon\u010den\u00ed doch\u00e1zky do atletick\u00fdch p\u0159\u00edpravek mohou b\u00fdt d\u011bti za\u0159azeny do tr\u00e9ninkov\u00fdch skupin mlad\u0161\u00edho \u017eactva.<\/p>\n<h2><span style=\"text-decoration: underline;\"><span style=\"color: #ff0000;\"><span style=\"font-size: 14pt;\"><strong><span style=\"color: #ff0000; font-size: 14pt;\"><span style=\"text-decoration: underline; color: #ff0000;\">\u00dahrada n\u00e1klad\u016f spojen\u00fdch s v\u00fdukou d\u011bt\u00ed, materi\u00e1ln\u00edm zajist\u011bn\u00edm a po\u0159\u00e1d\u00e1n\u00edm akc\u00ed pro d\u011bti:<\/span><\/span><\/strong><\/span><\/span><\/span><\/h2>\n<p><span style=\"font-size: 12pt;\"><strong>Platba V\u00e1m bude bude za\u010d\u00e1tkem \u0161koln\u00edho roku vygenerov\u00e1na v klubov\u00e9 sekci EOS, pot\u00e9 V\u00e1m do emailu p\u0159ijde upozorn\u011bn\u00ed na novou platbu.<\/strong><\/span><\/p>\n<table style=\"height: 333px; width: 544px;\" border=\"1\">\n<tbody>\n<tr style=\"height: 32px;\">\n<td style=\"height: 32px; width: 534.8px;\" colspan=\"2\"><strong>Skupina \u201eAtletick\u00e9 \u0161kolky\u201c (1x t\u00fddn\u011b 60 minut)<\/strong><\/td>\n<\/tr>\n<tr style=\"height: 60px;\">\n<td style=\"height: 60px; width: 418.938px;\">Platba na cel\u00fd \u0161koln\u00ed rok:<\/td>\n<td style=\"height: 60px; width: 110.262px;\">3550 K\u010d \/ 1 d\u00edt\u011b<\/td>\n<\/tr>\n<tr style=\"height: 60px;\">\n<td style=\"height: 60px; width: 534.8px;\" colspan=\"2\"><strong>Skupiny \u201eMal\u00e9 p\u0159\u00edpravky\u201c, \u201eVelk\u00e9 p\u0159\u00edpravky\u201c a \u201eV\u00fdb\u011brov\u00e9 skupiny\u201c(2x t\u00fddn\u011b 90 minut)<\/strong><\/td>\n<\/tr>\n<tr style=\"height: 60px;\">\n<td style=\"height: 60px; width: 418.938px;\">Platba na cel\u00fd \u0161koln\u00ed rok:<\/td>\n<td style=\"height: 60px; width: 110.262px;\">4500 K\u010d \/ 1 d\u00edt\u011b<\/td>\n<\/tr>\n<tr style=\"height: 32px;\">\n<td style=\"height: 32px; width: 418.938px;\"><strong>Skupiny Velk\u00fd T\u00fdnec (1x t\u00fddn\u011b)<\/strong><\/td>\n<td style=\"height: 32px; width: 110.262px;\">&nbsp;<\/td>\n<\/tr>\n<tr style=\"height: 92px;\">\n<td style=\"width: 418.938px; height: 10px;\">Platba na cel\u00fd \u0161koln\u00ed rok:<\/td>\n<td style=\"height: 10px; width: 110.262px;\">2400 K\u010d \/ 1 d\u00edt\u011b<\/td>\n<\/tr>\n<tr style=\"height: 32px;\">\n<td style=\"width: 418.938px; height: 32px;\"><strong>Skupiny Velk\u00fd T\u00fdnec (2x t\u00fddn\u011b)<\/strong><\/td>\n<td style=\"width: 110.262px; height: 32px;\">&nbsp;<\/td>\n<\/tr>\n<tr style=\"height: 92px;\">\n<td style=\"width: 418.938px; height: 47px;\">Platba na cel\u00fd \u0161koln\u00ed rok:<\/td>\n<td style=\"width: 110.262px; height: 47px;\">3200 K\u010d \/ 1 d\u00edt\u011b<\/td>\n<\/tr>\n<\/tbody>\n<\/table>\n<p style=\"text-align: justify;\">&nbsp;<\/p>\n<p style=\"text-align: justify;\"><strong>GDPR:<br \/>\n<\/strong><em>Atletick\u00fd klub Olomouc z. s. je spr\u00e1vcem osobn\u00edch \u00fadaj\u016f ve smyslu Na\u0159\u00edzen\u00ed EP a Rady (EU) 2016\/679 ze dne 27. 4. 2016. K uplatn\u011bn\u00ed pr\u00e1v v oblasti osobn\u00edch \u00fadaj\u016f je mo\u017en\u00e9 se obracet prost\u0159ednictv\u00edm e-mailu: info@atletikaolomouc.cz nebo na koresponden\u010dn\u00ed adrese klubu. Uveden\u00fdmi zp\u016fsoby je mo\u017en\u00e9 se v relevantn\u00edch p\u0159\u00edpadech na spr\u00e1vce obracet za \u00fa\u010delem uplatn\u011bn\u00ed pr\u00e1va na p\u0159\u00edstup k osobn\u00edm \u00fadaj\u016fm, jejich opravu nebo v\u00fdmaz, pop\u0159\u00edpad\u011b omezen\u00ed zpracov\u00e1n\u00ed, vzn\u00e9st n\u00e1mitku proti zpracov\u00e1n\u00ed, jako\u017e i p\u0159i uplatn\u011bn\u00ed pr\u00e1va na p\u0159enositelnost \u00fadaj\u016f a dal\u0161\u00edch pr\u00e1v podle obecn\u00e9ho na\u0159\u00edzen\u00ed o ochran\u011b osobn\u00edch \u00fadaj\u016f. Shora uveden\u00fdmi zp\u016fsoby se mohou subjekty na spr\u00e1vce obracet v p\u0159\u00edpad\u011b \u00fadaj\u016f zpracov\u00e1van\u00fdch na z\u00e1klad\u011b souhlasu rovn\u011b\u017e za \u00fa\u010delem odvol\u00e1n\u00edm souhlasu se zpracov\u00e1n\u00edm osobn\u00edch \u00fadaj\u016f.<\/em><\/p>\n","protected":false},"excerpt":{"rendered":"<p>P\u0159ihl\u00e1\u0161ky do p\u0159\u00edpravek na dan\u00fd \u0161koln\u00ed rok prob\u00edhaj\u00ed v\u017edy v pr\u016fb\u011bhu \u010dervence a srpna. V p\u0159\u00edpad\u011b z\u00e1jmu o mo\u017en\u00e1 voln\u00e1 m\u00edsta v pr\u016fb\u011bhu \u0161koln\u00edho roku kontaktujte&nbsp;Tom\u00e1\u0161e Do\u010dkala, \u0161\u00e9ftren\u00e9ra p\u0159\u00edpravek na tel. \u010d. 725 752 767. Z\u00e1kladn\u00ed informace: C\u00edlem Atletick\u00e9 p\u0159\u00edpravky &hellip; <a href=\"https:\/\/old.atletikaolomouc.cz\/?page_id=31122\">Continue reading <span class=\"meta-nav\">&rarr;<\/span><\/a><\/p>\n","protected":false},"author":14,"featured_media":0,"parent":0,"menu_order":0,"comment_status":"closed","ping_status":"closed","template":"","meta":{"ngg_post_thumbnail":0},"_links":{"self":[{"href":"https:\/\/old.atletikaolomouc.cz\/index.php?rest_route=\/wp\/v2\/pages\/31122"}],"collection":[{"href":"https:\/\/old.atletikaolomouc.cz\/index.php?rest_route=\/wp\/v2\/pages"}],"about":[{"href":"https:\/\/old.atletikaolomouc.cz\/index.php?rest_route=\/wp\/v2\/types\/page"}],"author":[{"embeddable":true,"href":"https:\/\/old.atletikaolomouc.cz\/index.php?rest_route=\/wp\/v2\/users\/14"}],"replies":[{"embeddable":true,"href":"https:\/\/old.atletikaolomouc.cz\/index.php?rest_route=%2Fwp%2Fv2%2Fcomments&post=31122"}],"version-history":[{"count":32,"href":"https:\/\/old.atletikaolomouc.cz\/index.php?rest_route=\/wp\/v2\/pages\/31122\/revisions"}],"predecessor-version":[{"id":35969,"href":"https:\/\/old.atletikaolomouc.cz\/index.php?rest_route=\/wp\/v2\/pages\/31122\/revisions\/35969"}],"wp:attachment":[{"href":"https:\/\/old.atletikaolomouc.cz\/index.php?rest_route=%2Fwp%2Fv2%2Fmedia&parent=31122"}],"curies":[{"name":"wp","href":"https:\/\/api.w.org\/{rel}","templated":true}]}}