{"id":4,"date":"2011-06-06T07:20:47","date_gmt":"2011-06-06T05:20:47","guid":{"rendered":"http:\/\/atletika.localhost\/?page_id=4"},"modified":"2023-01-12T13:28:55","modified_gmt":"2023-01-12T12:28:55","slug":"vedeni-klubu","status":"publish","type":"page","link":"https:\/\/old.atletikaolomouc.cz\/?page_id=4","title":{"rendered":"Veden\u00ed klubu"},"content":{"rendered":"<h2>Atletick\u00fd klub Olomouc<\/h2>\n<p>T\u0159. 17. listopadu 3<br \/>\nCZ-77200 Olomouc<\/p>\n<p>email: <a href=\"mailto:info@atletikaolomouc.cz\">info@atletikaolomouc.cz<\/a><br \/>\ntel: +420 585 224 676<\/p>\n<p>I\u010cO: 41031369<\/p>\n<p>bankovn\u00ed spojen\u00ed: Fio banka<br \/>\n\u010d\u00edslo \u00fa\u010dtu: 2101887455\/2010<br \/>\nIBAN: CZ22 2010 0000 0021 0188 7455<br \/>\nSWIFT-BIC: FIOBCZPPXXX<\/p>\n<p><strong>V\u00fdkonn\u00fd v\u00fdbor<\/strong>:<\/p>\n<table style=\"width: 640px; height: 817px;\">\n<colgroup>\n<col style=\"width: 200px;\"> <\/colgroup>\n<tbody>\n<tr>\n<td style=\"width: 200px;\"><a href=\"http:\/\/www.atletikaolomouc.cz\/wp-content\/uploads\/2011\/06\/Uhlir-David.jpg\"><img decoding=\"async\" loading=\"lazy\" class=\"alignleft wp-image-9975 size-full\" title=\"Uhlir David\" src=\"https:\/\/old.atletikaolomouc.cz\/wp-content\/uploads\/2011\/06\/Uhlir-David.jpg\" alt=\"\" width=\"150\" height=\"150\"><\/a><\/td>\n<td style=\"vertical-align: top; width: 432px;\"><strong>David Uhl\u00ed\u0159<\/strong><br \/>\np\u0159edseda klubu<br \/>\nvedouc\u00ed tren\u00e9r SpS<br \/>\n737 572 927<br \/>\ne-mail: <a href=\"mailto:daviduhl@post.cz\" target=\"_blank\" rel=\"noopener\">daviduhl@post.cz<\/a><\/td>\n<\/tr>\n<tr>\n<td style=\"width: 200px;\"><a href=\"http:\/\/www.atletikaolomouc.cz\/wp-content\/uploads\/2020\/10\/DSC_7830.jpg\"><img decoding=\"async\" loading=\"lazy\" class=\"alignleft wp-image-20398 size-thumbnail\" src=\"https:\/\/old.atletikaolomouc.cz\/wp-content\/uploads\/2020\/10\/DSC_7830-150x150.jpg\" alt=\"\" width=\"150\" height=\"150\" srcset=\"https:\/\/old.atletikaolomouc.cz\/wp-content\/uploads\/2020\/10\/DSC_7830-150x150.jpg 150w, https:\/\/old.atletikaolomouc.cz\/wp-content\/uploads\/2020\/10\/DSC_7830-300x300.jpg 300w, https:\/\/old.atletikaolomouc.cz\/wp-content\/uploads\/2020\/10\/DSC_7830-600x600.jpg 600w, https:\/\/old.atletikaolomouc.cz\/wp-content\/uploads\/2020\/10\/DSC_7830.jpg 676w\" sizes=\"(max-width: 150px) 100vw, 150px\" \/><\/a><\/td>\n<td style=\"vertical-align: top; width: 432px;\"><strong>RNDr. Drahoslav Do\u010dkal<\/strong><br \/>\nekonom klubu<br \/>\n608 668 855<br \/>\ne-mail: <a href=\"mailto:dockal@atletikaolomouc.cz\">dockal@atletikaolomouc.cz<\/a><\/td>\n<\/tr>\n<tr>\n<td style=\"width: 200px;\"><a href=\"http:\/\/www.atletikaolomouc.cz\/wp-content\/uploads\/2011\/06\/foto-p\u016fl.jpg\"><img decoding=\"async\" loading=\"lazy\" class=\"alignleft wp-image-8704 size-thumbnail\" title=\"foto p\u016fl\" src=\"https:\/\/old.atletikaolomouc.cz\/wp-content\/uploads\/2011\/06\/foto-p\u016fl-150x150.jpg\" alt=\"\" width=\"150\" height=\"150\" srcset=\"https:\/\/old.atletikaolomouc.cz\/wp-content\/uploads\/2011\/06\/foto-p\u016fl-150x150.jpg 150w, https:\/\/old.atletikaolomouc.cz\/wp-content\/uploads\/2011\/06\/foto-p\u016fl-300x300.jpg 300w, https:\/\/old.atletikaolomouc.cz\/wp-content\/uploads\/2011\/06\/foto-p\u016fl.jpg 413w\" sizes=\"(max-width: 150px) 100vw, 150px\" \/><\/a><\/td>\n<td style=\"vertical-align: top; width: 432px;\"><strong>Mgr. Pavel Vrzala<\/strong><br \/>\nmana\u017eer klubu<br \/>\n608 033 120<br \/>\ne-mail: <a href=\"mailto:p.vrzala@seznam.cz\">p.vrzala@seznam.cz<\/a><\/td>\n<\/tr>\n<tr>\n<td style=\"width: 200px;\"><a href=\"http:\/\/www.atletikaolomouc.cz\/wp-content\/uploads\/2011\/07\/rakowski.jpg\"><img decoding=\"async\" loading=\"lazy\" class=\"alignleft wp-image-340 size-thumbnail\" title=\"Zden\u011bk Rakowski\" src=\"https:\/\/old.atletikaolomouc.cz\/wp-content\/uploads\/2011\/07\/rakowski-150x150.jpg\" alt=\"\" width=\"150\" height=\"150\"><\/a><\/td>\n<td style=\"vertical-align: top; width: 432px;\"><strong>Zden\u011bk Rakowski<\/strong><br \/>\nvedouc\u00ed Tren\u00e9rsk\u00e9 rady<br \/>\nvedouc\u00ed tren\u00e9r SCM<br \/>\n777 140 357<br \/>\ne-mail: <a href=\"mailto:rakowski@centrum.cz\">rakowski@centrum.cz<\/a><\/td>\n<\/tr>\n<tr>\n<td style=\"width: 200px;\"><a href=\"http:\/\/www.atletikaolomouc.cz\/wp-content\/uploads\/2019\/06\/fo.jpg\"><img decoding=\"async\" loading=\"lazy\" class=\"alignleft wp-image-13027 size-thumbnail\" src=\"https:\/\/old.atletikaolomouc.cz\/wp-content\/uploads\/2019\/06\/fo-150x150.jpg\" alt=\"\" width=\"150\" height=\"150\" srcset=\"https:\/\/old.atletikaolomouc.cz\/wp-content\/uploads\/2019\/06\/fo-150x150.jpg 150w, https:\/\/old.atletikaolomouc.cz\/wp-content\/uploads\/2019\/06\/fo-300x300.jpg 300w, https:\/\/old.atletikaolomouc.cz\/wp-content\/uploads\/2019\/06\/fo-600x600.jpg 600w, https:\/\/old.atletikaolomouc.cz\/wp-content\/uploads\/2019\/06\/fo.jpg 750w\" sizes=\"(max-width: 150px) 100vw, 150px\" \/><\/a><\/td>\n<td style=\"vertical-align: top; width: 432px;\"><strong>Mgr. Robert Novotn\u00fd<\/strong><br \/>\n\u010dlen v\u00fdboru &#8211; krajsk\u00fd mana\u017eer KAS<br \/>\n603 948 958<br \/>\ne-mail:&nbsp;<a href=\"mailto:robert.novotny27@seznam.cz\">robert.novotny27@seznam.cz<\/a><\/td>\n<\/tr>\n<tr>\n<td style=\"width: 200px;\"><a href=\"http:\/\/www.atletikaolomouc.cz\/wp-content\/uploads\/2011\/06\/radek_kopecky.jpg\"><img decoding=\"async\" loading=\"lazy\" class=\"alignleft wp-image-739 size-thumbnail\" title=\"radek_kopecky\" src=\"https:\/\/old.atletikaolomouc.cz\/wp-content\/uploads\/2011\/06\/radek_kopecky-150x150.jpg\" alt=\"\" width=\"150\" height=\"150\"><\/a><\/td>\n<td style=\"vertical-align: top; width: 432px;\"><strong>Bc. Radek Kopeck\u00fd<\/strong><br \/>\n\u010dlen v\u00fdboru &#8211; tajemn\u00edk AK<br \/>\n739 313 935<br \/>\ne-mail:&nbsp;<a href=\"mailto:radek.kopecky@atlas.cz\">radek.kopecky@atlas.cz&nbsp;<\/a><\/td>\n<\/tr>\n<tr>\n<td style=\"width: 200px;\">&nbsp;<img decoding=\"async\" loading=\"lazy\" class=\"alignleft wp-image-20313 size-thumbnail\" src=\"https:\/\/old.atletikaolomouc.cz\/wp-content\/uploads\/2020\/10\/jirka-novotn\u00fd-150x150.jpg\" alt=\"\" width=\"150\" height=\"150\" srcset=\"https:\/\/old.atletikaolomouc.cz\/wp-content\/uploads\/2020\/10\/jirka-novotn\u00fd-150x150.jpg 150w, https:\/\/old.atletikaolomouc.cz\/wp-content\/uploads\/2020\/10\/jirka-novotn\u00fd-300x300.jpg 300w, https:\/\/old.atletikaolomouc.cz\/wp-content\/uploads\/2020\/10\/jirka-novotn\u00fd-600x600.jpg 600w, https:\/\/old.atletikaolomouc.cz\/wp-content\/uploads\/2020\/10\/jirka-novotn\u00fd.jpg 688w\" sizes=\"(max-width: 150px) 100vw, 150px\" \/><\/td>\n<td style=\"vertical-align: top; width: 432px;\"><strong>RNDr. Ji\u0159\u00ed Novotn\u00fd<\/strong><br \/>\nz\u00e1stupce atlet\u016f<br \/>\n734 315 950<br \/>\ne-mail: <a href=\"mailto:jiri.l.novotny@gmail.com\" target=\"_blank\" rel=\"noopener\">jiri.l.novotny@gmail.com<\/a><\/td>\n<\/tr>\n<tr>\n<td style=\"width: 200px;\"><a href=\"http:\/\/www.atletikaolomouc.cz\/wp-content\/uploads\/2020\/10\/dockal.jpg\"><img decoding=\"async\" loading=\"lazy\" class=\"alignleft wp-image-20196 size-thumbnail\" src=\"https:\/\/old.atletikaolomouc.cz\/wp-content\/uploads\/2020\/10\/dockal-150x150.jpg\" alt=\"\" width=\"150\" height=\"150\" srcset=\"https:\/\/old.atletikaolomouc.cz\/wp-content\/uploads\/2020\/10\/dockal-150x150.jpg 150w, https:\/\/old.atletikaolomouc.cz\/wp-content\/uploads\/2020\/10\/dockal-300x300.jpg 300w, https:\/\/old.atletikaolomouc.cz\/wp-content\/uploads\/2020\/10\/dockal.jpg 432w\" sizes=\"(max-width: 150px) 100vw, 150px\" \/><\/a><\/td>\n<td style=\"vertical-align: top; width: 432px;\"><strong>Tom\u00e1\u0161 Do\u010dkal<\/strong><br \/>\nvedouc\u00ed tren\u00e9r atletick\u00fdch p\u0159\u00edpravek<br \/>\n725 752 767<br \/>\ne-mail: <a href=\"mailto:pripravky@atletikaolomouc.cz\">pripravky@atletikaolomouc.cz<\/a><\/td>\n<\/tr>\n<tr>\n<td style=\"width: 200px;\"><a href=\"https:\/\/www.atletikaolomouc.cz\/wp-content\/uploads\/2022\/07\/profil-foto-ak.jpg\"><img decoding=\"async\" loading=\"lazy\" class=\"alignleft wp-image-34748 size-thumbnail\" src=\"https:\/\/old.atletikaolomouc.cz\/wp-content\/uploads\/2022\/07\/profil-foto-ak-150x150.jpg\" alt=\"\" width=\"150\" height=\"150\" srcset=\"https:\/\/old.atletikaolomouc.cz\/wp-content\/uploads\/2022\/07\/profil-foto-ak-150x150.jpg 150w, https:\/\/old.atletikaolomouc.cz\/wp-content\/uploads\/2022\/07\/profil-foto-ak-144x144.jpg 144w\" sizes=\"(max-width: 150px) 100vw, 150px\" \/><\/a><\/td>\n<td style=\"vertical-align: top; width: 432px;\"><strong>Vendula \u0160ebe\u010dkov\u00e1<br \/>\n<\/strong>vedouc\u00ed sekce ZP<br \/>\n732 133 785<br \/>\ne-mail:&nbsp;<a href=\"mailto:vendulasebeckova@gmail.com\">vendulasebeckova@gmail.com<\/a><\/td>\n<\/tr>\n<\/tbody>\n<\/table>\n","protected":false},"excerpt":{"rendered":"<p>Atletick\u00fd klub Olomouc T\u0159. 17. listopadu 3 CZ-77200 Olomouc email: info@atletikaolomouc.cz tel: +420 585 224 676 I\u010cO: 41031369 bankovn\u00ed spojen\u00ed: Fio banka \u010d\u00edslo \u00fa\u010dtu: 2101887455\/2010 IBAN: CZ22 2010 0000 0021 0188 7455 SWIFT-BIC: FIOBCZPPXXX V\u00fdkonn\u00fd v\u00fdbor: David Uhl\u00ed\u0159 p\u0159edseda klubu &hellip; <a href=\"https:\/\/old.atletikaolomouc.cz\/?page_id=4\">Continue reading <span class=\"meta-nav\">&rarr;<\/span><\/a><\/p>\n","protected":false},"author":1,"featured_media":0,"parent":861,"menu_order":0,"comment_status":"closed","ping_status":"closed","template":"","meta":{"ngg_post_thumbnail":0},"_links":{"self":[{"href":"https:\/\/old.atletikaolomouc.cz\/index.php?rest_route=\/wp\/v2\/pages\/4"}],"collection":[{"href":"https:\/\/old.atletikaolomouc.cz\/index.php?rest_route=\/wp\/v2\/pages"}],"about":[{"href":"https:\/\/old.atletikaolomouc.cz\/index.php?rest_route=\/wp\/v2\/types\/page"}],"author":[{"embeddable":true,"href":"https:\/\/old.atletikaolomouc.cz\/index.php?rest_route=\/wp\/v2\/users\/1"}],"replies":[{"embeddable":true,"href":"https:\/\/old.atletikaolomouc.cz\/index.php?rest_route=%2Fwp%2Fv2%2Fcomments&post=4"}],"version-history":[{"count":88,"href":"https:\/\/old.atletikaolomouc.cz\/index.php?rest_route=\/wp\/v2\/pages\/4\/revisions"}],"predecessor-version":[{"id":36551,"href":"https:\/\/old.atletikaolomouc.cz\/index.php?rest_route=\/wp\/v2\/pages\/4\/revisions\/36551"}],"up":[{"embeddable":true,"href":"https:\/\/old.atletikaolomouc.cz\/index.php?rest_route=\/wp\/v2\/pages\/861"}],"wp:attachment":[{"href":"https:\/\/old.atletikaolomouc.cz\/index.php?rest_route=%2Fwp%2Fv2%2Fmedia&parent=4"}],"curies":[{"name":"wp","href":"https:\/\/api.w.org\/{rel}","templated":true}]}}