{"id":5617,"date":"2015-02-27T20:18:15","date_gmt":"2015-02-27T19:18:15","guid":{"rendered":"http:\/\/www.atletikaolomouc.cz\/?page_id=5617"},"modified":"2022-07-06T18:06:59","modified_gmt":"2022-07-06T16:06:59","slug":"cesky","status":"publish","type":"page","link":"https:\/\/old.atletikaolomouc.cz\/?page_id=5617","title":{"rendered":"Propozice 2022 &#8211; CZ"},"content":{"rendered":"<p><span style=\"font-family: helvetica, arial, sans-serif;\"><a href=\"https:\/\/www.atletikaolomouc.cz\/wp-content\/uploads\/2021\/12\/LogoCO2022.png\"><img decoding=\"async\" loading=\"lazy\" class=\"alignnone size-full wp-image-32836\" src=\"https:\/\/www.atletikaolomouc.cz\/wp-content\/uploads\/2021\/12\/LogoCO2022.png\" alt=\"\" width=\"1290\" height=\"558\" srcset=\"https:\/\/old.atletikaolomouc.cz\/wp-content\/uploads\/2021\/12\/LogoCO2022.png 1290w, https:\/\/old.atletikaolomouc.cz\/wp-content\/uploads\/2021\/12\/LogoCO2022-300x130.png 300w, https:\/\/old.atletikaolomouc.cz\/wp-content\/uploads\/2021\/12\/LogoCO2022-768x332.png 768w, https:\/\/old.atletikaolomouc.cz\/wp-content\/uploads\/2021\/12\/LogoCO2022-800x346.png 800w\" sizes=\"(max-width: 1290px) 100vw, 1290px\" \/><\/a><\/span><\/p>\r\n<div>\r\n<div>\r\n<table id=\"tabprop\" style=\"height: 361px;\" width=\"515\">\r\n<tbody>\r\n<tr style=\"height: 15px;\">\r\n<td style=\"height: 27px; width: 189.25px;\"><span style=\"font-family: helvetica, arial, sans-serif;\"><strong>Po\u0159adatel:<\/strong><\/span><\/td>\r\n<td style=\"height: 27px; width: 370.765625px;\"><span style=\"font-family: helvetica, arial, sans-serif;\">AK Olomouc<\/span><\/td>\r\n<\/tr>\r\n<tr style=\"height: 15px;\">\r\n<td style=\"height: 32px; width: 189.25px;\"><span style=\"font-family: helvetica, arial, sans-serif;\"><strong>Datum:<\/strong><\/span><\/td>\r\n<td style=\"height: 32px; width: 370.765625px;\"><span style=\"font-family: helvetica, arial, sans-serif;\">7.- 9.7.2022<\/span><\/td>\r\n<\/tr>\r\n<tr style=\"height: 15px;\">\r\n<td style=\"height: 32px; width: 189.25px;\"><span style=\"font-family: helvetica, arial, sans-serif;\"><strong>M\u00edsto:<\/strong><\/span><\/td>\r\n<td style=\"height: 32px; width: 370.765625px;\"><span style=\"font-family: helvetica, arial, sans-serif;\">stadion TJ Lokomotiva Olomouc<\/span><\/td>\r\n<\/tr>\r\n<tr style=\"height: 15px;\">\r\n<td style=\"height: 32px; width: 189.25px;\"><span style=\"font-family: helvetica, arial, sans-serif;\"><strong>\u0158editel z\u00e1vodu:<\/strong><\/span><\/td>\r\n<td style=\"height: 32px; width: 370.765625px;\"><span style=\"font-family: helvetica, arial, sans-serif;\">Pavel Vrzala<\/span><\/td>\r\n<\/tr>\r\n<tr style=\"height: 15px;\">\r\n<td style=\"height: 32px; width: 189.25px;\"><span style=\"font-family: helvetica, arial, sans-serif;\"><strong>Technick\u00fd \u0159editel:<\/strong><\/span><\/td>\r\n<td style=\"height: 32px; width: 370.765625px;\"><span style=\"font-family: helvetica, arial, sans-serif;\">Drahoslav Do\u010dkal<\/span><\/td>\r\n<\/tr>\r\n<tr style=\"height: 15px;\">\r\n<td style=\"height: 32px; width: 189.25px;\"><span style=\"font-family: helvetica, arial, sans-serif;\"><strong>Sekret\u00e1\u0159 z\u00e1vodu:<\/strong><\/span><\/td>\r\n<td style=\"height: 32px; width: 370.765625px;\"><span style=\"font-family: helvetica, arial, sans-serif;\">Vendula \u0160ebe\u010dkov\u00e1<\/span><\/td>\r\n<\/tr>\r\n<tr style=\"height: 15px;\">\r\n<td style=\"height: 32px; width: 189.25px;\"><span style=\"font-family: helvetica, arial, sans-serif;\"><strong>Hlavn\u00ed rozhod\u010d\u00ed:<\/strong><\/span><\/td>\r\n<td style=\"height: 32px; width: 370.765625px;\"><span style=\"font-family: helvetica, arial, sans-serif;\">Ludmila Pudilov\u00e1<\/span><\/td>\r\n<\/tr>\r\n<tr style=\"height: 15px;\">\r\n<td style=\"width: 189.25px; height: 32px;\"><span style=\"font-family: helvetica, arial, sans-serif;\"><strong>Z\u00e1vodn\u00ed kancel\u00e1\u0159:<\/strong><\/span><\/td>\r\n<td style=\"width: 370.765625px; height: 32px;\"><span style=\"font-family: helvetica, arial, sans-serif;\">Ji\u0159\u00ed Novotn\u00fd, Martin Hradil&nbsp;&nbsp;<\/span><\/td>\r\n<\/tr>\r\n<tr style=\"height: 15px;\">\r\n<td style=\"height: 32px; width: 189.25px;\"><span style=\"font-family: helvetica, arial, sans-serif;\"><strong>Klasifikace:<\/strong><\/span><\/td>\r\n<td style=\"height: 32px; width: 370.765625px;\"><span style=\"font-family: helvetica, arial, sans-serif;\">N\u00e1rodn\u00ed<\/span><\/td>\r\n<\/tr>\r\n<tr style=\"height: 15px;\">\r\n<td style=\"width: 189.25px; height: 30px;\"><span style=\"font-family: helvetica, arial, sans-serif;\"><strong>Mezin\u00e1rodn\u00ed TD:<\/strong><\/span><\/td>\r\n<td style=\"width: 370.765625px; height: 30px;\"><span style=\"font-family: helvetica, arial, sans-serif;\">Iva Machov\u00e1<\/span><\/td>\r\n<\/tr>\r\n<tr style=\"height: 15px;\">\r\n<td style=\"height: 32px; width: 189.25px;\"><span style=\"font-family: helvetica, arial, sans-serif;\"><strong>Kontaktn\u00ed email:<\/strong><\/span><\/td>\r\n<td style=\"height: 32px; width: 370.765625px;\"><span style=\"font-family: helvetica, arial, sans-serif;\"><a href=\"mailto:czechopen@hotmail.com\">czechopen@hotmail.com<\/a><\/span><\/td>\r\n<\/tr>\r\n<tr style=\"height: 16px;\">\r\n<td style=\"height: 16px; width: 189.25px;\"><span style=\"font-family: helvetica, arial, sans-serif;\"><strong>Web:<\/strong><\/span><\/td>\r\n<td style=\"height: 16px; width: 370.765625px;\"><span style=\"font-family: helvetica, arial, sans-serif;\"><a href=\"http:\/\/czechopen.atletikaolomouc.cz\/\" target=\"_blank\" rel=\"noopener\">http:\/\/czechopen.atletikaolomouc.cz<\/a><\/span><\/td>\r\n<\/tr>\r\n<\/tbody>\r\n<\/table>\r\n<\/div>\r\n<div>&nbsp;<\/div>\r\n<div>\r\n<p><span style=\"font-family: helvetica, arial, sans-serif;\"><strong>\u00dahrada<br><br><\/strong>\u00da\u010dastnick\u00fd poplatek pro z\u00e1vodn\u00edky z \u010cR 500,- (libovoln\u00fd po\u010det discipl\u00edn, upom\u00ednkov\u00fd d\u00e1rek, vyhl\u00e1\u0161en\u00ed nejlep\u0161\u00edch sportovc\u016f v discipl\u00edn\u011b v\u010detn\u011b medaile a diplomu).<\/span><br><span style=\"font-family: helvetica, arial, sans-serif;\"><em>V p\u0159\u00edpad\u011b pod\u00e1n\u00ed p\u0159ihl\u00e1\u0161ky po term\u00ednu (15.6.2022), bude \u00fa\u010dastnick\u00fd poplatek pro z\u00e1vodn\u00edky z \u010cR 800,-.<\/em><\/span><\/p>\r\n<p><span style=\"font-family: helvetica, arial, sans-serif;\"><strong>Storno poplatky<br><\/strong>Pokud se z\u00e1vodn\u00edk p\u0159ihl\u00e1s\u00ed a pak se nez\u00fa\u010dastn\u00ed, ani svou \u00fa\u010dast v\u010das nezru\u0161\u00ed p\u00edsemn\u011b nejpozd\u011bji<strong>48 hod p\u0159edem, <\/strong>budou \u00fa\u010dtov\u00e1ny storno poplatky za stravu a ubytov\u00e1n\u00ed!<\/span><br><span style=\"font-family: helvetica, arial, sans-serif;\"><strong><b>Startovn\u00e9 se nevrac\u00ed!<\/b><\/strong><\/span><br><br><span style=\"font-family: helvetica, arial, sans-serif;\"><strong>Podm\u00ednky pro \u00fa\u010dast:<br><\/strong>v\u010dasn\u00e9 zasl\u00e1n\u00ed p\u0159ihl\u00e1\u0161ek, povinn\u00e1 je mezin\u00e1rodn\u00ed nebo n\u00e1rodn\u00ed klasifikace. Uhrazen\u00ed startovn\u00e9ho do 7.7.2022!<\/span><br><br><span style=\"font-family: helvetica, arial, sans-serif;\"><strong>Kategorie<\/strong><\/span><br><span style=\"font-family: helvetica, arial, sans-serif;\">Junio\u0159i do 18 let: T\/F 10-20-30-40-50-60<\/span><br><span style=\"font-family: helvetica, arial, sans-serif;\">Dosp\u011bl\u00ed:&nbsp;T\/F 10-20-30-40-50-60<\/span><\/p>\r\n<p><span style=\"font-family: helvetica, arial, sans-serif;\"><strong>Discipl\u00edny<\/strong><\/span><br><span style=\"font-family: helvetica, arial, sans-serif;\">B\u011bhy, j\u00edzdy, vrhy, hody, skok dalek\u00fd a skok vysok\u00fd<\/span><br><span style=\"font-family: helvetica, arial, sans-serif;\">Podm\u00ednkou pro otev\u0159en\u00ed discipl\u00edny je minim\u00e1ln\u00ed \u00fa\u010dast 2 sout\u011b\u017e\u00edc\u00edch. Medaile budou ud\u011bleny v discipl\u00edn\u011b, kde bude startovat 3 a v\u00edce sout\u011b\u017e\u00edc\u00edch.&nbsp;<\/span><\/p>\r\n<p><span style=\"font-family: helvetica, arial, sans-serif;\"><span style=\"font-size: 1em; line-height: 1.5em;\"><strong>P\u0159ihl\u00e1\u0161ky<br><\/strong><\/span><span style=\"font-size: 1em; line-height: 1.5em;\">Pod\u00e1vejte na ofici\u00e1ln\u00edm formul\u00e1\u0159i, jin\u00fd form\u00e1t nebude akceptov\u00e1n<\/span><span style=\"color: #000000; line-height: 18px;\">.<br><\/span><strong><span style=\"color: #000000; line-height: 18px;\">P\u0159ihl\u00e1\u0161ky pod\u00e1vejte do 15.6.2022.<\/span><\/strong><\/span><\/p>\r\n<p><span style=\"font-family: helvetica, arial, sans-serif;\"><span style=\"color: #000000; line-height: 18px;\"><strong>Pozd\u011bj\u0161\u00ed p\u0159ihl\u00e1\u0161ky nemus\u00ed b\u00fdt akceptov\u00e1ny.<\/strong><br><\/span><strong style=\"line-height: 18px;\">Podm\u00ednky pro \u00fa\u010dast:&nbsp;<\/strong><span style=\"color: #000000; line-height: 18px;\">v\u010dasn\u00e9 zasl\u00e1n\u00ed p\u0159ihl\u00e1\u0161ek, povinn\u00e1 je mezin\u00e1rodn\u00ed nebo n\u00e1rodn\u00ed klasifikace.<\/span><\/span><\/p>\r\n<p><span style=\"color: #000000; line-height: 18px; font-family: helvetica, arial, sans-serif;\"><span style=\"text-decoration: underline;\"> Po\u017eadavky na n\u00e1rodn\u00ed klasifikaci je nutn\u00e9 uv\u00e9st v p\u0159ihl\u00e1\u0161ce.<\/span><\/span><\/p>\r\n<p><span style=\"font-family: helvetica, arial, sans-serif;\"><strong>P\u0159ihl\u00e1\u0161ka ke sta\u017een\u00ed &#8211; p\u0159ihla\u0161ov\u00e1n\u00ed bylo ukon\u010deno 15.6.2022.<\/strong><\/span><\/p>\r\n<\/div>\r\n<div>\r\n<h5><span style=\"font-family: helvetica, arial, sans-serif;\">Ubytov\u00e1n\u00ed a stravov\u00e1n\u00ed:<\/span><\/h5>\r\n<p><span style=\"font-family: helvetica, arial, sans-serif;\"><a href=\"http:\/\/skm.upol.cz\/\">Vysoko\u0161kolsk\u00e9 koleje<\/a><\/span><br><span style=\"font-family: helvetica, arial, sans-serif;\">Cena 350,-\/osobu a noc. P\u0159i obsazen\u00ed pokoje pouze jednou osobou 490,-<\/span><\/p>\r\n<div><span style=\"font-family: helvetica, arial, sans-serif;\"><a href=\"https:\/\/www.sluch-ol.cz\">Speci\u00e1ln\u00ed \u0161kola pro sluchov\u011b posti\u017een\u00e9<\/a><\/span><\/div>\r\n<\/div>\r\n<\/div>\r\n<div><span style=\"font-family: helvetica, arial, sans-serif;\">Term\u00edn pro po\u017eadavky na ubytov\u00e1n\u00ed je stanoven do 15.6. 2022.<br>V p\u0159ihl\u00e1\u0161k\u00e1ch mus\u00ed b\u00fdt, uvedeno kolik osob pot\u0159ebuje ubytov\u00e1n\u00ed, od kdy do kdy.&nbsp;<\/span><br><span style=\"font-family: helvetica, arial, sans-serif;\">Cena 350,-\/osobu a noc.<\/span><\/div>\r\n<div style=\"text-align: justify;\"><span style=\"font-family: helvetica, arial, sans-serif;\"><strong>Nezaru\u010dujeme ubytov\u00e1n\u00ed, kter\u00e9 bude po\u017eadov\u00e1no po datu 15.6. 2022.<\/strong><\/span><\/div>\r\n<div>\r\n<div><span style=\"font-size: 1em; line-height: 1.5em; font-family: helvetica, arial, sans-serif;\"><span style=\"font-size: 1em; line-height: 1.5em;\"><strong><br>Cena za plnou penzi je 445,- za osobu.<br>Stravov\u00e1n\u00ed &#8211; \u010dasy budou up\u0159esn\u011bny v Bulletinu<\/strong><br><\/span><\/span>\r\n<div><span style=\"font-family: helvetica, arial, sans-serif;\"><strong>Sn\u00eddan\u011b:<\/strong> ve sv\u00fdch hotel\u00edch, v&nbsp;p\u0159\u00edpad\u011b ubytov\u00e1n\u00ed na kolej\u00edch a intern\u00e1t\u011b to bude \u0161kola pro nesly\u0161\u00edc\u00ed<\/span><br><span style=\"font-family: helvetica, arial, sans-serif;\"><strong>Ob\u011bdy:<\/strong> se pod\u00e1vaj\u00ed na atletick\u00e9m stadionu, \u010dasy budou up\u0159esn\u011bny, mo\u017enost objedn\u00e1n\u00ed pouze ob\u011bdov\u00fdch bal\u00ed\u010dk\u016f<\/span><br><span style=\"font-family: helvetica, arial, sans-serif;\"><strong>Ve\u010de\u0159e:<\/strong> budou ve \u0161kole pro nesly\u0161\u00edc\u00ed<\/span><\/div>\r\n<div>&nbsp;<\/div>\r\n<\/div>\r\n<div>\r\n<p><span style=\"font-family: helvetica, arial, sans-serif;\"><b>Harmonogram:<br><\/b>Z\u00e1vody budou prob\u00edhat v p\u00e1tek odpoledne a v sobotu cel\u00fd den (8.-9.7.2022)<br><\/span><span style=\"font-family: helvetica, arial, sans-serif;\"><em>P\u0159edb\u011b\u017en\u00fd \u010dasov\u00fd po\u0159ad naleznete <a href=\"https:\/\/www.atletikaolomouc.cz\/wp-content\/uploads\/2022\/06\/p\u0159edb\u011b\u017en\u00fd_\u010dasov\u00fd_harmonogram_czech_open_22.docx\">zde<\/a>.<\/em><\/span><\/p>\r\n<\/div>\r\n<div>\r\n<p><span style=\"font-family: helvetica, arial, sans-serif;\"><b>Prezentace<br><\/b>Pouze na stadionu (nikoliv v m\u00edst\u011b ubytov\u00e1n\u00ed!) TJ Lokomotiva, t\u0159. 17. listopadu 3, Olomouc<\/span><br><br><span style=\"font-family: helvetica, arial, sans-serif;\"><b>Vedouc\u00ed v\u00fdpravy nebo z\u00e1vodn\u00edk p\u0159edlo\u017e\u00ed&nbsp;&nbsp;<br><\/b>Registra\u010dn\u00ed pr\u016fkaz u sportovc\u016f bez licence&nbsp; s vyzna\u010den\u00edm za\u0159azen\u00ed do p\u0159\u00edslu\u0161n\u00e9 kategorie, pop\u0159\u00edpad\u011b kopii klasifika\u010dn\u00edho&nbsp;protokolu.<br>Seznam sportovc\u016f, potvrzen\u00ed o platb\u011b startovn\u00e9ho pop\u0159. ubytov\u00e1v\u00e1ni&nbsp;a stravy.<\/span><\/p>\r\n<p><span style=\"font-family: helvetica, arial, sans-serif;\"><b>Technick\u00e1 porada<span class=\"Apple-converted-space\">&nbsp;&nbsp;<br><\/span><\/b>Prob\u011bhne&nbsp;v hale atletick\u00e9ho klubu (\u010das bude up\u0159esn\u011bn).<\/span><br><span style=\"font-family: helvetica, arial, sans-serif;\">Pro vedouc\u00ed v\u00fdprav a z\u00e1vodn\u00edky bude porada posledn\u00ed mo\u017enost\u00ed pro potvrzen\u00ed a \u00fapravy start\u016f. <\/span><br><span style=\"font-family: helvetica, arial, sans-serif;\"><b>Pozd\u011bj\u0161\u00ed zm\u011bny nebudou mo\u017en\u00e9!<span class=\"Apple-converted-space\">&nbsp;<\/span><\/b><\/span><\/p>\r\n<p><span style=\"font-family: helvetica, arial, sans-serif;\"><b>Pravidla<br><\/b>Dle pravidel World para athletics&nbsp;<\/span><\/p>\r\n<p><span style=\"font-family: helvetica, arial, sans-serif;\"><b>Povrch dr\u00e1hy<br><\/b>Polytan M, \u010dasom\u00edra Omega Electronics<span class=\"Apple-converted-space\">&nbsp;<\/span><\/span><\/p>\r\n<p><span style=\"font-family: helvetica, arial, sans-serif;\"><b>Protesty&nbsp;<span class=\"Apple-converted-space\">&nbsp; <br><\/span><\/b>Pod\u00e1vaj\u00ed se p\u00edsemn\u011b na ofici\u00e1ln\u00edm formul\u00e1\u0159i se vkladem 500,- K\u010d hlavn\u00edmu rozhod\u010d\u00edmu do 30 min. po ofici\u00e1ln\u00edm vyhl\u00e1\u0161en\u00ed v\u00fdsledk\u016f.<span class=\"Apple-converted-space\">&nbsp; <\/span>Ofici\u00e1ln\u00ed<span class=\"Apple-converted-space\">&nbsp; <\/span>formul\u00e1\u0159<span class=\"Apple-converted-space\">&nbsp; <\/span>na<span class=\"Apple-converted-space\">&nbsp; <\/span>po\u017e\u00e1dan\u00ed<span class=\"Apple-converted-space\">&nbsp; <\/span>vyd\u00e1<span class=\"Apple-converted-space\">&nbsp; <\/span>z\u00e1vodn\u00ed<span class=\"Apple-converted-space\">&nbsp; <\/span>kancel\u00e1\u0159.<span class=\"Apple-converted-space\">&nbsp; <\/span>Vklad<span class=\"Apple-converted-space\">&nbsp; <\/span>v<span class=\"Apple-converted-space\">&nbsp; <\/span>p\u0159\u00edpad\u011b<span class=\"Apple-converted-space\">&nbsp; <\/span>zam\u00edtnut\u00ed<span class=\"Apple-converted-space\">&nbsp; <\/span>protestu propad\u00e1 ve prosp\u011bch po\u0159adatele. <span class=\"Apple-converted-space\">&nbsp;<\/span><\/span><\/p>\r\n<p><span style=\"font-family: helvetica, arial, sans-serif;\"><b>Z\u00e1v\u011bre\u010dn\u00e9 ustanoven\u00ed<span class=\"Apple-converted-space\"><br><\/span><\/b>V\u0161ichni \u00fa\u010dastn\u00edci jsou povinni dodr\u017eovat bezpe\u010dnostn\u00ed p\u0159edpisy a ustanoven\u00ed po\u0159adatele.&nbsp;<\/span><\/p>\r\n<p><span style=\"font-family: helvetica, arial, sans-serif;\">Po\u0159adatel si vyhrazuje pr\u00e1vo zm\u011bny v harmonogramu.<\/span><\/p>\r\n<\/div>\r\n<div><span style=\"font-family: helvetica, arial, sans-serif;\"><strong>Pavel Vrzala<\/strong><\/span><\/div>\r\n<div><span style=\"font-family: helvetica, arial, sans-serif;\">Telefon: +420&nbsp;608 033 120<\/span><\/div>\r\n<div>\r\n<p><span style=\"font-family: helvetica, arial, sans-serif;\">E-mail:&nbsp;<a href=\"mailto:czechopen@hotmail.com\">czechopen@hotmail.com<\/a><\/span><\/p>\r\n<\/div>\r\n<\/div>\r\n<p><span style=\"font-family: helvetica, arial, sans-serif;\"><\/span><\/p>","protected":false},"excerpt":{"rendered":"<p>Po\u0159adatel: AK Olomouc Datum: 7.- 9.7.2022 M\u00edsto: stadion TJ Lokomotiva Olomouc \u0158editel z\u00e1vodu: Pavel Vrzala Technick\u00fd \u0159editel: Drahoslav Do\u010dkal Sekret\u00e1\u0159 z\u00e1vodu: Vendula \u0160ebe\u010dkov\u00e1 Hlavn\u00ed rozhod\u010d\u00ed: Ludmila Pudilov\u00e1 Z\u00e1vodn\u00ed kancel\u00e1\u0159: Ji\u0159\u00ed Novotn\u00fd, Martin Hradil&nbsp;&nbsp; Klasifikace: N\u00e1rodn\u00ed Mezin\u00e1rodn\u00ed TD: Iva Machov\u00e1 Kontaktn\u00ed &hellip; <a href=\"https:\/\/old.atletikaolomouc.cz\/?page_id=5617\">Continue reading <span class=\"meta-nav\">&rarr;<\/span><\/a><\/p>\n","protected":false},"author":3,"featured_media":0,"parent":5588,"menu_order":0,"comment_status":"closed","ping_status":"closed","template":"","meta":{"ngg_post_thumbnail":0},"_links":{"self":[{"href":"https:\/\/old.atletikaolomouc.cz\/index.php?rest_route=\/wp\/v2\/pages\/5617"}],"collection":[{"href":"https:\/\/old.atletikaolomouc.cz\/index.php?rest_route=\/wp\/v2\/pages"}],"about":[{"href":"https:\/\/old.atletikaolomouc.cz\/index.php?rest_route=\/wp\/v2\/types\/page"}],"author":[{"embeddable":true,"href":"https:\/\/old.atletikaolomouc.cz\/index.php?rest_route=\/wp\/v2\/users\/3"}],"replies":[{"embeddable":true,"href":"https:\/\/old.atletikaolomouc.cz\/index.php?rest_route=%2Fwp%2Fv2%2Fcomments&post=5617"}],"version-history":[{"count":77,"href":"https:\/\/old.atletikaolomouc.cz\/index.php?rest_route=\/wp\/v2\/pages\/5617\/revisions"}],"predecessor-version":[{"id":34577,"href":"https:\/\/old.atletikaolomouc.cz\/index.php?rest_route=\/wp\/v2\/pages\/5617\/revisions\/34577"}],"up":[{"embeddable":true,"href":"https:\/\/old.atletikaolomouc.cz\/index.php?rest_route=\/wp\/v2\/pages\/5588"}],"wp:attachment":[{"href":"https:\/\/old.atletikaolomouc.cz\/index.php?rest_route=%2Fwp%2Fv2%2Fmedia&parent=5617"}],"curies":[{"name":"wp","href":"https:\/\/api.w.org\/{rel}","templated":true}]}}