{"id":7021,"date":"2016-02-24T14:52:40","date_gmt":"2016-02-24T13:52:40","guid":{"rendered":"http:\/\/www.atletikaolomouc.cz\/?page_id=7021"},"modified":"2021-12-15T12:08:34","modified_gmt":"2021-12-15T11:08:34","slug":"sportovci","status":"publish","type":"page","link":"https:\/\/old.atletikaolomouc.cz\/?page_id=7021","title":{"rendered":"Sportovci"},"content":{"rendered":"<p style=\"text-align: center;\"><strong><span style=\"font-size: x-large;\">Sestava &#8222;Olomouck\u00fdch atlet\u016f&#8220;<\/span><\/strong><\/p>\n<p><span style=\"font-size: large; color: #ff6600;\"><strong>\u017deny<\/strong><\/span><\/p>\n<table border=\"0\">\n<tbody>\n<tr>\n<td>&nbsp;<\/td>\n<td style=\"text-align: center;\">&nbsp;<\/td>\n<td style=\"text-align: center;\">&nbsp; &nbsp; &nbsp; &nbsp; &nbsp; &nbsp; &nbsp; &nbsp;<\/td>\n<\/tr>\n<tr>\n<td>\n<p style=\"text-align: center;\"><a href=\"http:\/\/www.atletikaolomouc.cz\/?attachment_id=8134\" rel=\"attachment wp-att-8134\"><img decoding=\"async\" loading=\"lazy\" class=\"wp-image-8134 aligncenter\" title=\"Kacanu E. Peking\" src=\"http:\/\/www.atletikaolomouc.cz\/wp-content\/uploads\/2016\/02\/CR16437_11-205x300.jpg\" alt=\"\" width=\"160\" height=\"230\"><\/a><strong>Eva Kacanu<\/strong><\/p>\n<\/td>\n<td style=\"text-align: center;\">F54<\/td>\n<td style=\"text-align: center;\">vrh koul\u00ed, hod diskem, hod o\u0161t\u011bpem<\/td>\n<\/tr>\n<tr>\n<td style=\"text-align: center;\"><strong><a href=\"http:\/\/www.atletikaolomouc.cz\/?attachment_id=8136\" rel=\"attachment wp-att-8136\"><br \/>\n<\/a><a href=\"https:\/\/www.atletikaolomouc.cz\/wp-content\/uploads\/2021\/11\/244371890_4611526428912096_6046858233303116028_n.jpg\" rel=\"attachment wp-att-8136\"><img decoding=\"async\" loading=\"lazy\" class=\"wp-image-32649 aligncenter\" title=\"ad\u00e9lka\" src=\"https:\/\/www.atletikaolomouc.cz\/wp-content\/uploads\/2021\/11\/244371890_4611526428912096_6046858233303116028_n.jpg\" alt=\"\" width=\"307\" height=\"173\" srcset=\"https:\/\/old.atletikaolomouc.cz\/wp-content\/uploads\/2021\/11\/244371890_4611526428912096_6046858233303116028_n.jpg 960w, https:\/\/old.atletikaolomouc.cz\/wp-content\/uploads\/2021\/11\/244371890_4611526428912096_6046858233303116028_n-300x169.jpg 300w, https:\/\/old.atletikaolomouc.cz\/wp-content\/uploads\/2021\/11\/244371890_4611526428912096_6046858233303116028_n-768x432.jpg 768w, https:\/\/old.atletikaolomouc.cz\/wp-content\/uploads\/2021\/11\/244371890_4611526428912096_6046858233303116028_n-800x450.jpg 800w\" sizes=\"(max-width: 307px) 100vw, 307px\" \/><\/a><\/strong><strong>Ad\u00e9la Sekyrov\u00e1<\/strong><\/td>\n<td style=\"text-align: center;\">F32<\/td>\n<td style=\"text-align: center;\">hod ku\u017eelkou,&nbsp;hod diskem<\/td>\n<\/tr>\n<tr>\n<td style=\"text-align: center;\"><a href=\"https:\/\/www.atletikaolomouc.cz\/wp-content\/uploads\/2021\/11\/DSC_6114-voz\u00ed\u010dk\u00e1\u0159i-5.-kolo-2019.jpg\"><img decoding=\"async\" loading=\"lazy\" class=\"wp-image-32645 aligncenter\" title=\"m\u00edsto fotky\" src=\"https:\/\/www.atletikaolomouc.cz\/wp-content\/uploads\/2021\/11\/DSC_6114-voz\u00ed\u010dk\u00e1\u0159i-5.-kolo-2019.jpg\" alt=\"\" width=\"208\" height=\"143\"><\/a><strong>Eva Kvapilov\u00e1<\/strong><\/td>\n<td style=\"text-align: center;\">F31<\/td>\n<td style=\"text-align: center;\">hod ku\u017eelkou, hod diskem<\/td>\n<\/tr>\n<tr>\n<td style=\"text-align: center;\"><strong><a href=\"https:\/\/www.atletikaolomouc.cz\/wp-content\/uploads\/2021\/11\/120202793_131172032039653_4050809618766641105_n.jpg\" rel=\"attachment wp-att-8144\"><img decoding=\"async\" loading=\"lazy\" class=\"alignnone wp-image-32647 \" title=\"m\u00edsto fotky\" src=\"https:\/\/www.atletikaolomouc.cz\/wp-content\/uploads\/2021\/11\/120202793_131172032039653_4050809618766641105_n.jpg\" alt=\"\" width=\"251\" height=\"177\" srcset=\"https:\/\/old.atletikaolomouc.cz\/wp-content\/uploads\/2021\/11\/120202793_131172032039653_4050809618766641105_n.jpg 1935w, https:\/\/old.atletikaolomouc.cz\/wp-content\/uploads\/2021\/11\/120202793_131172032039653_4050809618766641105_n-300x212.jpg 300w, https:\/\/old.atletikaolomouc.cz\/wp-content\/uploads\/2021\/11\/120202793_131172032039653_4050809618766641105_n-768x543.jpg 768w, https:\/\/old.atletikaolomouc.cz\/wp-content\/uploads\/2021\/11\/120202793_131172032039653_4050809618766641105_n-800x566.jpg 800w\" sizes=\"(max-width: 251px) 100vw, 251px\" \/><\/a><\/strong><strong>Ivana Drapov\u00e1<\/strong><\/td>\n<td style=\"text-align: center;\">F55<\/td>\n<td style=\"text-align: center;\">hod diskem, vrh koule<\/td>\n<\/tr>\n<tr>\n<td style=\"text-align: center;\">&nbsp;<a href=\"http:\/\/www.atletikaolomouc.cz\/?attachment_id=9742\" rel=\"attachment wp-att-9742\"><img decoding=\"async\" loading=\"lazy\" class=\"aligncenter wp-image-9742\" title=\"lenka horn\" src=\"http:\/\/www.atletikaolomouc.cz\/wp-content\/uploads\/2016\/02\/lenka-horn-300x300.jpg\" alt=\"\" width=\"160\" height=\"162\"><\/a><br \/>\n<strong>Lenka Hornov\u00e1<\/strong><\/td>\n<td>&nbsp;<\/td>\n<td>\n<p style=\"text-align: center;\"><strong>Nesly\u0161\u00edc\u00ed<\/strong> &#8211; vrh koul\u00ed, hod o\u0161t\u011bpem, hod diskem, hod kladivem&nbsp;<\/p>\n<\/td>\n<\/tr>\n<tr>\n<td>&nbsp;<\/td>\n<td>&nbsp;<\/td>\n<td>&nbsp;<\/td>\n<\/tr>\n<tr>\n<td><span style=\"font-size: large;\"><strong>Mu\u017ei<\/strong><\/span><\/td>\n<td>&nbsp;<\/td>\n<td>&nbsp;<\/td>\n<\/tr>\n<tr>\n<td>&nbsp;<\/td>\n<td style=\"text-align: center;\"><strong>&nbsp; &nbsp; &nbsp; &nbsp;<\/strong><\/td>\n<td style=\"text-align: center;\">&nbsp; &nbsp; &nbsp; &nbsp; &nbsp; &nbsp; &nbsp; &nbsp; &nbsp;&nbsp;<\/td>\n<\/tr>\n<tr>\n<td>\n<p style=\"text-align: center;\"><strong><a href=\"http:\/\/www.atletikaolomouc.cz\/?attachment_id=13838\" rel=\"attachment wp-att-13838\"><img decoding=\"async\" loading=\"lazy\" class=\"aligncenter wp-image-13838\" src=\"http:\/\/www.atletikaolomouc.cz\/wp-content\/uploads\/2019\/07\/rotter.jpg\" alt=\"\" width=\"153\" height=\"222\" srcset=\"https:\/\/old.atletikaolomouc.cz\/wp-content\/uploads\/2019\/07\/rotter.jpg 298w, https:\/\/old.atletikaolomouc.cz\/wp-content\/uploads\/2019\/07\/rotter-207x300.jpg 207w\" sizes=\"(max-width: 153px) 100vw, 153px\" \/><\/a><\/strong><strong>Michal Rotter<\/strong><\/p>\n<\/td>\n<td style=\"text-align: center;\">F55<\/td>\n<td style=\"text-align: center;\">hod o\u0161t\u011bpem,&nbsp;vrh koul\u00ed,&nbsp;hod diskem<\/td>\n<\/tr>\n<tr>\n<td style=\"text-align: center;\"><strong><a href=\"http:\/\/www.atletikaolomouc.cz\/?attachment_id=8138\" rel=\"attachment wp-att-8138\"><img decoding=\"async\" loading=\"lazy\" class=\" wp-image-8138 aligncenter\" title=\"du\u0161an o\u0161t\u011bp\" src=\"http:\/\/www.atletikaolomouc.cz\/wp-content\/uploads\/2016\/02\/DSCN9972-225x300.jpg\" alt=\"\" width=\"180\" height=\"240\" srcset=\"https:\/\/old.atletikaolomouc.cz\/wp-content\/uploads\/2016\/02\/DSCN9972-225x300.jpg 225w, https:\/\/old.atletikaolomouc.cz\/wp-content\/uploads\/2016\/02\/DSCN9972-450x600.jpg 450w, https:\/\/old.atletikaolomouc.cz\/wp-content\/uploads\/2016\/02\/DSCN9972.jpg 1500w\" sizes=\"(max-width: 180px) 100vw, 180px\" \/><\/a><\/strong><strong>Du\u0161an \u0160\u010dambura<\/strong><\/td>\n<td style=\"text-align: center;\">F55<\/td>\n<td style=\"text-align: center;\">hod o\u0161t\u011bpem,&nbsp;vrh koul\u00ed<\/td>\n<\/tr>\n<tr>\n<td style=\"text-align: center;\"><strong><a href=\"https:\/\/www.atletikaolomouc.cz\/wp-content\/uploads\/2021\/11\/filip-272x300.jpg\"><img decoding=\"async\" loading=\"lazy\" class=\"wp-image-32652 aligncenter\" title=\"m\u00edsto fotky\" src=\"https:\/\/www.atletikaolomouc.cz\/wp-content\/uploads\/2021\/11\/filip-272x300.jpg\" alt=\"\" width=\"259\" height=\"286\"><\/a>Filip Varto\u0148<\/strong><\/td>\n<td style=\"text-align: center;\">F52<\/td>\n<td style=\"text-align: center;\">hod diskem<\/td>\n<\/tr>\n<tr>\n<td style=\"text-align: center;\"><strong><a href=\"http:\/\/www.atletikaolomouc.cz\/?attachment_id=8139\" rel=\"attachment wp-att-8139\"><img decoding=\"async\" loading=\"lazy\" class=\" wp-image-8139 aligncenter\" title=\"luk\u00e1\u0161 kunc\" src=\"http:\/\/www.atletikaolomouc.cz\/wp-content\/uploads\/2016\/02\/DSCN99531-225x300.jpg\" alt=\"\" width=\"183\" height=\"243\" srcset=\"https:\/\/old.atletikaolomouc.cz\/wp-content\/uploads\/2016\/02\/DSCN99531-225x300.jpg 225w, https:\/\/old.atletikaolomouc.cz\/wp-content\/uploads\/2016\/02\/DSCN99531-450x600.jpg 450w, https:\/\/old.atletikaolomouc.cz\/wp-content\/uploads\/2016\/02\/DSCN99531.jpg 1500w\" sizes=\"(max-width: 183px) 100vw, 183px\" \/><\/a>Luk\u00e1\u0161 Kunc<\/strong><\/td>\n<td style=\"text-align: center;\">F55<\/td>\n<td style=\"text-align: center;\">vrh koul\u00ed,&nbsp;hod diskem<\/td>\n<\/tr>\n<tr>\n<td style=\"text-align: center;\"><strong><a href=\"https:\/\/www.atletikaolomouc.cz\/wp-content\/uploads\/2021\/11\/IMG_20210603_193421-1.jpg\" rel=\"attachment wp-att-13836\"><img decoding=\"async\" loading=\"lazy\" class=\"wp-image-32654 aligncenter\" src=\"https:\/\/www.atletikaolomouc.cz\/wp-content\/uploads\/2021\/11\/IMG_20210603_193421-1.jpg\" alt=\"\" width=\"169\" height=\"340\"><\/a>&nbsp; &nbsp; &nbsp;&nbsp;Jan Mo\u0161t\u011bk<\/strong><\/td>\n<td style=\"text-align: center;\">T37<\/td>\n<td style=\"text-align: center;\">100m,200m,400m<\/td>\n<\/tr>\n<tr>\n<td style=\"text-align: center;\"><strong><a href=\"http:\/\/www.atletikaolomouc.cz\/?attachment_id=8141\" rel=\"attachment wp-att-8141\"><img decoding=\"async\" loading=\"lazy\" class=\"aligncenter wp-image-8141\" title=\"kukla\" src=\"http:\/\/www.atletikaolomouc.cz\/wp-content\/uploads\/2016\/02\/kukla-e1480600900336-292x300.jpg\" alt=\"\" width=\"187\" height=\"192\" srcset=\"https:\/\/old.atletikaolomouc.cz\/wp-content\/uploads\/2016\/02\/kukla-e1480600900336-292x300.jpg 292w, https:\/\/old.atletikaolomouc.cz\/wp-content\/uploads\/2016\/02\/kukla-e1480600900336.jpg 487w\" sizes=\"(max-width: 187px) 100vw, 187px\" \/><\/a>Martin Kukla<\/strong><\/td>\n<td style=\"text-align: center;\">F37<\/td>\n<td style=\"text-align: center;\">hod o\u0161t\u011bpem, vrh koul\u00ed<\/td>\n<\/tr>\n<tr>\n<td style=\"text-align: center;\"><strong><a href=\"http:\/\/www.atletikaolomouc.cz\/?attachment_id=8144\" rel=\"attachment wp-att-8144\"><br \/>\n<\/a><br \/>\n<\/strong><\/td>\n<td style=\"text-align: center;\">&nbsp;<\/td>\n<td style=\"text-align: center;\">&nbsp;<\/td>\n<\/tr>\n<tr>\n<td>&nbsp;<\/td>\n<td>&nbsp;<\/td>\n<td>&nbsp;<\/td>\n<\/tr>\n<tr>\n<td>&nbsp;<\/td>\n<td>&nbsp;<\/td>\n<td>&nbsp;<\/td>\n<\/tr>\n<tr>\n<td>&nbsp;<\/td>\n<td>&nbsp;<\/td>\n<td>&nbsp;<\/td>\n<\/tr>\n<\/tbody>\n<\/table>\n<p>&nbsp;<\/p>\n<p>&nbsp;<\/p>\n<p>&nbsp;<\/p>\n<p>&nbsp;<\/p>\n<p>&nbsp;<\/p>\n<p>&nbsp;<\/p>\n<p>&nbsp;<\/p>\n<p>&nbsp;<\/p>\n<p>&nbsp;<\/p>\n<p>&nbsp;<\/p>\n","protected":false},"excerpt":{"rendered":"<p>Sestava &#8222;Olomouck\u00fdch atlet\u016f&#8220; \u017deny &nbsp; &nbsp; &nbsp; &nbsp; &nbsp; &nbsp; &nbsp; &nbsp; &nbsp; &nbsp; Eva Kacanu F54 vrh koul\u00ed, hod diskem, hod o\u0161t\u011bpem Ad\u00e9la Sekyrov\u00e1 F32 hod ku\u017eelkou,&nbsp;hod diskem Eva Kvapilov\u00e1 F31 hod ku\u017eelkou, hod diskem Ivana Drapov\u00e1 F55 hod &hellip; <a href=\"https:\/\/old.atletikaolomouc.cz\/?page_id=7021\">Continue reading <span class=\"meta-nav\">&rarr;<\/span><\/a><\/p>\n","protected":false},"author":3,"featured_media":0,"parent":7011,"menu_order":3,"comment_status":"closed","ping_status":"closed","template":"","meta":{"ngg_post_thumbnail":0},"_links":{"self":[{"href":"https:\/\/old.atletikaolomouc.cz\/index.php?rest_route=\/wp\/v2\/pages\/7021"}],"collection":[{"href":"https:\/\/old.atletikaolomouc.cz\/index.php?rest_route=\/wp\/v2\/pages"}],"about":[{"href":"https:\/\/old.atletikaolomouc.cz\/index.php?rest_route=\/wp\/v2\/types\/page"}],"author":[{"embeddable":true,"href":"https:\/\/old.atletikaolomouc.cz\/index.php?rest_route=\/wp\/v2\/users\/3"}],"replies":[{"embeddable":true,"href":"https:\/\/old.atletikaolomouc.cz\/index.php?rest_route=%2Fwp%2Fv2%2Fcomments&post=7021"}],"version-history":[{"count":29,"href":"https:\/\/old.atletikaolomouc.cz\/index.php?rest_route=\/wp\/v2\/pages\/7021\/revisions"}],"predecessor-version":[{"id":32853,"href":"https:\/\/old.atletikaolomouc.cz\/index.php?rest_route=\/wp\/v2\/pages\/7021\/revisions\/32853"}],"up":[{"embeddable":true,"href":"https:\/\/old.atletikaolomouc.cz\/index.php?rest_route=\/wp\/v2\/pages\/7011"}],"wp:attachment":[{"href":"https:\/\/old.atletikaolomouc.cz\/index.php?rest_route=%2Fwp%2Fv2%2Fmedia&parent=7021"}],"curies":[{"name":"wp","href":"https:\/\/api.w.org\/{rel}","templated":true}]}}