{"id":7023,"date":"2016-02-24T14:53:32","date_gmt":"2016-02-24T13:53:32","guid":{"rendered":"http:\/\/www.atletikaolomouc.cz\/?page_id=7023"},"modified":"2022-02-11T10:28:25","modified_gmt":"2022-02-11T09:28:25","slug":"kontakty","status":"publish","type":"page","link":"https:\/\/old.atletikaolomouc.cz\/?page_id=7023","title":{"rendered":"Kontakty"},"content":{"rendered":"<p>&nbsp;<\/p>\n<table style=\"height: 1082px;\" border=\"0\">\n<tbody>\n<tr style=\"height: 256px;\">\n<td style=\"height: 256px; width: 243px;\">\n<p style=\"text-align: left;\"><strong><a href=\"http:\/\/www.atletikaolomouc.cz\/?attachment_id=10951\" rel=\"attachment wp-att-10951\"><img decoding=\"async\" loading=\"lazy\" class=\"wp-image-10951 aligncenter\" src=\"http:\/\/www.atletikaolomouc.cz\/wp-content\/uploads\/2018\/10\/eva-411x600.jpg\" alt=\"\" width=\"151\" height=\"221\" srcset=\"https:\/\/old.atletikaolomouc.cz\/wp-content\/uploads\/2018\/10\/eva-411x600.jpg 411w, https:\/\/old.atletikaolomouc.cz\/wp-content\/uploads\/2018\/10\/eva-206x300.jpg 206w, https:\/\/old.atletikaolomouc.cz\/wp-content\/uploads\/2018\/10\/eva-768x1121.jpg 768w, https:\/\/old.atletikaolomouc.cz\/wp-content\/uploads\/2018\/10\/eva.jpg 1233w\" sizes=\"(max-width: 151px) 100vw, 151px\" \/><\/a><\/strong><\/p>\n<\/td>\n<td style=\"height: 256px; width: 317px;\">\n<p style=\"text-align: center;\"><strong>P\u0159edsedkyn\u011b sekce zdr. posti\u017een\u00fdch<br \/>\n<\/strong>Mgr. Eva Kacanu<\/p>\n<p style=\"text-align: center;\"><a href=\"mailto:evakacanu@seznam.cz\">evakacanu@seznam.cz<\/a><\/p>\n<\/td>\n<\/tr>\n<tr style=\"height: 60px;\">\n<td style=\"height: 60px; width: 243px;\"><strong>Tren\u00e9\u0159i a asistenti zdravotn\u011b posti\u017een\u00fdch<\/strong><\/td>\n<td style=\"height: 60px; width: 317px;\">&nbsp;<\/td>\n<\/tr>\n<tr style=\"height: 92px;\">\n<td style=\"height: 92px; width: 243px;\"><a href=\"http:\/\/www.atletikaolomouc.cz\/wp-content\/uploads\/2020\/09\/\u0161ebe\u010dkova.jpg\"><img decoding=\"async\" loading=\"lazy\" class=\"size-thumbnail wp-image-19547 aligncenter\" src=\"http:\/\/www.atletikaolomouc.cz\/wp-content\/uploads\/2020\/09\/\u0161ebe\u010dkova-150x150.jpg\" alt=\"\" width=\"150\" height=\"150\" srcset=\"https:\/\/old.atletikaolomouc.cz\/wp-content\/uploads\/2020\/09\/\u0161ebe\u010dkova-150x150.jpg 150w, https:\/\/old.atletikaolomouc.cz\/wp-content\/uploads\/2020\/09\/\u0161ebe\u010dkova-300x300.jpg 300w, https:\/\/old.atletikaolomouc.cz\/wp-content\/uploads\/2020\/09\/\u0161ebe\u010dkova.jpg 512w\" sizes=\"(max-width: 150px) 100vw, 150px\" \/><\/a><\/td>\n<td style=\"height: 92px; width: 317px;\">\n<p style=\"text-align: center;\"><strong>Vedouc\u00ed tren\u00e9rka<\/strong><br \/>\nMgr. Vendula \u0160ebe\u010dkov\u00e1<\/p>\n<p style=\"text-align: center;\"><a href=\"mailto:vendulasebeckova@gmail.com\">vendulasebeckova@gmail.com<\/a><\/p>\n<\/td>\n<\/tr>\n<tr style=\"height: 154px;\">\n<td style=\"height: 154px; width: 243px;\"><a href=\"https:\/\/www.atletikaolomouc.cz\/wp-content\/uploads\/2022\/02\/alena-matejakova-Czech-Sport-Group2.jpg\"><img decoding=\"async\" loading=\"lazy\" class=\"wp-image-33094 aligncenter\" src=\"https:\/\/www.atletikaolomouc.cz\/wp-content\/uploads\/2022\/02\/alena-matejakova-Czech-Sport-Group2.jpg\" alt=\"\" width=\"218\" height=\"145\" srcset=\"https:\/\/old.atletikaolomouc.cz\/wp-content\/uploads\/2022\/02\/alena-matejakova-Czech-Sport-Group2.jpg 2000w, https:\/\/old.atletikaolomouc.cz\/wp-content\/uploads\/2022\/02\/alena-matejakova-Czech-Sport-Group2-300x200.jpg 300w, https:\/\/old.atletikaolomouc.cz\/wp-content\/uploads\/2022\/02\/alena-matejakova-Czech-Sport-Group2-768x512.jpg 768w, https:\/\/old.atletikaolomouc.cz\/wp-content\/uploads\/2022\/02\/alena-matejakova-Czech-Sport-Group2-800x533.jpg 800w, https:\/\/old.atletikaolomouc.cz\/wp-content\/uploads\/2022\/02\/alena-matejakova-Czech-Sport-Group2-385x258.jpg 385w, https:\/\/old.atletikaolomouc.cz\/wp-content\/uploads\/2022\/02\/alena-matejakova-Czech-Sport-Group2-325x215.jpg 325w\" sizes=\"(max-width: 218px) 100vw, 218px\" \/><\/a><\/td>\n<td style=\"height: 154px; width: 317px;\">\n<p style=\"text-align: center;\">Alena Mat\u011bj\u00e1kov\u00e1<\/p>\n<p style=\"text-align: center;\"><a href=\"mailto:tazmanerker@gmail.com%20\">tazmanerker@gmail.com <\/a><\/p>\n<\/td>\n<\/tr>\n<tr>\n<td style=\"width: 243px;\"><a href=\"http:\/\/www.atletikaolomouc.cz\/wp-content\/uploads\/2020\/09\/119899698_377590686592873_930366602888744851_n.jpg\"><img decoding=\"async\" loading=\"lazy\" class=\"size-thumbnail wp-image-19796 aligncenter\" src=\"http:\/\/www.atletikaolomouc.cz\/wp-content\/uploads\/2020\/09\/119899698_377590686592873_930366602888744851_n-150x150.jpg\" alt=\"\" width=\"150\" height=\"150\" srcset=\"https:\/\/old.atletikaolomouc.cz\/wp-content\/uploads\/2020\/09\/119899698_377590686592873_930366602888744851_n-150x150.jpg 150w, https:\/\/old.atletikaolomouc.cz\/wp-content\/uploads\/2020\/09\/119899698_377590686592873_930366602888744851_n-300x300.jpg 300w, https:\/\/old.atletikaolomouc.cz\/wp-content\/uploads\/2020\/09\/119899698_377590686592873_930366602888744851_n-599x600.jpg 599w, https:\/\/old.atletikaolomouc.cz\/wp-content\/uploads\/2020\/09\/119899698_377590686592873_930366602888744851_n.jpg 670w\" sizes=\"(max-width: 150px) 100vw, 150px\" \/><\/a><\/td>\n<td style=\"width: 317px;\">\n<p style=\"text-align: center;\">Bc. Lenka Hornov\u00e1<\/p>\n<p style=\"text-align: center;\"><a href=\"mailto:lhornova@gmail.com\">lhornova@gmail.com<\/a><\/p>\n<\/td>\n<\/tr>\n<tr>\n<td style=\"width: 243px;\"><a href=\"http:\/\/www.atletikaolomouc.cz\/wp-content\/uploads\/2020\/09\/H\u00e9\u017ea.jpg\"><img decoding=\"async\" loading=\"lazy\" class=\"size-thumbnail wp-image-19545 aligncenter\" src=\"http:\/\/www.atletikaolomouc.cz\/wp-content\/uploads\/2020\/09\/H\u00e9\u017ea-150x150.jpg\" alt=\"\" width=\"150\" height=\"150\"><\/a><\/td>\n<td style=\"width: 317px;\">\n<p style=\"text-align: center;\">Jakub H\u00e9\u017ea<\/p>\n<p style=\"text-align: center;\"><a href=\"mailto:j.heza@seznam.cz\">j.heza@seznam.cz<\/a><\/p>\n<\/td>\n<\/tr>\n<tr style=\"height: 170px;\">\n<td style=\"width: 243px; height: 170px;\"><a href=\"http:\/\/www.atletikaolomouc.cz\/wp-content\/uploads\/2020\/09\/Morbitzerov\u00e1.jpg\"><img decoding=\"async\" loading=\"lazy\" class=\"size-thumbnail wp-image-19542 aligncenter\" src=\"http:\/\/www.atletikaolomouc.cz\/wp-content\/uploads\/2020\/09\/Morbitzerov\u00e1-150x150.jpg\" alt=\"\" width=\"150\" height=\"150\" srcset=\"https:\/\/old.atletikaolomouc.cz\/wp-content\/uploads\/2020\/09\/Morbitzerov\u00e1-150x150.jpg 150w, https:\/\/old.atletikaolomouc.cz\/wp-content\/uploads\/2020\/09\/Morbitzerov\u00e1-300x300.jpg 300w, https:\/\/old.atletikaolomouc.cz\/wp-content\/uploads\/2020\/09\/Morbitzerov\u00e1-768x768.jpg 768w, https:\/\/old.atletikaolomouc.cz\/wp-content\/uploads\/2020\/09\/Morbitzerov\u00e1-600x600.jpg 600w, https:\/\/old.atletikaolomouc.cz\/wp-content\/uploads\/2020\/09\/Morbitzerov\u00e1.jpg 1536w\" sizes=\"(max-width: 150px) 100vw, 150px\" \/><\/a><\/td>\n<td style=\"width: 317px; height: 170px;\">\n<p style=\"text-align: center;\">Karol\u00edna Morbitzerov\u00e1<\/p>\n<p style=\"text-align: center;\"><a href=\"mailto:karolina.morbitzerova@seznam.cz\" target=\"_blank\" rel=\"noopener\">karolina.morbitzerova@seznam.<wbr>cz<\/a><\/p>\n<\/td>\n<\/tr>\n<tr>\n<td style=\"width: 243px;\"><a href=\"http:\/\/www.atletikaolomouc.cz\/?attachment_id=7184\" rel=\"attachment wp-att-7184\"><img decoding=\"async\" loading=\"lazy\" class=\"wp-image-7184 aligncenter\" title=\"iva doha\" src=\"http:\/\/www.atletikaolomouc.cz\/wp-content\/uploads\/2016\/02\/iva-doha-196x300.jpg\" alt=\"\" width=\"106\" height=\"162\" srcset=\"https:\/\/old.atletikaolomouc.cz\/wp-content\/uploads\/2016\/02\/iva-doha-196x300.jpg 196w, https:\/\/old.atletikaolomouc.cz\/wp-content\/uploads\/2016\/02\/iva-doha-392x600.jpg 392w, https:\/\/old.atletikaolomouc.cz\/wp-content\/uploads\/2016\/02\/iva-doha.jpg 1359w\" sizes=\"(max-width: 106px) 100vw, 106px\" \/><\/a><\/td>\n<td style=\"width: 317px;\">\n<p style=\"text-align: center;\">&nbsp;Mgr. Iva Machov\u00e1, Ph.D.<\/p>\n<p style=\"text-align: center;\"><a href=\"mailto:iva_machova@yahoo.co.uk\">iva_machova@yahoo.co.uk<\/a><\/p>\n<\/td>\n<\/tr>\n<tr style=\"height: 75px;\">\n<td style=\"height: 75px; width: 243px;\">&nbsp;<img decoding=\"async\" loading=\"lazy\" class=\"aligncenter\" title=\"janca\" src=\"http:\/\/www.atletikaolomouc.cz\/wp-content\/uploads\/2016\/02\/janca-300x188.jpg\" alt=\"\" width=\"154\" height=\"96\"><\/td>\n<td style=\"height: 75px; width: 317px;\">\n<p style=\"text-align: center;\"><strong>Fyzioterapeut<br \/>\n<\/strong>Mgr. Jana Kuncov\u00e1, Dis.<\/p>\n<p style=\"text-align: center;\"><a href=\"http:\/\/www.fyzioterapie-kuncova.cz\">jana.kuncova@centrum.cz<\/a><br \/>\n<a href=\"http:\/\/www.fyzioterapie-kuncova.cz\" target=\"_blank\" rel=\"noopener\">www.fyzioterapie-kuncova.cz<\/a><\/p>\n<\/td>\n<\/tr>\n<\/tbody>\n<\/table>\n<p>&nbsp;<\/p>\n<p>&nbsp;<\/p>\n<p>&nbsp;<\/p>\n<p>&nbsp;<\/p>\n<p>&nbsp;<\/p>\n<p>&nbsp;<\/p>\n","protected":false},"excerpt":{"rendered":"<p>&nbsp; P\u0159edsedkyn\u011b sekce zdr. posti\u017een\u00fdch Mgr. Eva Kacanu evakacanu@seznam.cz Tren\u00e9\u0159i a asistenti zdravotn\u011b posti\u017een\u00fdch &nbsp; Vedouc\u00ed tren\u00e9rka Mgr. Vendula \u0160ebe\u010dkov\u00e1 vendulasebeckova@gmail.com Alena Mat\u011bj\u00e1kov\u00e1 tazmanerker@gmail.com Bc. Lenka Hornov\u00e1 lhornova@gmail.com Jakub H\u00e9\u017ea j.heza@seznam.cz Karol\u00edna Morbitzerov\u00e1 karolina.morbitzerova@seznam.cz &nbsp;Mgr. Iva Machov\u00e1, Ph.D. iva_machova@yahoo.co.uk &nbsp; &hellip; <a href=\"https:\/\/old.atletikaolomouc.cz\/?page_id=7023\">Continue reading <span class=\"meta-nav\">&rarr;<\/span><\/a><\/p>\n","protected":false},"author":3,"featured_media":0,"parent":7011,"menu_order":4,"comment_status":"closed","ping_status":"closed","template":"","meta":{"ngg_post_thumbnail":0},"_links":{"self":[{"href":"https:\/\/old.atletikaolomouc.cz\/index.php?rest_route=\/wp\/v2\/pages\/7023"}],"collection":[{"href":"https:\/\/old.atletikaolomouc.cz\/index.php?rest_route=\/wp\/v2\/pages"}],"about":[{"href":"https:\/\/old.atletikaolomouc.cz\/index.php?rest_route=\/wp\/v2\/types\/page"}],"author":[{"embeddable":true,"href":"https:\/\/old.atletikaolomouc.cz\/index.php?rest_route=\/wp\/v2\/users\/3"}],"replies":[{"embeddable":true,"href":"https:\/\/old.atletikaolomouc.cz\/index.php?rest_route=%2Fwp%2Fv2%2Fcomments&post=7023"}],"version-history":[{"count":43,"href":"https:\/\/old.atletikaolomouc.cz\/index.php?rest_route=\/wp\/v2\/pages\/7023\/revisions"}],"predecessor-version":[{"id":33093,"href":"https:\/\/old.atletikaolomouc.cz\/index.php?rest_route=\/wp\/v2\/pages\/7023\/revisions\/33093"}],"up":[{"embeddable":true,"href":"https:\/\/old.atletikaolomouc.cz\/index.php?rest_route=\/wp\/v2\/pages\/7011"}],"wp:attachment":[{"href":"https:\/\/old.atletikaolomouc.cz\/index.php?rest_route=%2Fwp%2Fv2%2Fmedia&parent=7023"}],"curies":[{"name":"wp","href":"https:\/\/api.w.org\/{rel}","templated":true}]}}