{"id":929,"date":"2012-03-19T11:57:31","date_gmt":"2012-03-19T10:57:31","guid":{"rendered":"http:\/\/www.atletikaolomouc.cz\/?page_id=929"},"modified":"2022-11-02T12:14:01","modified_gmt":"2022-11-02T11:14:01","slug":"skupiny-atletickych-pripravek","status":"publish","type":"page","link":"https:\/\/old.atletikaolomouc.cz\/?page_id=929","title":{"rendered":"Skupiny"},"content":{"rendered":"<h3><span style=\"text-decoration: underline;\"><span style=\"font-size: 18pt;\"><strong><span style=\"color: #ff0000; text-decoration: underline;\">Rozpis skupin 2022\/2023<\/span><\/strong><\/span><\/span><\/h3>\r\n<h4>D\u011bti &#8211; 4-11 let<\/h4>\r\n<p style=\"text-align: justify;\"><strong>Atletick\u00e1 \u0161kolka &#8211; 4 &#8211; 5 let<br><\/strong>&#8211; hry a v\u0161eobecn\u00e1 pohybov\u00e1 p\u0159\u00edprava<br>&#8211; vytvo\u0159en\u00ed pozitivn\u00edho p\u0159\u00edstupu k pohybov\u00e9 aktivit\u011b<br>&#8211; rozvoj pohybov\u00fdch schopnost\u00ed a motorick\u00fdch dovednost\u00ed<br>&#8211; POZOR! &#8211; do skupiny budou p\u0159ijaty pouze d\u011bti, kter\u00e9 dovr\u0161\u00ed nejpozd\u011bji v z\u00e1\u0159\u00ed 2022 v\u011bku alespo\u0148 4 let<\/p>\r\n<table style=\"height: 380px;\" border=\"1\">\r\n<tbody>\r\n<tr style=\"height: 32px;\">\r\n<td style=\"height: 21px; width: 104px;\"><strong>0A skupina<\/strong><\/td>\r\n<td style=\"height: 21px; width: 203px;\">d\u011bti ro\u010dn\u00edk\u016f 2017-2018<\/td>\r\n<td style=\"height: 21px; width: 251px;\"><a href=\"https:\/\/www.atletikaolomouc.cz\/?page_id=981\" target=\"_blank\" rel=\"noopener\">tren\u00e9\u0159i Do\u010dkal, Popov\u00e1<\/a><\/td>\r\n<\/tr>\r\n<tr style=\"height: 32px;\">\r\n<td style=\"height: 19px; width: 104px;\">&nbsp;<\/td>\r\n<td style=\"height: 19px; width: 203px;\">&nbsp;<\/td>\r\n<td style=\"height: 19px; width: 251px;\">&nbsp;<\/td>\r\n<\/tr>\r\n<tr style=\"height: 32px;\">\r\n<td style=\"height: 19px; width: 104px;\">Pond\u011bl\u00ed<\/td>\r\n<td style=\"height: 19px; width: 203px;\"><a href=\"http:\/\/www.mapy.cz\/#x=17.259128&amp;y=49.590332&amp;z=16&amp;c=14-23-27-28-29-30&amp;umc=972vwxVFXH&amp;uml=Olomouc%2C%20okres%20Olomouc&amp;u=m\" target=\"_blank\" rel=\"noopener\">stadion TJ Lokomotiva<\/a><\/td>\r\n<td style=\"height: 19px; width: 251px;\">16:00 &#8211; 17:00<\/td>\r\n<\/tr>\r\n<tr style=\"height: 32px;\">\r\n<td style=\"height: 24px; width: 104px;\">v zim\u011b&nbsp;<\/td>\r\n<td style=\"height: 24px; width: 203px;\">t\u011blocvi\u010dna TJ Lokomotiva<\/td>\r\n<td style=\"height: 24px; width: 251px;\">&nbsp;ve stejn\u00e9 \u010dasy<\/td>\r\n<\/tr>\r\n<tr style=\"height: 32px;\">\r\n<td style=\"height: 13px; width: 104px;\">&nbsp;<\/td>\r\n<td style=\"height: 13px; width: 203px;\">&nbsp;<\/td>\r\n<td style=\"height: 13px; width: 251px;\">&nbsp;<\/td>\r\n<\/tr>\r\n<tr style=\"height: 32px;\">\r\n<td style=\"height: 26px; width: 104px;\"><strong>0B skupina<\/strong><\/td>\r\n<td style=\"height: 26px; width: 203px;\">d\u011bti ro\u010dn\u00edk\u016f 2017-2018<\/td>\r\n<td style=\"height: 26px; width: 251px;\"><a href=\"https:\/\/www.atletikaolomouc.cz\/?page_id=981\" target=\"_blank\" rel=\"noopener\">tren\u00e9rky Do\u010dkalov\u00e1, Salamonov\u00e1<\/a><\/td>\r\n<\/tr>\r\n<tr style=\"height: 32px;\">\r\n<td style=\"height: 17px; width: 104px;\">&nbsp;<\/td>\r\n<td style=\"height: 17px; width: 203px;\">&nbsp;<\/td>\r\n<td style=\"height: 17px; width: 251px;\">&nbsp;<\/td>\r\n<\/tr>\r\n<tr style=\"height: 32px;\">\r\n<td style=\"height: 21px; width: 104px;\">\u00dater\u00fd<\/td>\r\n<td style=\"height: 21px; width: 203px;\"><a href=\"http:\/\/www.mapy.cz\/#x=17.259128&amp;y=49.590332&amp;z=16&amp;c=14-23-27-28-29-30&amp;umc=972vwxVFXH&amp;uml=Olomouc%2C%20okres%20Olomouc&amp;u=m\" target=\"_blank\" rel=\"noopener\">stadion TJ Lokomotiva<\/a><\/td>\r\n<td style=\"height: 21px; width: 251px;\">16:00 &#8211; 17:00<\/td>\r\n<\/tr>\r\n<tr style=\"height: 32px;\">\r\n<td style=\"height: 23px; width: 104px;\">v zim\u011b&nbsp;<\/td>\r\n<td style=\"height: 23px; width: 203px;\">t\u011blocvi\u010dna TJ Lokomotiva<\/td>\r\n<td style=\"height: 23px; width: 251px;\">&nbsp;ve stejn\u00e9 \u010dasy<\/td>\r\n<\/tr>\r\n<tr style=\"height: 32px;\">\r\n<td style=\"height: 17px; width: 104px;\">&nbsp;<\/td>\r\n<td style=\"height: 17px; width: 203px;\">&nbsp;<\/td>\r\n<td style=\"height: 17px; width: 251px;\">&nbsp;<\/td>\r\n<\/tr>\r\n<tr style=\"height: 32px;\">\r\n<td style=\"height: 21px; width: 104px;\"><strong><strong>0C skupina<\/strong><\/strong><\/td>\r\n<td style=\"height: 21px; width: 203px;\">d\u011bti ro\u010dn\u00edk\u016f 2017-2018<\/td>\r\n<td style=\"height: 21px; width: 251px;\"><a href=\"https:\/\/www.atletikaolomouc.cz\/?page_id=981\" target=\"_blank\" rel=\"noopener\">tren\u00e9rky Ut\u011b\u0161en\u00e1, Niebauerov\u00e1<\/a><\/td>\r\n<\/tr>\r\n<tr style=\"height: 32px;\">\r\n<td style=\"height: 18px; width: 104px;\">&nbsp;<\/td>\r\n<td style=\"height: 18px; width: 203px;\">&nbsp;<\/td>\r\n<td style=\"height: 18px; width: 251px;\">&nbsp;<\/td>\r\n<\/tr>\r\n<tr style=\"height: 32px;\">\r\n<td style=\"height: 21px; width: 104px;\">St\u0159eda<\/td>\r\n<td style=\"height: 21px; width: 203px;\"><a href=\"http:\/\/www.mapy.cz\/#x=17.259128&amp;y=49.590332&amp;z=16&amp;c=14-23-27-28-29-30&amp;umc=972vwxVFXH&amp;uml=Olomouc%2C%20okres%20Olomouc&amp;u=m\" target=\"_blank\" rel=\"noopener\">stadion TJ Lokomotiva<\/a><\/td>\r\n<td style=\"height: 21px; width: 251px;\">16:00 &#8211; 17:00<\/td>\r\n<\/tr>\r\n<tr style=\"height: 32px;\">\r\n<td style=\"height: 20px; width: 104px;\">v zim\u011b&nbsp;<\/td>\r\n<td style=\"height: 20px; width: 203px;\">t\u011blocvi\u010dna TJ Lokomotiva<\/td>\r\n<td style=\"height: 20px; width: 251px;\">&nbsp;ve stejn\u00e9 \u010dasy<\/td>\r\n<\/tr>\r\n<tr style=\"height: 32px;\">\r\n<td style=\"height: 19px; width: 104px;\">&nbsp;<\/td>\r\n<td style=\"height: 19px; width: 203px;\">&nbsp;<\/td>\r\n<td style=\"height: 19px; width: 251px;\">&nbsp;<\/td>\r\n<\/tr>\r\n<tr style=\"height: 32px;\">\r\n<td style=\"height: 21px; width: 104px;\"><strong>0D skupina<\/strong><\/td>\r\n<td style=\"height: 21px; width: 203px;\">d\u011bti ro\u010dn\u00edk\u016f 2017-2018<\/td>\r\n<td style=\"height: 21px; width: 251px;\"><a href=\"https:\/\/www.atletikaolomouc.cz\/?page_id=981\" target=\"_blank\" rel=\"noopener\">tren\u00e9rky Do\u010dkalov\u00e1, Marzollov\u00e1<\/a><\/td>\r\n<\/tr>\r\n<tr style=\"height: 32px;\">\r\n<td style=\"height: 16px; width: 104px;\">&nbsp;<\/td>\r\n<td style=\"height: 16px; width: 203px;\">&nbsp;<\/td>\r\n<td style=\"height: 16px; width: 251px;\">&nbsp;<\/td>\r\n<\/tr>\r\n<tr style=\"height: 32px;\">\r\n<td style=\"height: 22px; width: 104px;\">\u010ctvrtek<\/td>\r\n<td style=\"height: 22px; width: 203px;\"><a href=\"http:\/\/www.mapy.cz\/#x=17.259128&amp;y=49.590332&amp;z=16&amp;c=14-23-27-28-29-30&amp;umc=972vwxVFXH&amp;uml=Olomouc%2C%20okres%20Olomouc&amp;u=m\" target=\"_blank\" rel=\"noopener\">stadion TJ Lokomotiva<\/a><\/td>\r\n<td style=\"height: 22px; width: 251px;\">16:00 &#8211; 17:00<\/td>\r\n<\/tr>\r\n<tr style=\"height: 32px;\">\r\n<td style=\"height: 22px; width: 104px;\">v zim\u011b&nbsp;<\/td>\r\n<td style=\"height: 22px; width: 203px;\">t\u011blocvi\u010dna TJ Lokomotiva<\/td>\r\n<td style=\"height: 22px; width: 251px;\">&nbsp;ve stejn\u00e9 \u010dasy<\/td>\r\n<\/tr>\r\n<\/tbody>\r\n<\/table>\r\n<p style=\"text-align: justify;\"><strong><br>Mal\u00e1 p\u0159\u00edpravka &#8211; 6 &#8211; 8 let<br><\/strong>&#8211; hry a v\u0161eobecn\u00e1 sportovn\u00ed p\u0159\u00edprava<br>&#8211; vytvo\u0159en\u00ed pozitivn\u00edho p\u0159\u00edstupu k pohybov\u00e9 aktivit\u011b<br>&#8211; rozvoj pohybov\u00fdch schopnost\u00ed a motorick\u00fdch dovednost\u00ed<br>&#8211; atletika, gymnastika, modifikovan\u00e9 m\u00ed\u010dov\u00e9 hry\u2026v\u0161echno formou, respektuj\u00edc\u00ed v\u011bk d\u00edt\u011bte<br>&#8211; c\u00edlem t\u00e9to \u010d\u00e1sti p\u0159\u00edpravky by m\u011bl b\u00fdt zdrav\u00fd fyzick\u00fd, psychick\u00fd, soci\u00e1ln\u00ed r\u016fst d\u00edt\u011bte a uv\u011bdom\u011bn\u00ed si&#8230; &#8222;k \u010demu m\u00e1m ruce, nohy,&#8230; jak se daj\u00ed pou\u017e\u00edvat&#8230;m\u00e1m tu kamar\u00e1dy&#8230;a je mi tu dob\u0159e :)&#8220;<\/p>\r\n<table style=\"height: 354px; width: 582px;\" border=\"1\">\r\n<tbody>\r\n<tr style=\"height: 23px;\">\r\n<td style=\"width: 100.287px; height: 23px;\"><strong>1.skupina<\/strong><\/td>\r\n<td style=\"width: 235.663px; height: 23px;\">d\u011bti ro\u010dn\u00edk\u016f 2014-2016<\/td>\r\n<td style=\"width: 225.65px; height: 23px;\"><a href=\"https:\/\/www.atletikaolomouc.cz\/?page_id=981\" target=\"_blank\" rel=\"noopener\">tren\u00e9rky \u0160r\u016ftov\u00e1, Stejskal<\/a><\/td>\r\n<\/tr>\r\n<tr style=\"height: 18px;\">\r\n<td style=\"width: 100.287px; height: 18px;\">&nbsp;<\/td>\r\n<td style=\"width: 235.663px; height: 18px;\">&nbsp;<\/td>\r\n<td style=\"width: 225.65px; height: 18px;\">&nbsp;<\/td>\r\n<\/tr>\r\n<tr style=\"height: 21px;\">\r\n<td style=\"width: 100.287px; height: 21px;\">Pond\u011bl\u00ed<\/td>\r\n<td style=\"width: 235.663px; height: 21px;\"><a href=\"http:\/\/www.mapy.cz\/#x=17.243216&amp;y=49.579190&amp;z=16&amp;c=14-23-27-28-29-30&amp;umc=97Bv-xVCV.&amp;uml=Olomouc%2C%20okres%20Olomouc&amp;u=m\" target=\"_blank\" rel=\"noopener\">h\u0159i\u0161t\u011b Z\u0160 Heyrovsk\u00e9ho<\/a><\/td>\r\n<td style=\"width: 225.65px; height: 21px;\">16:30 &#8211; 18:00<\/td>\r\n<\/tr>\r\n<tr style=\"height: 19px;\">\r\n<td style=\"width: 100.287px; height: 19px;\">St\u0159eda<\/td>\r\n<td style=\"width: 235.663px; height: 19px;\"><a href=\"http:\/\/www.mapy.cz\/#x=17.243216&amp;y=49.579190&amp;z=16&amp;c=14-23-27-28-29-30&amp;umc=97Bv-xVCV.&amp;uml=Olomouc%2C%20okres%20Olomouc&amp;u=m\" target=\"_blank\" rel=\"noopener\">h\u0159i\u0161t\u011b Z\u0160 Heyrovsk\u00e9ho<\/a><\/td>\r\n<td style=\"width: 225.65px; height: 19px;\">16:30 &#8211; 18:00<\/td>\r\n<\/tr>\r\n<tr style=\"height: 20px;\">\r\n<td style=\"width: 100.287px; height: 20px;\">v zim\u011b&nbsp;<\/td>\r\n<td style=\"width: 235.663px; height: 20px;\">t\u011blocvi\u010dna Z\u0160 Heyrovsk\u00e9ho<\/td>\r\n<td style=\"width: 225.65px; height: 20px;\">ve stejn\u00e9 \u010dasy<\/td>\r\n<\/tr>\r\n<tr style=\"height: 19px;\">\r\n<td style=\"width: 100.287px; height: 19px;\">&nbsp;<\/td>\r\n<td style=\"width: 235.663px; height: 19px;\">&nbsp;<\/td>\r\n<td style=\"width: 225.65px; height: 19px;\">&nbsp;<\/td>\r\n<\/tr>\r\n<tr style=\"height: 22px;\">\r\n<td style=\"width: 100.287px; height: 22px;\"><strong>2.skupina<\/strong><\/td>\r\n<td style=\"width: 235.663px; height: 22px;\">&nbsp;d\u011bti ro\u010dn\u00edk\u016f 2014-2016<\/td>\r\n<td style=\"width: 225.65px; height: 22px;\"><a href=\"https:\/\/www.atletikaolomouc.cz\/?page_id=981\" target=\"_blank\" rel=\"noopener\">tren\u00e9\u0159i Niebauerov\u00e1, Fojt\u00edk<\/a><\/td>\r\n<\/tr>\r\n<tr style=\"height: 20px;\">\r\n<td style=\"width: 100.287px; height: 20px;\">&nbsp;<\/td>\r\n<td style=\"width: 235.663px; height: 20px;\">&nbsp;<\/td>\r\n<td style=\"width: 225.65px; height: 20px;\">&nbsp;<\/td>\r\n<\/tr>\r\n<tr style=\"height: 21px;\">\r\n<td style=\"width: 100.287px; height: 21px;\">\u00dater\u00fd<\/td>\r\n<td style=\"width: 235.663px; height: 21px;\"><a href=\"http:\/\/www.mapy.cz\/#x=17.243216&amp;y=49.579190&amp;z=16&amp;c=14-23-27-28-29-30&amp;umc=97Bv-xVCV.&amp;uml=Olomouc%2C%20okres%20Olomouc&amp;u=m\" target=\"_blank\" rel=\"noopener\">h\u0159i\u0161t\u011b Z\u0160 Heyrovsk\u00e9ho<\/a><\/td>\r\n<td style=\"width: 225.65px; height: 21px;\">16:00 &#8211; 17:30<\/td>\r\n<\/tr>\r\n<tr style=\"height: 21px;\">\r\n<td style=\"width: 100.287px; height: 21px;\">\u010ctvrtek<\/td>\r\n<td style=\"width: 235.663px; height: 21px;\"><a href=\"http:\/\/www.mapy.cz\/#x=17.243216&amp;y=49.579190&amp;z=16&amp;c=14-23-27-28-29-30&amp;umc=97Bv-xVCV.&amp;uml=Olomouc%2C%20okres%20Olomouc&amp;u=m\" target=\"_blank\" rel=\"noopener\">h\u0159i\u0161t\u011b Z\u0160 Heyrovsk\u00e9ho<\/a><\/td>\r\n<td style=\"width: 225.65px; height: 21px;\">16:00 &#8211; 17:30<\/td>\r\n<\/tr>\r\n<tr style=\"height: 22px;\">\r\n<td style=\"width: 100.287px; height: 22px;\">v zim\u011b&nbsp;<\/td>\r\n<td style=\"width: 235.663px; height: 22px;\">t\u011blocvi\u010dna Z\u0160 Heyrovsk\u00e9ho<\/td>\r\n<td style=\"width: 225.65px; height: 22px;\">ve stejn\u00e9 \u010dasy<\/td>\r\n<\/tr>\r\n<tr style=\"height: 21px;\">\r\n<td style=\"width: 100.287px; height: 21px;\">&nbsp;<\/td>\r\n<td style=\"width: 235.663px; height: 21px;\">&nbsp;<\/td>\r\n<td style=\"width: 225.65px; height: 21px;\">&nbsp;<\/td>\r\n<\/tr>\r\n<tr style=\"height: 21px;\">\r\n<td style=\"width: 100.287px; height: 21px;\"><strong>3.skupina<\/strong><\/td>\r\n<td style=\"width: 235.663px; height: 21px;\">&nbsp;d\u011bti ro\u010dn\u00edk\u016f 2014-2016<\/td>\r\n<td style=\"width: 225.65px; height: 21px;\"><a href=\"https:\/\/www.atletikaolomouc.cz\/?page_id=981\" target=\"_blank\" rel=\"noopener\">tren\u00e9\u0159i Opichalov\u00e1, Joukal<\/a><\/td>\r\n<\/tr>\r\n<tr style=\"height: 19px;\">\r\n<td style=\"width: 100.287px; height: 19px;\">&nbsp;<\/td>\r\n<td style=\"width: 235.663px; height: 19px;\">&nbsp;<\/td>\r\n<td style=\"width: 225.65px; height: 19px;\">&nbsp;<\/td>\r\n<\/tr>\r\n<tr style=\"height: 22px;\">\r\n<td style=\"width: 100.287px; height: 22px;\">\u00dater\u00fd<\/td>\r\n<td style=\"width: 235.663px; height: 22px;\"><a href=\"https:\/\/mapy.cz\/zakladni?x=17.2372086&amp;y=49.6016311&amp;z=17&amp;source=pubt&amp;id=15209675\">h\u0159i\u0161t\u011b Gymn\u00e1zia Hej\u010d\u00edn<\/a><\/td>\r\n<td style=\"width: 225.65px; height: 22px;\">17:30 &#8211; 19:00<\/td>\r\n<\/tr>\r\n<tr style=\"height: 22px;\">\r\n<td style=\"width: 100.287px; height: 22px;\">\u010ctvrtek<\/td>\r\n<td style=\"width: 235.663px; height: 22px;\"><a href=\"https:\/\/mapy.cz\/zakladni?x=17.2372086&amp;y=49.6016311&amp;z=17&amp;source=pubt&amp;id=15209675\">h\u0159i\u0161t\u011b Gymn\u00e1zia Hej\u010d\u00edn<\/a><\/td>\r\n<td style=\"width: 225.65px; height: 22px;\">17:30 &#8211; 19:00<\/td>\r\n<\/tr>\r\n<tr style=\"height: 40px;\">\r\n<td style=\"width: 100.287px; height: 23px;\">v zim\u011b<\/td>\r\n<td style=\"width: 235.663px; height: 23px;\"><a href=\"https:\/\/mapy.cz\/zakladni?x=17.2372086&amp;y=49.6016311&amp;z=17&amp;source=pubt&amp;id=15209675\">t\u011blocvi\u010dna Gymn\u00e1zia Hej\u010d\u00edn<\/a><\/td>\r\n<td style=\"width: 225.65px; height: 23px;\">ve stejn\u00e9 \u010dasy<\/td>\r\n<\/tr>\r\n<\/tbody>\r\n<\/table>\r\n<p style=\"text-align: justify;\"><strong><br>Velk\u00e1 p\u0159\u00edpravka &#8211; 9 &#8211; 11 let<br><\/strong>&#8211; hry a v\u0161eobecn\u00e1 sportovn\u00ed p\u0159\u00edprava<br>&#8211; vytvo\u0159en\u00ed pozitivn\u00edho p\u0159\u00edstupu k pohybov\u00e9 aktivit\u011b<br>&#8211; rozvoj slo\u017eit\u011bj\u0161\u00edch pohybov\u00fdch schopnost\u00ed a motorick\u00fdch dovednost\u00ed a jejich vz\u00e1jemn\u00e1 kombinace<br>&#8211; z\u00e1klady atletick\u00fdch discipl\u00edn, gymnastika, z\u00e1klady m\u00ed\u010dov\u00fdch her v\u010detn\u011b pravidel (ko\u0161\u00edkov\u00e1, p\u0159ehazovan\u00e1, florbal, fotbal, h\u00e1zen\u00e1,\u2026)<br>&#8211; na konci tohoto obdob\u00ed by m\u011blo d\u00edt\u011b zvl\u00e1dat z\u00e1kladn\u00ed pohybov\u00e9 dovednost\u00ed na \u00farovni p\u0159esahuj\u00edc\u00ed b\u011b\u017en\u00fd pr\u016fm\u011br jejich vrstevn\u00edk\u016f, nebo by m\u011blo doj\u00edt k individu\u00e1ln\u00edmu zlep\u0161en\u00ed<br>&#8211; minimalizace civiliza\u010dn\u00edch onemocn\u011bn\u00ed, prevence obezity a prevence drogov\u00e9 problematiky<\/p>\r\n<table style=\"height: 214px; width: 545px;\" border=\"1\">\r\n<tbody>\r\n<tr style=\"height: 19px;\">\r\n<td style=\"width: 97.1125px; height: 19px;\"><strong>4.skupina<\/strong><\/td>\r\n<td style=\"width: 234.25px; height: 19px;\">d\u011bti ro\u010dn\u00edk\u016f 2012-2013<\/td>\r\n<td style=\"width: 193.238px; height: 19px;\"><a href=\"https:\/\/www.atletikaolomouc.cz\/?page_id=981\" target=\"_blank\" rel=\"noopener\">tren\u00e9rky Begov\u00e1, Gebauer<\/a><\/td>\r\n<\/tr>\r\n<tr style=\"height: 19px;\">\r\n<td style=\"width: 97.1125px; height: 19px;\">&nbsp;<\/td>\r\n<td style=\"width: 234.25px; height: 19px;\">&nbsp;<\/td>\r\n<td style=\"width: 193.238px; height: 19px;\">&nbsp;<\/td>\r\n<\/tr>\r\n<tr style=\"height: 19px;\">\r\n<td style=\"width: 97.1125px; height: 19px;\">Pond\u011bl\u00ed<\/td>\r\n<td style=\"width: 234.25px; height: 19px;\"><a href=\"https:\/\/mapy.cz\/zakladni?x=17.2372086&amp;y=49.6016311&amp;z=17&amp;source=pubt&amp;id=15209675\">h\u0159i\u0161t\u011b Gymn\u00e1zia Hej\u010d\u00edn<\/a><\/td>\r\n<td style=\"width: 193.238px; height: 19px;\">17:00 &#8211; 18:30<\/td>\r\n<\/tr>\r\n<tr style=\"height: 19px;\">\r\n<td style=\"width: 97.1125px; height: 19px;\">St\u0159eda<\/td>\r\n<td style=\"width: 234.25px; height: 19px;\"><a href=\"https:\/\/mapy.cz\/zakladni?x=17.2372086&amp;y=49.6016311&amp;z=17&amp;source=pubt&amp;id=15209675\">h\u0159i\u0161t\u011b Gymn\u00e1zia Hej\u010d\u00edn<\/a><\/td>\r\n<td style=\"width: 193.238px; height: 19px;\">17:00 &#8211; 18:30<\/td>\r\n<\/tr>\r\n<tr style=\"height: 38px;\">\r\n<td style=\"width: 97.1125px; height: 24px;\">v zim\u011b&nbsp;<\/td>\r\n<td style=\"width: 234.25px; height: 24px;\"><a href=\"https:\/\/goo.gl\/maps\/AuK7iUxr1URqH1kd7\" target=\"_blank\" rel=\"noopener\">t\u011blocvi\u010dna Z\u0160 prof. Vejdovsk\u00e9ho <\/a><\/td>\r\n<td style=\"width: 193.238px; height: 24px;\">&nbsp;ve stejn\u00e9 \u010dasy<\/td>\r\n<\/tr>\r\n<tr style=\"height: 19px;\">\r\n<td style=\"width: 97.1125px; height: 19px;\">&nbsp;<\/td>\r\n<td style=\"width: 234.25px; height: 19px;\">&nbsp;<\/td>\r\n<td style=\"width: 193.238px; height: 19px;\">&nbsp;<\/td>\r\n<\/tr>\r\n<tr style=\"height: 19px;\">\r\n<td style=\"width: 97.1125px; height: 19px;\"><strong>5.skupina<\/strong><\/td>\r\n<td style=\"width: 234.25px; height: 19px;\">d\u011bti ro\u010dn\u00edk\u016f 2012-2013<\/td>\r\n<td style=\"width: 193.238px; height: 19px;\"><a href=\"https:\/\/www.atletikaolomouc.cz\/?page_id=981\" target=\"_blank\" rel=\"noopener\">tren\u00e9\u0159i Vychodil, Novotn\u00e1<\/a><\/td>\r\n<\/tr>\r\n<tr style=\"height: 19px;\">\r\n<td style=\"width: 97.1125px; height: 19px;\">&nbsp;<\/td>\r\n<td style=\"width: 234.25px; height: 19px;\">&nbsp;<\/td>\r\n<td style=\"width: 193.238px; height: 19px;\">&nbsp;<\/td>\r\n<\/tr>\r\n<tr style=\"height: 19px;\">\r\n<td style=\"width: 97.1125px; height: 19px;\">\u00dater\u00fd<\/td>\r\n<td style=\"width: 234.25px; height: 19px;\"><a href=\"http:\/\/www.mapy.cz\/#x=17.243216&amp;y=49.579190&amp;z=16&amp;c=14-23-27-28-29-30&amp;umc=97Bv-xVCV.&amp;uml=Olomouc%2C%20okres%20Olomouc&amp;u=m\" target=\"_blank\" rel=\"noopener\">h\u0159i\u0161t\u011b Z\u0160 Heyrovsk\u00e9ho<\/a><\/td>\r\n<td style=\"width: 193.238px; height: 19px;\">17:30 &#8211; 19:00<\/td>\r\n<\/tr>\r\n<tr style=\"height: 19px;\">\r\n<td style=\"width: 97.1125px; height: 19px;\">\u010ctvrtek<\/td>\r\n<td style=\"width: 234.25px; height: 19px;\"><a href=\"http:\/\/www.mapy.cz\/#x=17.243216&amp;y=49.579190&amp;z=16&amp;c=14-23-27-28-29-30&amp;umc=97Bv-xVCV.&amp;uml=Olomouc%2C%20okres%20Olomouc&amp;u=m\" target=\"_blank\" rel=\"noopener\">h\u0159i\u0161t\u011b Z\u0160 Heyrovsk\u00e9ho<\/a><\/td>\r\n<td style=\"width: 193.238px; height: 19px;\">17:30 &#8211; 19:00<\/td>\r\n<\/tr>\r\n<tr style=\"height: 19px;\">\r\n<td style=\"width: 97.1125px; height: 19px;\">v zim\u011b<\/td>\r\n<td style=\"width: 234.25px; height: 19px;\">t\u011blocvi\u010dna Z\u0160 Heyrovsk\u00e9ho<\/td>\r\n<td style=\"width: 193.238px; height: 19px;\">&nbsp;ve stejn\u00e9 \u010dasy<\/td>\r\n<\/tr>\r\n<\/tbody>\r\n<\/table>\r\n<p style=\"text-align: justify;\"><strong><br>V\u00fdb\u011brov\u00e9 skupiny &#8211; 7-8 a 9-11 let<br><\/strong>Do t\u011bchto skupin budou za\u0159azov\u00e1ny d\u011bti, kter\u00e9 maj\u00ed p\u0159edpoklady pro p\u0159\u00edpadn\u00e9 dal\u0161\u00ed pokra\u010dov\u00e1n\u00ed v atletice. Z t\u011bch star\u0161\u00edch budou potom d\u011bti za\u0159azov\u00e1ny p\u0159\u00edmo do n\u011bkter\u00e9 z tr\u00e9ninkov\u00fdch skupin mlad\u0161\u00edho \u017eactva.<br>Vytvo\u0159en\u00edm t\u011bchto v\u00fdb\u011brov\u00fdch skupin n\u00e1m jde o to, aby se d\u011bti s v\u011bt\u0161\u00edmi p\u0159edpoklady pro atletiku mohly kvalitativn\u011b vyv\u00edjet, na tr\u00e9ninku se nenudily a byli motivov\u00e1ny pro p\u0159\u00edpadn\u00fd dal\u0161\u00ed tr\u00e9ninkov\u00fd posun ve star\u0161\u00edch kategori\u00edch. Forma tr\u00e9ninku z\u016fstane v z\u00e1sad\u011b zachov\u00e1na, nechceme \u017e\u00e1dnou p\u0159ed\u010dasnou specializaci. P\u016fjde hlavn\u011b o zintezivn\u011bn\u00ed tr\u00e9ninku a ve v\u011bt\u0161\u00edm po\u010dtu za\u0159azov\u00e1n\u00ed atletick\u00fdch prvk\u016f a sout\u011b\u017eivosti. U star\u0161\u00ed skupiny budou d\u011bti u\u017e bl\u00ed\u017ee seznamov\u00e1ny s jednotliv\u00fdmi atletick\u00fdmi discipl\u00ednami.<\/p>\r\n<table style=\"height: 205px;\" border=\"1\">\r\n<tbody>\r\n<tr style=\"height: 32px;\">\r\n<td style=\"width: 114px; height: 25px;\"><strong>V1. skupina<\/strong><\/td>\r\n<td style=\"width: 249px; height: 25px;\">vybran\u00e9 d\u011bti 2014-2015<\/td>\r\n<td style=\"width: 195px; height: 25px;\"><a href=\"https:\/\/www.atletikaolomouc.cz\/?page_id=981\" target=\"_blank\" rel=\"noopener\">tren\u00e9\u0159i Do\u010dkal, Adlerov\u00e1<\/a><\/td>\r\n<\/tr>\r\n<tr style=\"height: 32px;\">\r\n<td style=\"width: 114px; height: 19px;\">&nbsp;<\/td>\r\n<td style=\"width: 249px; height: 19px;\">&nbsp;<\/td>\r\n<td style=\"width: 195px; height: 19px;\">&nbsp;<\/td>\r\n<\/tr>\r\n<tr style=\"height: 32px;\">\r\n<td style=\"width: 114px; height: 23px;\">\u00dater\u00fd<\/td>\r\n<td style=\"width: 249px; height: 23px;\"><a href=\"http:\/\/www.mapy.cz\/#x=17.259128&amp;y=49.590332&amp;z=16&amp;c=14-23-27-28-29-30&amp;umc=972vwxVFXH&amp;uml=Olomouc%2C%20okres%20Olomouc&amp;u=m\" target=\"_blank\" rel=\"noopener\">stadion TJ Lokomotiva<\/a><\/td>\r\n<td style=\"width: 195px; height: 23px;\">16.30 &#8211; 18.00<\/td>\r\n<\/tr>\r\n<tr style=\"height: 32px;\">\r\n<td style=\"width: 114px; height: 21px;\">\u010ctvrtek<\/td>\r\n<td style=\"width: 249px; height: 21px;\"><a href=\"http:\/\/www.mapy.cz\/#x=17.259128&amp;y=49.590332&amp;z=16&amp;c=14-23-27-28-29-30&amp;umc=972vwxVFXH&amp;uml=Olomouc%2C%20okres%20Olomouc&amp;u=m\" target=\"_blank\" rel=\"noopener\">stadion TJ Lokomotiva<\/a><\/td>\r\n<td style=\"width: 195px; height: 21px;\">16.30 &#8211; 18.00<\/td>\r\n<\/tr>\r\n<tr style=\"height: 60px;\">\r\n<td style=\"width: 114px; height: 10px;\">v zim\u011b<\/td>\r\n<td style=\"width: 249px; height: 10px;\"><a href=\"https:\/\/goo.gl\/maps\/Hd68r56g2wczKipo9\" target=\"_blank\" rel=\"noopener\">t\u011blocvi\u010dna Z\u0160 Zeyerova<\/a><\/td>\r\n<td style=\"width: 195px; height: 10px;\">ve stejn\u00e9 \u010dasy<\/td>\r\n<\/tr>\r\n<tr style=\"height: 32px;\">\r\n<td style=\"width: 114px; height: 17px;\">&nbsp;<\/td>\r\n<td style=\"width: 249px; height: 17px;\">&nbsp;<\/td>\r\n<td style=\"width: 195px; height: 17px;\">&nbsp;<\/td>\r\n<\/tr>\r\n<tr style=\"height: 60px;\">\r\n<td style=\"width: 114px; height: 24px;\"><strong>V2. skupina<\/strong><\/td>\r\n<td style=\"width: 249px; height: 24px;\">vybran\u00e9 d\u011bti 2012-2013<\/td>\r\n<td style=\"width: 195px; height: 24px;\"><a href=\"https:\/\/www.atletikaolomouc.cz\/?page_id=981\" target=\"_blank\" rel=\"noopener\">tren\u00e9\u0159i Arbeit, Lisn\u00edkov\u00e1<\/a><\/td>\r\n<\/tr>\r\n<tr style=\"height: 32px;\">\r\n<td style=\"width: 114px; height: 16px;\">&nbsp;<\/td>\r\n<td style=\"width: 249px; height: 16px;\">&nbsp;<\/td>\r\n<td style=\"width: 195px; height: 16px;\">&nbsp;<\/td>\r\n<\/tr>\r\n<tr style=\"height: 32px;\">\r\n<td style=\"width: 114px; height: 19px;\">Pond\u011bl\u00ed<\/td>\r\n<td style=\"width: 249px; height: 19px;\"><a href=\"http:\/\/www.mapy.cz\/#x=17.259128&amp;y=49.590332&amp;z=16&amp;c=14-23-27-28-29-30&amp;umc=972vwxVFXH&amp;uml=Olomouc%2C%20okres%20Olomouc&amp;u=m\" target=\"_blank\" rel=\"noopener\">stadion TJ Lokomotiva<\/a><\/td>\r\n<td style=\"width: 195px; height: 19px;\">16:30 &#8211; 18:00<\/td>\r\n<\/tr>\r\n<tr style=\"height: 32px;\">\r\n<td style=\"width: 114px; height: 21px;\">St\u0159eda<\/td>\r\n<td style=\"width: 249px; height: 21px;\"><a href=\"http:\/\/www.mapy.cz\/#x=17.259128&amp;y=49.590332&amp;z=16&amp;c=14-23-27-28-29-30&amp;umc=972vwxVFXH&amp;uml=Olomouc%2C%20okres%20Olomouc&amp;u=m\" target=\"_blank\" rel=\"noopener\">stadion TJ Lokomotiva<\/a><\/td>\r\n<td style=\"width: 195px; height: 21px;\">16:30 &#8211; 18:00<\/td>\r\n<\/tr>\r\n<tr style=\"height: 60px;\">\r\n<td style=\"width: 114px; height: 10px;\">v zim\u011b<\/td>\r\n<td style=\"width: 249px; height: 10px;\"><a href=\"http:\/\/mapy.cz\/zakladni?x=17.2643306&amp;y=49.5944886&amp;z=17&amp;q=slovansk\u00e9%20gymn\u00e1zium%20olomouc\" target=\"_blank\" rel=\"noopener\">t\u011blocvi\u010dna Slovansk\u00e9ho gymn\u00e1zia<\/a><\/td>\r\n<td style=\"width: 195px; height: 10px;\">16:00 &#8211; 17:30<\/td>\r\n<\/tr>\r\n<\/tbody>\r\n<\/table>\r\n<h4>&nbsp;<\/h4>\r\n<h4 style=\"text-align: justify;\">Velk\u00fd T\u00fdnec<\/h4>\r\n<table style=\"height: 312px; width: 541px;\" border=\"1\">\r\n<tbody>\r\n<tr style=\"height: 23px;\">\r\n<td style=\"width: 77.225px; height: 23px;\"><strong>VT1<\/strong><\/td>\r\n<td style=\"width: 219.05px; height: 23px;\">d\u011bti ro\u010dn\u00edk\u016f 2014 &#8211; 2016<\/td>\r\n<td style=\"width: 224.325px; height: 23px;\"><a href=\"https:\/\/www.atletikaolomouc.cz\/?page_id=981\" target=\"_blank\" rel=\"noopener\">tren\u00e9rky \u0160vubov\u00e1, \u0160vubov\u00e1 ml.<\/a><\/td>\r\n<\/tr>\r\n<tr style=\"height: 15px;\">\r\n<td style=\"width: 77.225px; height: 15px;\">&nbsp;<\/td>\r\n<td style=\"width: 219.05px; height: 15px;\">&nbsp;<\/td>\r\n<td style=\"width: 224.325px; height: 15px;\">&nbsp;<\/td>\r\n<\/tr>\r\n<tr style=\"height: 23px;\">\r\n<td style=\"width: 77.225px; height: 23px;\">st\u0159eda<\/td>\r\n<td style=\"width: 219.05px; height: 23px;\">h\u0159i\u0161t\u011b <a href=\"https:\/\/mapy.cz\/s\/numesereho\" target=\"_blank\" rel=\"noopener\">Z\u0160 Milady Pet\u0159kov\u00e9<\/a><\/td>\r\n<td style=\"width: 224.325px; height: 23px;\">15:00 &#8211; 16:00<\/td>\r\n<\/tr>\r\n<tr style=\"height: 23px;\">\r\n<td style=\"width: 77.225px; height: 23px;\">v zim\u011b<\/td>\r\n<td style=\"width: 219.05px; height: 23px;\">t\u011blocvi\u010dna <a href=\"https:\/\/mapy.cz\/s\/numesereho\" target=\"_blank\" rel=\"noopener\">Z\u0160 Milady Pet\u0159kov\u00e9<\/a><\/td>\r\n<td style=\"width: 224.325px; height: 23px;\">15:00 &#8211; 16:00<\/td>\r\n<\/tr>\r\n<tr style=\"height: 14px;\">\r\n<td style=\"width: 77.225px; height: 14px;\">&nbsp;<\/td>\r\n<td style=\"width: 219.05px; height: 14px;\">&nbsp;<\/td>\r\n<td style=\"width: 224.325px; height: 14px;\">&nbsp;<\/td>\r\n<\/tr>\r\n<tr style=\"height: 23px;\">\r\n<td style=\"width: 77.225px; height: 23px;\"><strong>VT2<\/strong><\/td>\r\n<td style=\"width: 219.05px; height: 23px;\">d\u011bti ro\u010dn\u00edk\u016f 2011 &#8211; 2013<\/td>\r\n<td style=\"width: 224.325px; height: 23px;\"><a href=\"https:\/\/www.atletikaolomouc.cz\/?page_id=981\" target=\"_blank\" rel=\"noopener\">tren\u00e9rky Coufalov\u00e1, Coufal<\/a><\/td>\r\n<\/tr>\r\n<tr style=\"height: 17px;\">\r\n<td style=\"width: 77.225px; height: 17px;\">&nbsp;<\/td>\r\n<td style=\"width: 219.05px; height: 17px;\">&nbsp;<\/td>\r\n<td style=\"width: 224.325px; height: 17px;\">&nbsp;<\/td>\r\n<\/tr>\r\n<tr style=\"height: 23px;\">\r\n<td style=\"width: 77.225px; height: 23px;\">pond\u011bl\u00ed<\/td>\r\n<td style=\"width: 219.05px; height: 23px;\">h\u0159i\u0161t\u011b <a href=\"https:\/\/mapy.cz\/s\/numesereho\" target=\"_blank\" rel=\"noopener\">Z\u0160 Milady Pet\u0159kov\u00e9<\/a><\/td>\r\n<td style=\"width: 224.325px; height: 23px;\">16:00 &#8211; 17:00<\/td>\r\n<\/tr>\r\n<tr style=\"height: 23px;\">\r\n<td style=\"width: 77.225px; height: 23px;\">\u010dtvrtek<\/td>\r\n<td style=\"width: 219.05px; height: 23px;\">h\u0159i\u0161t\u011b <a href=\"https:\/\/mapy.cz\/s\/numesereho\" target=\"_blank\" rel=\"noopener\">Z\u0160 Milady Pet\u0159kov\u00e9<\/a><\/td>\r\n<td style=\"width: 224.325px; height: 23px;\">16:00 &#8211; 17:00<\/td>\r\n<\/tr>\r\n<tr style=\"height: 23px;\">\r\n<td style=\"width: 77.225px; height: 23px;\">v zim\u011b<\/td>\r\n<td style=\"width: 219.05px; height: 23px;\">t\u011blocvi\u010dna <a href=\"https:\/\/mapy.cz\/s\/numesereho\" target=\"_blank\" rel=\"noopener\">Z\u0160 Milady Pet\u0159kov\u00e9<\/a><\/td>\r\n<td style=\"width: 224.325px; height: 23px;\">ve stejn\u00e9 \u010dasy<\/td>\r\n<\/tr>\r\n<tr style=\"height: 17px;\">\r\n<td style=\"width: 77.225px; height: 17px;\">&nbsp;<\/td>\r\n<td style=\"width: 219.05px; height: 17px;\">&nbsp;<\/td>\r\n<td style=\"width: 224.325px; height: 17px;\">&nbsp;<\/td>\r\n<\/tr>\r\n<tr style=\"height: 23px;\">\r\n<td style=\"width: 77.225px; height: 23px;\"><strong>VT3<\/strong><\/td>\r\n<td style=\"width: 219.05px; height: 23px;\">d\u011bti ro\u010dn\u00edk\u016f 2014 &#8211; 2016<\/td>\r\n<td style=\"width: 224.325px; height: 23px;\"><a href=\"https:\/\/www.atletikaolomouc.cz\/?page_id=981\" target=\"_blank\" rel=\"noopener\">tren\u00e9rky \u0160vubov\u00e1,&nbsp;\u0160vubov\u00e1 ml.<\/a><\/td>\r\n<\/tr>\r\n<tr style=\"height: 19px;\">\r\n<td style=\"width: 77.225px; height: 19px;\">&nbsp;<\/td>\r\n<td style=\"width: 219.05px; height: 19px;\">&nbsp;<\/td>\r\n<td style=\"width: 224.325px; height: 19px;\">&nbsp;<\/td>\r\n<\/tr>\r\n<tr style=\"height: 23px;\">\r\n<td style=\"width: 77.225px; height: 23px;\">p\u00e1tek<\/td>\r\n<td style=\"width: 219.05px; height: 23px;\">h\u0159i\u0161t\u011b <a href=\"https:\/\/mapy.cz\/s\/numesereho\" target=\"_blank\" rel=\"noopener\">Z\u0160 Milady Pet\u0159kov\u00e9<\/a><\/td>\r\n<td style=\"width: 224.325px; height: 23px;\">15:00 &#8211; 16:00<\/td>\r\n<\/tr>\r\n<tr style=\"height: 23px;\">\r\n<td style=\"width: 77.225px; height: 23px;\">v zim\u011b<\/td>\r\n<td style=\"width: 219.05px; height: 23px;\">t\u011blocvi\u010dna <a href=\"https:\/\/mapy.cz\/s\/numesereho\" target=\"_blank\" rel=\"noopener\">Z\u0160 Milady Pet\u0159kov\u00e9<\/a><\/td>\r\n<td style=\"width: 224.325px; height: 23px;\">15:00 &#8211; 16:00<\/td>\r\n<\/tr>\r\n<\/tbody>\r\n<\/table>\r\n<h4>&nbsp;<\/h4>\r\n<h4 style=\"text-align: justify;\">Ml\u00e1de\u017e &#8211; 12-15 let<\/h4>\r\n<p style=\"text-align: justify;\"><strong>Tr\u00e9ninkov\u00e9 skupiny &#8211; ml\u00e1de\u017e od 6.t\u0159\u00eddy<br><\/strong>D\u011bti ve v\u011bku od 12 let (ro\u010d. narozen\u00ed 2011 a star\u0161\u00ed) spadaj\u00ed do tr\u00e9ninkov\u00fdch skupin mlad\u0161\u00edho \u017eactva.<br>Pro v\u00edce informac\u00ed nev\u00e1hejte kontaktovat vedouc\u00edho Sportovn\u00edho st\u0159ediska ml\u00e1de\u017ee Davida Uhl\u00ed\u0159e na +420&nbsp;737&nbsp;572&nbsp;927 nebo email:&nbsp;<a href=\"mailto:daviduhl@post.cz\" target=\"_blank\" rel=\"noopener\">daviduhl@post.cz<\/a>.<\/p>\r\n\r\n<p>&nbsp;<\/p>\r\n","protected":false},"excerpt":{"rendered":"<p>Rozpis skupin 2022\/2023 D\u011bti &#8211; 4-11 let Atletick\u00e1 \u0161kolka &#8211; 4 &#8211; 5 let&#8211; hry a v\u0161eobecn\u00e1 pohybov\u00e1 p\u0159\u00edprava&#8211; vytvo\u0159en\u00ed pozitivn\u00edho p\u0159\u00edstupu k pohybov\u00e9 aktivit\u011b&#8211; rozvoj pohybov\u00fdch schopnost\u00ed a motorick\u00fdch dovednost\u00ed&#8211; POZOR! &#8211; do skupiny budou p\u0159ijaty pouze d\u011bti, kter\u00e9 &hellip; <a href=\"https:\/\/old.atletikaolomouc.cz\/?page_id=929\">Continue reading <span class=\"meta-nav\">&rarr;<\/span><\/a><\/p>\n","protected":false},"author":3,"featured_media":0,"parent":0,"menu_order":0,"comment_status":"closed","ping_status":"closed","template":"","meta":{"ngg_post_thumbnail":0},"_links":{"self":[{"href":"https:\/\/old.atletikaolomouc.cz\/index.php?rest_route=\/wp\/v2\/pages\/929"}],"collection":[{"href":"https:\/\/old.atletikaolomouc.cz\/index.php?rest_route=\/wp\/v2\/pages"}],"about":[{"href":"https:\/\/old.atletikaolomouc.cz\/index.php?rest_route=\/wp\/v2\/types\/page"}],"author":[{"embeddable":true,"href":"https:\/\/old.atletikaolomouc.cz\/index.php?rest_route=\/wp\/v2\/users\/3"}],"replies":[{"embeddable":true,"href":"https:\/\/old.atletikaolomouc.cz\/index.php?rest_route=%2Fwp%2Fv2%2Fcomments&post=929"}],"version-history":[{"count":217,"href":"https:\/\/old.atletikaolomouc.cz\/index.php?rest_route=\/wp\/v2\/pages\/929\/revisions"}],"predecessor-version":[{"id":35747,"href":"https:\/\/old.atletikaolomouc.cz\/index.php?rest_route=\/wp\/v2\/pages\/929\/revisions\/35747"}],"wp:attachment":[{"href":"https:\/\/old.atletikaolomouc.cz\/index.php?rest_route=%2Fwp%2Fv2%2Fmedia&parent=929"}],"curies":[{"name":"wp","href":"https:\/\/api.w.org\/{rel}","templated":true}]}}