{"id":9677,"date":"2017-11-22T10:52:47","date_gmt":"2017-11-22T09:52:47","guid":{"rendered":"http:\/\/www.atletikaolomouc.cz\/?page_id=9677"},"modified":"2018-12-15T15:25:33","modified_gmt":"2018-12-15T14:25:33","slug":"zavody-2018","status":"publish","type":"page","link":"https:\/\/old.atletikaolomouc.cz\/?page_id=9677","title":{"rendered":"Z\u00e1vody 2018"},"content":{"rendered":"<table style=\"height: 3474px;\" border=\"0\">\n<tbody>\n<tr style=\"height: 18px;\">\n<td style=\"height: 18px; width: 77px;\"><strong>leden<\/strong><\/td>\n<td style=\"height: 18px; width: 90px;\">&nbsp;<\/td>\n<td style=\"height: 18px; width: 384px;\">&nbsp;<\/td>\n<td style=\"height: 18px; width: 61px;\">&nbsp;<\/td>\n<\/tr>\n<tr style=\"height: 18px;\">\n<td style=\"text-align: right; height: 18px; width: 77px;\">06.01.<\/td>\n<td style=\"height: 18px; width: 90px;\">Ostrava<\/td>\n<td style=\"height: 18px; width: 384px;\"><a href=\"http:\/\/www.atletika.cz\/_sys_\/FileStorage\/download\/15\/14371\/zahajovaci-zavody-muzu-61_.pdf\" target=\"_blank\" rel=\"noopener\">Zahajovac\u00ed z\u00e1vody dosp\u011bl\u00fdch a ml\u00e1de\u017ee<\/a><\/td>\n<td style=\"height: 18px; width: 61px;\"><a href=\"http:\/\/online.atletika.cz\/vysledky\/32558\" target=\"_blank\" rel=\"noopener\">v\u00fdsledky<\/a><\/td>\n<\/tr>\n<tr style=\"height: 18px;\">\n<td style=\"text-align: right; height: 18px; width: 77px;\">06.-07.01.<\/td>\n<td style=\"height: 18px; width: 90px;\">Opava<\/td>\n<td style=\"height: 18px; width: 384px;\"><a href=\"http:\/\/www.atletika.cz\/propozice1\/slezska-latka3\" target=\"_blank\" rel=\"noopener\">Slezsk\u00e1 la\u0165ka<\/a><\/td>\n<td style=\"height: 18px; width: 61px;\"><a href=\"http:\/\/online.atletika.cz\/vysledky\/32851\" target=\"_blank\" rel=\"noopener\">v\u00fdsledky<\/a><\/td>\n<\/tr>\n<tr style=\"height: 36px;\">\n<td style=\"text-align: right; height: 36px; width: 77px;\">08.01.<\/td>\n<td style=\"height: 36px; width: 90px;\">Praha-Strahov<\/td>\n<td style=\"height: 36px; width: 384px;\"><a href=\"http:\/\/www.atletika.cz\/propozice1\/akademicke-mistrovstvi-cr\" target=\"_blank\" rel=\"noopener\">Akademick\u00e9 mistrovstv\u00ed \u010cR<\/a><\/td>\n<td style=\"height: 36px; width: 61px;\"><a href=\"http:\/\/online.atletika.cz\/upload\/praha-strahov%208.1.2018.pdf\" target=\"_blank\" rel=\"noopener\">v\u00fdsledky<\/a><\/td>\n<\/tr>\n<tr style=\"height: 18px;\">\n<td style=\"text-align: right; height: 18px; width: 77px;\">12.01.<\/td>\n<td style=\"height: 18px; width: 90px;\">Olomouc<\/td>\n<td style=\"height: 18px; width: 384px;\"><a href=\"http:\/\/www.atletikaolomouc.cz\/wp-content\/uploads\/2017\/11\/01_12_2018-Zahajovac\u00ed-z\u00e1vody-star\u0161\u00edho-\u017eactva-2018.pdf\" target=\"_blank\" rel=\"noopener\">Zahajovac\u00ed z\u00e1vody star\u0161\u00edho \u017eactva<\/a><\/td>\n<td style=\"height: 18px; width: 61px;\"><a href=\"http:\/\/online.atletika.cz\/vysledky\/32112\" target=\"_blank\" rel=\"noopener\">v\u00fdsledky<\/a><\/td>\n<\/tr>\n<tr style=\"height: 18px;\">\n<td style=\"text-align: right; height: 18px; width: 77px;\">13.01.<\/td>\n<td style=\"height: 18px; width: 90px;\">Olomouc<\/td>\n<td style=\"height: 18px; width: 384px;\"><a href=\"http:\/\/www.atletikaolomouc.cz\/wp-content\/uploads\/2017\/11\/01_13_2018-Zahajovac\u00ed-z\u00e1vody-dorost-junior\u016f-a-dosp\u011bl\u00fdch-2018.pdf\" target=\"_blank\" rel=\"noopener\">Zahajovac\u00ed z\u00e1vody dosp\u011bl\u00fdch a ml\u00e1de\u017ee<\/a><\/td>\n<td style=\"height: 18px; width: 61px;\"><a href=\"http:\/\/online.atletika.cz\/vysledky\/32104\" target=\"_blank\" rel=\"noopener\">v\u00fdsledky<\/a><\/td>\n<\/tr>\n<tr style=\"height: 18px;\">\n<td style=\"text-align: right; height: 18px; width: 77px;\">13.-14.01.<\/td>\n<td style=\"height: 18px; width: 90px;\">Ostrava<\/td>\n<td style=\"height: 18px; width: 384px;\"><strong><a href=\"http:\/\/www.atletika.cz\/_sys_\/FileStorage\/download\/15\/14372\/viceboje-13-141_.pdf\" target=\"_blank\" rel=\"noopener\">Mistrovstv\u00ed Moravy a Slezska ve v\u00edceboj\u00edch<\/a><\/strong><\/td>\n<td style=\"height: 18px; width: 61px;\"><a href=\"http:\/\/online.atletika.cz\/vysledky\/31980\" target=\"_blank\" rel=\"noopener\">v\u00fdsledky<\/a><\/td>\n<\/tr>\n<tr style=\"height: 18px;\">\n<td style=\"text-align: right; height: 18px; width: 77px;\">18.01.<\/td>\n<td style=\"height: 18px; width: 90px;\">Nehvizdy<\/td>\n<td style=\"height: 18px; width: 384px;\"><a href=\"http:\/\/www.atletika.cz\/_sys_\/FileStorage\/download\/15\/14378\/propozice-hvn.pdf\" target=\"_blank\" rel=\"noopener\">Hv\u011bzdy v Nehvizdech<\/a><\/td>\n<td style=\"height: 18px; width: 61px;\"><a href=\"http:\/\/online.atletika.cz\/vysledky\/32096\" target=\"_blank\" rel=\"noopener\">v\u00fdsledky<\/a><\/td>\n<\/tr>\n<tr style=\"height: 18px;\">\n<td style=\"text-align: right; height: 18px; width: 77px;\">19.01.<\/td>\n<td style=\"height: 18px; width: 90px;\">Olomouc<\/td>\n<td style=\"height: 18px; width: 384px;\"><a href=\"http:\/\/www.atletikaolomouc.cz\/wp-content\/uploads\/2017\/11\/01_19_2018-Zahajovac\u00ed-z\u00e1vody-mlad\u0161\u00edho-\u017eactva-2018.pdf\" target=\"_blank\" rel=\"noopener\">Zahajovac\u00ed z\u00e1vody mlad\u0161\u00edho \u017eactva<\/a><\/td>\n<td style=\"height: 18px; width: 61px;\"><a href=\"http:\/\/online.atletika.cz\/vysledky\/32113\" target=\"_blank\" rel=\"noopener\">v\u00fdsledky<\/a><\/td>\n<\/tr>\n<tr style=\"height: 18px;\">\n<td style=\"text-align: right; height: 18px; width: 77px;\">20.01.<\/td>\n<td style=\"height: 18px; width: 90px;\">Ostrava<\/td>\n<td style=\"height: 18px; width: 384px;\"><a href=\"http:\/\/www.atletika.cz\/_sys_\/FileStorage\/download\/15\/14373\/otevreny-prebor-201_.pdf\" target=\"_blank\" rel=\"noopener\">P\u0159ebor Moravskoslezsk\u00e9ho kraje dosp\u011bl\u00fdch a ml\u00e1de\u017ee<\/a><\/td>\n<td style=\"height: 18px; width: 61px;\"><a href=\"http:\/\/online.atletika.cz\/vysledky\/31991\" target=\"_blank\" rel=\"noopener\">v\u00fdsledky<\/a><\/td>\n<\/tr>\n<tr style=\"height: 18px;\">\n<td style=\"text-align: right; height: 18px; width: 77px;\">21.01.<\/td>\n<td style=\"height: 18px; width: 90px;\">Ostrava<\/td>\n<td style=\"height: 18px; width: 384px;\"><a href=\"http:\/\/www.atletika.cz\/_sys_\/FileStorage\/download\/15\/14374\/otevreny-prebor-211_.pdf\" target=\"_blank\" rel=\"noopener\">P\u0159ebor&nbsp;Moravskoslezsk\u00e9ho kraje \u017eactva<\/a><\/td>\n<td style=\"height: 18px; width: 61px;\"><a href=\"http:\/\/online.atletika.cz\/vysledky\/32286\" target=\"_blank\" rel=\"noopener\">v\u00fdsledky<\/a><\/td>\n<\/tr>\n<tr style=\"height: 18px;\">\n<td style=\"text-align: right; height: 18px; width: 77px;\">25.01.<\/td>\n<td style=\"height: 18px; width: 90px;\">Ostrava<\/td>\n<td style=\"height: 18px; width: 384px;\"><a href=\"http:\/\/www.ostravskalatka.cz\/\" target=\"_blank\" rel=\"noopener\">M\u00edtink EA &#8211; Czech Indoor Gala<\/a><\/td>\n<td style=\"height: 18px; width: 61px;\"><a href=\"http:\/\/online.atletika.cz\/vysledky\/31911\" target=\"_blank\" rel=\"noopener\">v\u00fdsledky<\/a><\/td>\n<\/tr>\n<tr style=\"height: 18px;\">\n<td style=\"text-align: right; height: 18px; width: 77px;\">26.01.<\/td>\n<td style=\"height: 18px; width: 90px;\">Olomouc<\/td>\n<td style=\"height: 18px; width: 384px;\"><a href=\"http:\/\/www.atletikaolomouc.cz\/wp-content\/uploads\/2017\/11\/01_26_2018-Kontroln\u00ed-z\u00e1vody-star\u0161\u00edho-\u017eactva-2018-ver2.pdf\">Kontroln\u00ed z\u00e1vody star\u0161\u00edho \u017eactva<\/a><\/td>\n<td style=\"height: 18px; width: 61px;\"><a href=\"http:\/\/online.atletika.cz\/vysledky\/32114\" target=\"_blank\" rel=\"noopener\">v\u00fdsledky<\/a><\/td>\n<\/tr>\n<tr style=\"height: 18px;\">\n<td style=\"text-align: right; height: 18px; width: 77px;\">27.01.<\/td>\n<td style=\"height: 18px; width: 90px;\">Olomouc<\/td>\n<td style=\"height: 18px; width: 384px;\"><a href=\"http:\/\/www.atletikaolomouc.cz\/wp-content\/uploads\/2017\/11\/01_27_2018-KP-dorost-junio\u0159i-dosp\u011bl\u00ed-2018.pdf\" target=\"_blank\" rel=\"noopener\">P\u0159ebor Olomouck\u00e9ho kraje dosp\u011bl\u00fdch a ml\u00e1de\u017ee<\/a><\/td>\n<td style=\"height: 18px; width: 61px;\"><a href=\"http:\/\/online.atletika.cz\/vysledky\/32105\" target=\"_blank\" rel=\"noopener\">v\u00fdsledky<\/a><\/td>\n<\/tr>\n<tr style=\"height: 18px;\">\n<td style=\"text-align: right; height: 18px; width: 77px;\">27.01.<\/td>\n<td style=\"height: 18px; width: 90px;\">Hustope\u010de<\/td>\n<td style=\"height: 18px; width: 384px;\"><a href=\"http:\/\/www.hustopecskeskakani.cz\/aktuality\/index\" target=\"_blank\" rel=\"noopener\">Hustope\u010dsk\u00e9 sk\u00e1k\u00e1n\u00ed<\/a><\/td>\n<td style=\"height: 18px; width: 61px;\"><a href=\"http:\/\/online.atletika.cz\/upload\/hustope%C4%8De%2027.1.2018.pdf\" target=\"_blank\" rel=\"noopener\">v\u00fdsledky<\/a><\/td>\n<\/tr>\n<tr style=\"height: 18px;\">\n<td style=\"text-align: right; height: 18px; width: 77px;\">27.01.<\/td>\n<td style=\"height: 18px; width: 90px;\">V\u00edde\u0148<\/td>\n<td style=\"height: 18px; width: 384px;\"><a href=\"http:\/\/www.trackandfieldvienna.com\/\" target=\"_blank\" rel=\"noopener\">Indoor Track &amp; Field Vienna<\/a><\/td>\n<td style=\"height: 18px; width: 61px;\"><a href=\"http:\/\/online.atletika.cz\/upload\/v%C3%ADde%C5%88%2027.1.2018.pdf\" target=\"_blank\" rel=\"noopener\">v\u00fdsledky <\/a><\/td>\n<\/tr>\n<tr style=\"height: 18px;\">\n<td style=\"text-align: right; height: 18px; width: 77px;\">27.01.<\/td>\n<td style=\"height: 18px; width: 90px;\">Bratislava<\/td>\n<td style=\"height: 18px; width: 384px;\">Olympic Hopes Meeting<\/td>\n<td style=\"height: 18px; width: 61px;\"><a href=\"http:\/\/online.atletika.cz\/upload\/bratislava%2027.1.2018.pdf\" target=\"_blank\" rel=\"noopener\">v\u00fdsledky<\/a><\/td>\n<\/tr>\n<tr style=\"height: 36px;\">\n<td style=\"text-align: right; height: 36px; width: 77px;\">27.-28.01.<\/td>\n<td style=\"height: 36px; width: 90px;\">Madrid<\/td>\n<td style=\"height: 36px; width: 384px;\">Mezist\u00e1tn\u00ed utk\u00e1n\u00ed dru\u017estev dosp\u011bl\u00fdch a junior\u016f ve v\u00edceboj\u00edch<\/td>\n<td style=\"height: 36px; width: 61px;\"><a href=\"http:\/\/online.atletika.cz\/upload\/madrid%2027-28.1.2018.pdf\" target=\"_blank\" rel=\"noopener\">v\u00fdsledky<\/a><\/td>\n<\/tr>\n<tr style=\"height: 18px;\">\n<td style=\"text-align: right; height: 18px; width: 77px;\">28.01.<\/td>\n<td style=\"height: 18px; width: 90px;\">Bratislava<\/td>\n<td style=\"height: 18px; width: 384px;\">Elan Indoor Meeting<\/td>\n<td style=\"height: 18px; width: 61px;\"><a href=\"http:\/\/online.atletika.cz\/upload\/bratislava%2028.1.2018.pdf\" target=\"_blank\" rel=\"noopener\">v\u00fdsledky<\/a><\/td>\n<\/tr>\n<tr style=\"height: 18px;\">\n<td style=\"text-align: right; height: 18px; width: 77px;\">30.01.<\/td>\n<td style=\"height: 18px; width: 90px;\">T\u0159inec<\/td>\n<td style=\"height: 18px; width: 384px;\"><a href=\"http:\/\/www.beskydskalatka.cz\/\" target=\"_blank\" rel=\"noopener\">Beskydsk\u00e1 la\u0165ka<\/a><\/td>\n<td style=\"height: 18px; width: 61px;\"><a href=\"http:\/\/online.atletika.cz\/vysledky\/32002\" target=\"_blank\" rel=\"noopener\">v\u00fdsledky<\/a><\/td>\n<\/tr>\n<tr style=\"height: 18px;\">\n<td style=\"text-align: right; height: 18px; width: 77px;\">&nbsp;<\/td>\n<td style=\"height: 18px; width: 90px;\">&nbsp;<\/td>\n<td style=\"height: 18px; width: 384px;\">&nbsp;<\/td>\n<td style=\"height: 18px; width: 61px;\">&nbsp;<\/td>\n<\/tr>\n<tr style=\"height: 18px;\">\n<td style=\"text-align: left; height: 18px; width: 77px;\"><strong>\u00fanor<\/strong><\/td>\n<td style=\"height: 18px; width: 90px;\">&nbsp;<\/td>\n<td style=\"height: 18px; width: 384px;\">&nbsp;<\/td>\n<td style=\"height: 18px; width: 61px;\">&nbsp;<\/td>\n<\/tr>\n<tr style=\"height: 36px;\">\n<td style=\"text-align: right; height: 36px; width: 77px;\">02.02.<\/td>\n<td style=\"height: 36px; width: 90px;\">Ostrava<\/td>\n<td style=\"height: 36px; width: 384px;\"><strong><a href=\"http:\/\/www.atletika.cz\/_sys_\/FileStorage\/download\/15\/14375\/starsi-zactvo-22_.pdf\" target=\"_blank\" rel=\"noopener\">Mistrovstv\u00ed Moravy a Slezska mlad\u0161\u00edho a star\u0161\u00edho \u017eactva<\/a><br \/>\n<\/strong><\/td>\n<td style=\"height: 36px; width: 61px;\"><a href=\"http:\/\/online.atletika.cz\/vysledky\/32004\" target=\"_blank\" rel=\"noopener\">v\u00fdsledky<\/a><\/td>\n<\/tr>\n<tr style=\"height: 36px;\">\n<td style=\"text-align: right; height: 36px; width: 77px;\">03.02.<\/td>\n<td style=\"height: 36px; width: 90px;\">Ostrava<\/td>\n<td style=\"height: 36px; width: 384px;\"><strong><a href=\"http:\/\/www.atletika.cz\/_sys_\/FileStorage\/download\/15\/14376\/mmas-32_.pdf\" target=\"_blank\" rel=\"noopener\">Mistrovstv\u00ed Moravy a Slezska dosp\u011bl\u00fdch a ml\u00e1de\u017ee<\/a><br \/>\n<\/strong><\/td>\n<td style=\"height: 36px; width: 61px;\"><a href=\"http:\/\/online.atletika.cz\/vysledky\/32007\" target=\"_blank\" rel=\"noopener\">v\u00fdsledky<\/a><\/td>\n<\/tr>\n<tr style=\"height: 36px;\">\n<td style=\"text-align: right; height: 36px; width: 77px;\">06.02.<\/td>\n<td style=\"height: 36px; width: 90px;\">Bansk\u00e1 Bystrica<\/td>\n<td style=\"height: 36px; width: 384px;\"><a href=\"http:\/\/bblatka.sk\/\" target=\"_blank\" rel=\"noopener\">Banskobystrick\u00e1 la\u0165ka &#8211; High Jump Meeting<\/a><\/td>\n<td style=\"height: 36px; width: 61px;\"><a href=\"https:\/\/www.hrdosport.sk\/Online\/267\" target=\"_blank\" rel=\"noopener\">v\u00fdsledky<\/a><\/td>\n<\/tr>\n<tr style=\"height: 18px;\">\n<td style=\"text-align: right; height: 18px; width: 77px;\">07.02.<\/td>\n<td style=\"height: 18px; width: 90px;\">Brno<\/td>\n<td style=\"height: 18px; width: 384px;\"><a href=\"https:\/\/brnenskalatka.cibasport.cz\/\" target=\"_blank\" rel=\"noopener\">Brn\u011bnsk\u00e1 la\u0165ka<\/a><\/td>\n<td style=\"height: 18px; width: 61px;\"><a href=\"http:\/\/online.atletika.cz\/vysledky\/32106\" target=\"_blank\" rel=\"noopener\">v\u00fdsledky<\/a><\/td>\n<\/tr>\n<tr style=\"height: 18px;\">\n<td style=\"text-align: right; height: 18px; width: 77px;\">08.02.<\/td>\n<td style=\"height: 18px; width: 90px;\">Ostrava<\/td>\n<td style=\"height: 18px; width: 384px;\"><a href=\"http:\/\/www.atletika.cz\/propozice1\/athletics-indoor-ostrava-i1\" target=\"_blank\" rel=\"noopener\">Athletics Indoor Ostrava I<\/a><\/td>\n<td style=\"height: 18px; width: 61px;\"><a href=\"http:\/\/online.atletika.cz\/vysledky\/32012\" target=\"_blank\" rel=\"noopener\">v\u00fdsledky<\/a><\/td>\n<\/tr>\n<tr style=\"height: 18px;\">\n<td style=\"text-align: right; height: 18px; width: 77px;\">09.02.<\/td>\n<td style=\"height: 18px; width: 90px;\">Olomouc<\/td>\n<td style=\"height: 18px; width: 384px;\"><a href=\"http:\/\/www.atletikaolomouc.cz\/wp-content\/uploads\/2017\/11\/02_09_2018-Kontroln\u00ed-z\u00e1vody-mlad\u0161\u00edho-\u017eactva-2018-ver2.pdf\" target=\"_blank\" rel=\"noopener\">Kontroln\u00ed z\u00e1vody mlad\u0161\u00edho \u017eactva<\/a><\/td>\n<td style=\"height: 18px; width: 61px;\"><a href=\"http:\/\/online.atletika.cz\/vysledky\/32115\" target=\"_blank\" rel=\"noopener\">v\u00fdsledky<\/a><\/td>\n<\/tr>\n<tr style=\"height: 18px;\">\n<td style=\"text-align: right; height: 18px; width: 77px;\">09.-11.02.<\/td>\n<td style=\"height: 18px; width: 90px;\">Praha<\/td>\n<td style=\"height: 18px; width: 384px;\"><strong><a href=\"http:\/\/www.atletika.cz\/propozice1\/mistrovstvi-cr-muzu-zen-junioru-juniorek4\" target=\"_blank\" rel=\"noopener\">Mistrovstv\u00ed \u010cR&nbsp; ve v\u00edceboj\u00edch<\/a><\/strong><\/td>\n<td style=\"height: 18px; width: 61px;\"><a href=\"http:\/\/online.atletika.cz\/vysledky\/31934\" target=\"_blank\" rel=\"noopener\">v\u00fdsledky<\/a><\/td>\n<\/tr>\n<tr style=\"height: 36px;\">\n<td style=\"text-align: right; height: 36px; width: 77px;\">10.02.<\/td>\n<td style=\"height: 36px; width: 90px;\">Svat\u00fd Kope\u010dek<\/td>\n<td style=\"height: 36px; width: 384px;\"><a href=\"http:\/\/sk.hanaorienteering.cz\/beh-na-posluchov-2018\/\" target=\"_blank\" rel=\"noopener\">31. ro\u010dn\u00edk B\u011bhu na Posluchov<\/a><strong><br \/>\n<\/strong><\/td>\n<td style=\"height: 36px; width: 61px;\"><a href=\"https:\/\/www.liga100.cz\/wp-content\/uploads\/2018\/02\/posluchov2018.pdf\" target=\"_blank\" rel=\"noopener\">v\u00fdsledky<\/a><\/td>\n<\/tr>\n<tr style=\"height: 18px;\">\n<td style=\"text-align: right; height: 18px; width: 77px;\">11.02.<\/td>\n<td style=\"height: 18px; width: 90px;\">Praha<\/td>\n<td style=\"height: 18px; width: 384px;\"><strong><a href=\"http:\/\/www.atletika.cz\/propozice1\/mistrovstvi-cr-junioru-juniorek-dorostencudorosten\" target=\"_blank\" rel=\"noopener\">Mistrovstv\u00ed \u010cR v ch\u016fzi<\/a><\/strong><\/td>\n<td style=\"height: 18px; width: 61px;\"><a href=\"http:\/\/online.atletika.cz\/vysledky\/31935\" target=\"_blank\" rel=\"noopener\">v\u00fdsledky<\/a><\/td>\n<\/tr>\n<tr style=\"height: 18px;\">\n<td style=\"text-align: right; height: 18px; width: 77px;\">13.02.<\/td>\n<td style=\"height: 18px; width: 90px;\">Ostrava<\/td>\n<td style=\"height: 18px; width: 384px;\"><a href=\"http:\/\/www.atletika.cz\/propozice1\/athletics-indoor-ostrava-ii1\" target=\"_blank\" rel=\"noopener\">Athletics Indoor Ostrava II<\/a><\/td>\n<td style=\"height: 18px; width: 61px;\"><a href=\"http:\/\/online.atletika.cz\/vysledky\/31936\" target=\"_blank\" rel=\"noopener\">v\u00fdsledky<\/a><\/td>\n<\/tr>\n<tr style=\"height: 36px;\">\n<td style=\"text-align: right; height: 36px; width: 77px;\">16.02.<\/td>\n<td style=\"height: 36px; width: 90px;\">Olomouc<\/td>\n<td style=\"height: 36px; width: 384px;\"><a href=\"http:\/\/www.atletikaolomouc.cz\/wp-content\/uploads\/2017\/11\/02_16_2018-KP-star\u0161\u00edho-\u017eactva-2018-ver2.pdf\" target=\"_blank\" rel=\"noopener\">P\u0159ebor Olomouck\u00e9ho kraje star\u0161\u00edch \u017e\u00e1k\u016f a star\u0161\u00edch \u017e\u00e1ky\u0148<\/a><\/td>\n<td style=\"height: 36px; width: 61px;\"><a href=\"http:\/\/online.atletika.cz\/vysledky\/32108\" target=\"_blank\" rel=\"noopener\">v\u00fdsledky<\/a><\/td>\n<\/tr>\n<tr style=\"height: 18px;\">\n<td style=\"text-align: right; height: 18px; width: 77px;\">17.-18.02.<\/td>\n<td style=\"height: 18px; width: 90px;\">Praha<\/td>\n<td style=\"height: 18px; width: 384px;\"><strong><a href=\"http:\/\/www.atletika.cz\/propozice1\/mistrovstvi-cr-muzu-a-zen-v-hale3\" target=\"_blank\" rel=\"noopener\">Mistrovstv\u00ed \u010cR mu\u017e\u016f a \u017een v hale<\/a><br \/>\n<\/strong><\/td>\n<td style=\"height: 18px; width: 61px;\"><a href=\"http:\/\/online.atletika.cz\/vysledky\/31938\" target=\"_blank\" rel=\"noopener\">v\u00fdsledky<\/a><\/td>\n<\/tr>\n<tr style=\"height: 18px;\">\n<td style=\"text-align: right; height: 18px; width: 77px;\">20.02.<\/td>\n<td style=\"height: 18px; width: 90px;\">Ostrava<\/td>\n<td style=\"height: 18px; width: 384px;\"><a href=\"http:\/\/www.atletika.cz\/propozice1\/youth-athletics-indoor-ostrava-iii\" target=\"_blank\" rel=\"noopener\">Youth Athletics Indoor Ostrava III<\/a><\/td>\n<td style=\"height: 18px; width: 61px;\"><a href=\"http:\/\/online.atletika.cz\/vysledky\/31939\" target=\"_blank\" rel=\"noopener\">v\u00fdsledky<\/a><\/td>\n<\/tr>\n<tr style=\"height: 36px;\">\n<td style=\"text-align: right; height: 36px; width: 77px;\">23.02.<\/td>\n<td style=\"height: 36px; width: 90px;\">Olomouc<\/td>\n<td style=\"height: 36px; width: 384px;\"><a href=\"http:\/\/www.atletikaolomouc.cz\/wp-content\/uploads\/2017\/11\/02_23_2018-KP-mlad\u0161\u00edho-\u017eactva-2018-ver2.pdf\" target=\"_blank\" rel=\"noopener\">P\u0159ebor Olomouck\u00e9ho kraje mlad\u0161\u00edch \u017e\u00e1k\u016f a mlad\u0161\u00edch \u017e\u00e1ky\u0148<\/a><\/td>\n<td style=\"height: 36px; width: 61px;\"><a href=\"http:\/\/online.atletika.cz\/vysledky\/32110\" target=\"_blank\" rel=\"noopener\">v\u00fdsledky<\/a><\/td>\n<\/tr>\n<tr style=\"height: 36px;\">\n<td style=\"text-align: right; height: 36px; width: 77px;\">24.-25.02.<\/td>\n<td style=\"height: 36px; width: 90px;\">Ostrava<\/td>\n<td style=\"height: 36px; width: 384px;\"><strong><a href=\"http:\/\/www.atletika.cz\/propozice1\/mistrovstvi-cr-junioru-juniorek-dorosten10\" target=\"_blank\" rel=\"noopener\">Mistrovstv\u00ed \u010cR junior\u016f, juniorek, dorostenc\u016f a dorostenek<\/a><\/strong><\/td>\n<td style=\"height: 36px; width: 61px;\"><a href=\"http:\/\/online.atletika.cz\/vysledky\/31940\" target=\"_blank\" rel=\"noopener\">v\u00fdsledky<\/a><\/td>\n<\/tr>\n<tr style=\"height: 18px;\">\n<td style=\"text-align: right; height: 18px; width: 77px;\">&nbsp;<\/td>\n<td style=\"height: 18px; width: 90px;\">&nbsp;<\/td>\n<td style=\"height: 18px; width: 384px;\">&nbsp;<\/td>\n<td style=\"height: 18px; width: 61px;\">&nbsp;<\/td>\n<\/tr>\n<tr style=\"height: 18px;\">\n<td style=\"text-align: left; height: 18px; width: 77px;\"><strong>b\u0159ezen<\/strong><\/td>\n<td style=\"height: 18px; width: 90px;\">&nbsp;<\/td>\n<td style=\"height: 18px; width: 384px;\">&nbsp;<\/td>\n<td style=\"height: 18px; width: 61px;\">&nbsp;<\/td>\n<\/tr>\n<tr style=\"height: 18px;\">\n<td style=\"text-align: right; height: 18px; width: 77px;\">01.-04.03.<\/td>\n<td style=\"height: 18px; width: 90px;\">Birmingham<\/td>\n<td style=\"height: 18px; width: 384px;\"><strong><a href=\"http:\/\/www.wicbirmingham2018.com\/\" target=\"_blank\" rel=\"noopener\">HALOV\u00c9 MISTROVSTV\u00cd SV\u011aTA V ATLETICE<\/a><\/strong><\/td>\n<td style=\"height: 18px; width: 61px;\"><a href=\"https:\/\/www.iaaf.org\/competitions\/iaaf-world-indoor-championships\/iaaf-world-indoor-championships-6019\/timetable\/byday\" target=\"_blank\" rel=\"noopener\">v\u00fdsledky<\/a><\/td>\n<\/tr>\n<tr style=\"height: 18px;\">\n<td style=\"text-align: right; height: 18px; width: 77px;\">03.-04.03.<\/td>\n<td style=\"height: 18px; width: 90px;\">Ostrava<\/td>\n<td style=\"height: 18px; width: 384px;\"><strong><a href=\"http:\/\/www.atletika.cz\/propozice1\/mistrovstvi-cr-zaku-a-zakyn1\" target=\"_blank\" rel=\"noopener\">Mistrovstv\u00ed \u010cR \u017e\u00e1k\u016f a \u017e\u00e1ky\u0148<\/a><\/strong><\/td>\n<td style=\"height: 18px; width: 61px;\"><a href=\"http:\/\/online.atletika.cz\/vysledky\/31941\" target=\"_blank\" rel=\"noopener\">v\u00fdsledky<\/a><\/td>\n<\/tr>\n<tr style=\"height: 18px;\">\n<td style=\"text-align: right; height: 18px; width: 77px;\">10.-11.03.<\/td>\n<td style=\"height: 18px; width: 90px;\">Leiria<\/td>\n<td style=\"height: 18px; width: 384px;\"><strong><a href=\"http:\/\/www.european-athletics.org\/competitions\/european-throwing-cup\/\" target=\"_blank\" rel=\"noopener\">EVROPSK\u00dd POH\u00c1R VE VRZ\u00cdCH<\/a><\/strong><\/td>\n<td style=\"height: 18px; width: 61px;\"><a href=\"http:\/\/www.european-athletics.org\/competitions\/european-throwing-cup\/history\/year=2018\/results\/index.html\" target=\"_blank\" rel=\"noopener\">v\u00fdsledky<\/a><\/td>\n<\/tr>\n<tr style=\"height: 18px;\">\n<td style=\"text-align: right; height: 18px; width: 77px;\">10.03.<\/td>\n<td style=\"height: 18px; width: 90px;\">Olomouc<\/td>\n<td style=\"height: 18px; width: 384px;\"><a href=\"http:\/\/www.atletikaolomouc.cz\/wp-content\/uploads\/2017\/11\/03_10_2018-Michalsk\u00fd-v\u00fdpad-2018.pdf\">12. ro\u010dn\u00edk B\u011bhu Michalsk\u00fdm v\u00fdpadem<\/a><\/td>\n<td style=\"height: 18px; width: 61px;\"><a href=\"https:\/\/www.liga100.cz\/wp-content\/uploads\/2018\/03\/vypad2018.pdf\" target=\"_blank\" rel=\"noopener\">v\u00fdsledky<\/a><\/td>\n<\/tr>\n<tr style=\"height: 18px;\">\n<td style=\"text-align: right; height: 18px; width: 77px;\">10.03.<\/td>\n<td style=\"height: 18px; width: 90px;\">Praha<\/td>\n<td style=\"height: 18px; width: 384px;\"><strong><strong>Mistrovstv\u00ed \u010cR veter\u00e1n\u016f v hale<\/strong><\/strong><\/td>\n<td style=\"height: 18px; width: 61px;\"><a href=\"http:\/\/online.atletika.cz\/upload\/praha-stromovka%2010.3.2018.xlsx\" target=\"_blank\" rel=\"noopener\">v\u00fdsledky<\/a><\/td>\n<\/tr>\n<tr style=\"height: 36px;\">\n<td style=\"text-align: right; height: 36px; width: 77px;\">10.03.<\/td>\n<td style=\"height: 36px; width: 90px;\">Vala\u0161sk\u00e9 Mez.<\/td>\n<td style=\"height: 36px; width: 384px;\"><a href=\"http:\/\/www.atletika.cz\/propozice1\/tradicni-valasska-latka\" target=\"_blank\" rel=\"noopener\">Tradi\u010dn\u00ed Vala\u0161sk\u00e1 la\u0165ka<\/a><\/td>\n<td style=\"height: 36px; width: 61px;\"><a href=\"http:\/\/online.atletika.cz\/upload\/vala%C5%A1sk%C3%A9%20mezi%C5%99%C3%AD%C4%8D%C3%AD%2010.3.2018.pdf\" target=\"_blank\" rel=\"noopener\">v\u00fdsledky<\/a><\/td>\n<\/tr>\n<tr style=\"height: 18px;\">\n<td style=\"text-align: right; height: 18px; width: 77px;\">23.-24.03.<\/td>\n<td style=\"height: 18px; width: 90px;\">Hav\u00ed\u0159ov<\/td>\n<td style=\"height: 18px; width: 384px;\"><a href=\"http:\/\/www.atletikaolomouc.cz\/wp-content\/uploads\/2017\/11\/MVK-2018.pdf\" target=\"_blank\" rel=\"noopener\">Hav\u00ed\u0159ovsk\u00fd atletick\u00fd \u010dty\u0159boj<\/a><\/td>\n<td style=\"height: 18px; width: 61px;\"><a href=\"http:\/\/www.atletikaolomouc.cz\/wp-content\/uploads\/2017\/11\/03_23_2018_HAC.pdf\" target=\"_blank\" rel=\"noopener\">v\u00fdsledky<\/a><\/td>\n<\/tr>\n<tr style=\"height: 36px;\">\n<td style=\"text-align: right; height: 36px; width: 77px;\">24.03.<\/td>\n<td style=\"height: 36px; width: 90px;\">Doln\u00ed Dobrou\u010d<\/td>\n<td style=\"height: 36px; width: 384px;\"><strong><a href=\"http:\/\/www.atletika.cz\/_sys_\/FileStorage\/download\/15\/14763\/propozice-mcr-v-prespolnim-behu.pdf\" target=\"_blank\" rel=\"noopener\">Mistrovstv\u00ed \u010cR v p\u0159espoln\u00edm b\u011bhu ml\u00e1de\u017ee a \u017eactva<\/a><strong><br \/>\n<\/strong><\/strong><\/td>\n<td style=\"height: 36px; width: 61px;\"><a href=\"http:\/\/online.atletika.cz\/vysledky\/31945\" target=\"_blank\" rel=\"noopener\">v\u00fdsledky<\/a><\/td>\n<\/tr>\n<tr style=\"height: 18px;\">\n<td style=\"text-align: right; height: 18px; width: 77px;\">30.03.<\/td>\n<td style=\"height: 18px; width: 90px;\">Olomouc<\/td>\n<td style=\"height: 18px; width: 384px;\"><a href=\"http:\/\/online.atletika.cz\/Propozice\/propozice\/34780\" target=\"_blank\" rel=\"noopener\">52. ro\u010dn\u00edk Olomouck\u00e9 dvac\u00edtky v ch\u016fzi<\/a><\/td>\n<td style=\"height: 18px; width: 61px;\"><a href=\"http:\/\/online.atletika.cz\/vysledky\/34780\" target=\"_blank\" rel=\"noopener\">v\u00fdsledky<\/a><\/td>\n<\/tr>\n<tr style=\"height: 18px;\">\n<td style=\"text-align: right; height: 18px; width: 77px;\">30.03.<\/td>\n<td style=\"height: 18px; width: 90px;\">Olomouc<\/td>\n<td style=\"height: 18px; width: 384px;\"><a href=\"http:\/\/online.atletika.cz\/Propozice\/propozice\/34721\" target=\"_blank\" rel=\"noopener\">10. ro\u010dn\u00edk B\u011b\u017eeck\u00e9ho poh\u00e1ru ml\u00e1de\u017ee<\/a><\/td>\n<td style=\"height: 18px; width: 61px;\"><a href=\"http:\/\/online.atletika.cz\/vysledky\/34721\" target=\"_blank\" rel=\"noopener\">v\u00fdsledky<\/a><\/td>\n<\/tr>\n<tr style=\"height: 18px;\">\n<td style=\"text-align: right; height: 18px; width: 77px;\">&nbsp;<\/td>\n<td style=\"height: 18px; width: 90px;\">&nbsp;<\/td>\n<td style=\"height: 18px; width: 384px;\">&nbsp;<\/td>\n<td style=\"height: 18px; width: 61px;\">&nbsp;<\/td>\n<\/tr>\n<tr style=\"height: 18px;\">\n<td style=\"text-align: left; height: 18px; width: 77px;\"><strong>duben<\/strong><\/td>\n<td style=\"height: 18px; width: 90px;\">&nbsp;<\/td>\n<td style=\"height: 18px; width: 384px;\">&nbsp;<\/td>\n<td style=\"height: 18px; width: 61px;\">&nbsp;<\/td>\n<\/tr>\n<tr style=\"height: 18px;\">\n<td style=\"text-align: right; height: 18px; width: 77px;\">07.04.<\/td>\n<td style=\"height: 18px; width: 90px;\">Pod\u011bbrady<\/td>\n<td style=\"height: 18px; width: 384px;\"><a href=\"http:\/\/www.atletika.cz\/_sys_\/FileStorage\/download\/15\/14605\/propozice-cj.pdf\" target=\"_blank\" rel=\"noopener\">Mistrovstv\u00ed \u010cR v ch\u016fzi na 20 km<\/a><\/td>\n<td style=\"height: 18px; width: 61px;\"><a href=\"http:\/\/online.atletika.cz\/vysledky\/31946\" target=\"_blank\" rel=\"noopener\">v\u00fdsledky<\/a><\/td>\n<\/tr>\n<tr style=\"height: 18px;\">\n<td style=\"text-align: right; height: 18px; width: 77px;\">14.04.<\/td>\n<td style=\"height: 18px; width: 90px;\">Olomouc<\/td>\n<td style=\"height: 18px; width: 384px;\"><a href=\"http:\/\/www.atletikaolomouc.cz\/wp-content\/uploads\/2017\/11\/04_14_2018_Hanacky_pulmaraton.pdf\" target=\"_blank\" rel=\"noopener\">18. ro\u010dn\u00edk Han\u00e1ck\u00e9ho p\u016flmaratonu &#8211; Mistrovstv\u00ed MaS<\/a><\/td>\n<td style=\"height: 18px; width: 61px;\"><a href=\"http:\/\/www.atletikaolomouc.cz\/wp-content\/uploads\/2018\/04\/04_14_2018_hanacky_pulmaraton.pdf\" target=\"_blank\" rel=\"noopener\">v\u00fdsledky<\/a><\/td>\n<\/tr>\n<tr style=\"height: 18px;\">\n<td style=\"text-align: right; height: 18px; width: 77px;\">25.04.<\/td>\n<td style=\"height: 18px; width: 90px;\">Olomouc<\/td>\n<td style=\"height: 18px; width: 384px;\"><a href=\"http:\/\/online.atletika.cz\/Propozice\/propozice\/35262\" target=\"_blank\" rel=\"noopener\">P\u0159ebor Univerzity Palack\u00e9ho v atletice<\/a><\/td>\n<td style=\"height: 18px; width: 61px;\"><a href=\"http:\/\/online.atletika.cz\/vysledky\/35262\" target=\"_blank\" rel=\"noopener\">v\u00fdsledky<\/a><\/td>\n<\/tr>\n<tr style=\"height: 18px;\">\n<td style=\"text-align: right; height: 18px; width: 77px;\">26.04.<\/td>\n<td style=\"height: 18px; width: 90px;\">\u0160umperk<\/td>\n<td style=\"height: 18px; width: 384px;\"><a href=\"http:\/\/online.atletika.cz\/Propozice\/propozice\/34916\" target=\"_blank\" rel=\"noopener\">\u0160\u010dudl\u016fv memori\u00e1l (st\u0159edn\u00ed \u0161koly)<\/a><\/td>\n<td style=\"height: 18px; width: 61px;\"><a href=\"http:\/\/online.atletika.cz\/vysledky\/34916\" target=\"_blank\" rel=\"noopener\">v\u00fdsledky<\/a><\/td>\n<\/tr>\n<tr style=\"height: 18px;\">\n<td style=\"text-align: right; height: 18px; width: 77px;\">&nbsp;<\/td>\n<td style=\"height: 18px; width: 90px;\">&nbsp;<\/td>\n<td style=\"height: 18px; width: 384px;\">&nbsp;<\/td>\n<td style=\"height: 18px; width: 61px;\">&nbsp;<\/td>\n<\/tr>\n<tr style=\"height: 18px;\">\n<td style=\"text-align: left; height: 18px; width: 77px;\"><strong>kv\u011bten<\/strong><\/td>\n<td style=\"height: 18px; width: 90px;\">&nbsp;<\/td>\n<td style=\"height: 18px; width: 384px;\">&nbsp;<\/td>\n<td style=\"height: 18px; width: 61px;\">&nbsp;<\/td>\n<\/tr>\n<tr style=\"height: 18px;\">\n<td style=\"text-align: right; height: 18px; width: 77px;\">01.05.<\/td>\n<td style=\"height: 18px; width: 90px;\">P\u0159erov<\/td>\n<td style=\"height: 18px; width: 384px;\"><a href=\"http:\/\/online.atletika.cz\/Propozice\/propozice\/34852\" target=\"_blank\" rel=\"noopener\">P\u0159erovsk\u00fd p\u011btiboj a Memori\u00e1l Jar. Kr\u00e1l\u00edka<\/a><\/td>\n<td style=\"height: 18px; width: 61px;\"><a href=\"http:\/\/online.atletika.cz\/vysledky\/34853\" target=\"_blank\" rel=\"noopener\">v\u00fdsledky<\/a><\/td>\n<\/tr>\n<tr style=\"height: 18px;\">\n<td style=\"text-align: right; height: 18px; width: 77px;\">01.05.<\/td>\n<td style=\"height: 18px; width: 90px;\">P\u0159erov<\/td>\n<td style=\"height: 18px; width: 384px;\"><a href=\"http:\/\/www.atletikaolomouc.cz\/wp-content\/uploads\/2017\/11\/05_01_2018_VC_Prerova_1500.pdf\" target=\"_blank\" rel=\"noopener\">Velk\u00e1 Cena P\u0159erova v b\u011bhu mu\u017e\u016f na 1500m<\/a><\/td>\n<td style=\"height: 18px; width: 61px;\"><a href=\"http:\/\/online.atletika.cz\/vysledky\/35534\" target=\"_blank\" rel=\"noopener\">v\u00fdsledky<\/a><\/td>\n<\/tr>\n<tr style=\"height: 18px;\">\n<td style=\"text-align: right; height: 18px; width: 77px;\">02.05.<\/td>\n<td style=\"height: 18px; width: 90px;\">Olomouc<\/td>\n<td style=\"height: 18px; width: 384px;\"><a href=\"http:\/\/online.atletika.cz\/Propozice\/propozice\/34956\" target=\"_blank\" rel=\"noopener\">P\u0159ebory AK Olomouc<\/a><\/td>\n<td style=\"height: 18px; width: 61px;\"><a href=\"http:\/\/online.atletika.cz\/vysledky\/34956\" target=\"_blank\" rel=\"noopener\">v\u00fdsledky<\/a><\/td>\n<\/tr>\n<tr style=\"height: 18px;\">\n<td style=\"text-align: right; height: 18px; width: 77px;\">02.05.<\/td>\n<td style=\"height: 18px; width: 90px;\">Prost\u011bjov<\/td>\n<td style=\"height: 18px; width: 384px;\"><a href=\"http:\/\/online.atletika.cz\/Propozice\/propozice\/34890\" target=\"_blank\" rel=\"noopener\">Okresn\u00ed p\u0159ebor<\/a><\/td>\n<td style=\"height: 18px; width: 61px;\"><a href=\"http:\/\/online.atletika.cz\/vysledky\/34890\" target=\"_blank\" rel=\"noopener\">v\u00fdsledky<\/a><\/td>\n<\/tr>\n<tr style=\"height: 18px;\">\n<td style=\"text-align: right; height: 18px; width: 77px;\">04.05.<\/td>\n<td style=\"height: 18px; width: 90px;\">Olomouc<\/td>\n<td style=\"height: 18px; width: 384px;\"><a href=\"http:\/\/online.atletika.cz\/Propozice\/propozice\/34652\" target=\"_blank\" rel=\"noopener\">\u0160tafetov\u00fd poh\u00e1r &#8211; okresn\u00ed kolo Olomouc-P\u0159erov<\/a><\/td>\n<td style=\"height: 18px; width: 61px;\"><a href=\"https:\/\/www.stafetovypohar.cz\/vysledkova-listina\/2018\/olomoucky#olomouc\" target=\"_blank\" rel=\"noopener\">v\u00fdsledky<\/a><\/td>\n<\/tr>\n<tr style=\"height: 18px;\">\n<td style=\"text-align: right; height: 18px; width: 77px;\">05.05.<\/td>\n<td style=\"height: 18px; width: 90px;\">Olomouc<\/td>\n<td style=\"height: 18px; width: 384px;\"><a href=\"http:\/\/online.atletika.cz\/Propozice\/propozice\/34957\" target=\"_blank\" rel=\"noopener\">1. kolo dru\u017estev dorostu a junior\u016f &#8211; GIGANT<\/a><\/td>\n<td style=\"height: 18px; width: 61px;\"><a href=\"http:\/\/online.atletika.cz\/vysledky\/34957\" target=\"_blank\" rel=\"noopener\">v\u00fdsledky<\/a><\/td>\n<\/tr>\n<tr style=\"height: 18px;\">\n<td style=\"text-align: right; height: 18px; width: 77px;\">06.05.<\/td>\n<td style=\"height: 18px; width: 90px;\">Praha<\/td>\n<td style=\"height: 18px; width: 384px;\"><strong><a href=\"http:\/\/www.atletika.cz\/propozice1\/mistrovstvi-cr-v-maratonu-muzu-a-zen5\/\" target=\"_blank\" rel=\"noopener\">Mistrovstv\u00ed \u010cR v maratonu mu\u017e\u016f a \u017een<\/a><\/strong><\/td>\n<td style=\"height: 18px; width: 61px;\"><a href=\"https:\/\/www.runczech.com\/srv\/www\/qf\/cs\/ramjet\/resultsEventDetail?eventId=21429&amp;frm.subeventId=21430&amp;page=1&amp;per_page=15&amp;sort=finishTime&amp;frm.nationality=CZE\" target=\"_blank\" rel=\"noopener\">v\u00fdsledky<\/a><\/td>\n<\/tr>\n<tr style=\"height: 36px;\">\n<td style=\"text-align: right; height: 36px; width: 77px;\">08.05.<\/td>\n<td style=\"height: 36px; width: 90px;\">Olomouc<\/td>\n<td style=\"height: 36px; width: 384px;\"><a href=\"http:\/\/online.atletika.cz\/Propozice\/propozice\/33822\" target=\"_blank\" rel=\"noopener\">Velk\u00e1 cena m\u011bsta Olomouce &#8211; Mal\u00e1 cena m\u011bsta Olomouce<\/a><\/td>\n<td style=\"height: 36px; width: 61px;\"><a href=\"http:\/\/online.atletika.cz\/vysledky\/33822\" target=\"_blank\" rel=\"noopener\">v\u00fdsledky<\/a><\/td>\n<\/tr>\n<tr style=\"height: 18px;\">\n<td style=\"text-align: right; height: 18px; width: 77px;\">09.05.<\/td>\n<td style=\"height: 18px; width: 90px;\">Olomouc<\/td>\n<td style=\"height: 18px; width: 384px;\"><a href=\"http:\/\/online.atletika.cz\/Propozice\/propozice\/35350\" target=\"_blank\" rel=\"noopener\">Poh\u00e1r rozhlasu s \u010ceskou spo\u0159itelnou &#8211; okresn\u00ed kolo<\/a><\/td>\n<td style=\"height: 18px; width: 61px;\"><a href=\"http:\/\/online.atletika.cz\/vysledky\/35350\" target=\"_blank\" rel=\"noopener\">v\u00fdsledky<\/a><\/td>\n<\/tr>\n<tr style=\"height: 18px;\">\n<td style=\"text-align: right; height: 18px; width: 77px;\">09.05.<\/td>\n<td style=\"height: 18px; width: 90px;\">Olomouc<\/td>\n<td style=\"height: 18px; width: 384px;\"><a href=\"http:\/\/online.atletika.cz\/Propozice\/propozice\/34958\" target=\"_blank\" rel=\"noopener\">1. kolo d\u011btsk\u00e9 Zlat\u00e9 ligy<\/a><\/td>\n<td style=\"height: 18px; width: 61px;\"><a href=\"http:\/\/www.atletikaolomouc.cz\/wp-content\/uploads\/2018\/05\/1.-kolo-Zlat\u00e9-ligy-2018-v\u00fdsledky-complet-3.pdf\" target=\"_blank\" rel=\"noopener\">v\u00fdsledky<\/a><\/td>\n<\/tr>\n<tr style=\"height: 18px;\">\n<td style=\"text-align: right; height: 18px; width: 77px;\">12.-13.05.<\/td>\n<td style=\"height: 18px; width: 90px;\">T\u0159inec<\/td>\n<td style=\"height: 18px; width: 384px;\"><a href=\"http:\/\/online.atletika.cz\/Propozice\/propozice\/35014\" target=\"_blank\" rel=\"noopener\">Mistrovstv\u00ed Moravy a Slezska ve v\u00edceboj\u00edch<\/a><\/td>\n<td style=\"height: 18px; width: 61px;\"><a href=\"http:\/\/online.atletika.cz\/vysledky\/35014\" target=\"_blank\" rel=\"noopener\">v\u00fdsledky<\/a><\/td>\n<\/tr>\n<tr style=\"height: 18px;\">\n<td style=\"text-align: right; height: 18px; width: 77px;\">14.05.<\/td>\n<td style=\"height: 18px; width: 90px;\">\u0160umperk<\/td>\n<td style=\"height: 18px; width: 384px;\"><a href=\"http:\/\/online.atletika.cz\/Propozice\/propozice\/34917\" target=\"_blank\" rel=\"noopener\">1. kolo KP dru\u017estev p\u0159\u00edpravek (2007-2009)<\/a><\/td>\n<td style=\"height: 18px; width: 61px;\"><a href=\"http:\/\/online.atletika.cz\/vysledky\/34917\" target=\"_blank\" rel=\"noopener\">v\u00fdsledky<\/a><\/td>\n<\/tr>\n<tr style=\"height: 18px;\">\n<td style=\"text-align: right; height: 18px; width: 77px;\">15.05.<\/td>\n<td style=\"height: 18px; width: 90px;\">\u0160umperk<\/td>\n<td style=\"height: 18px; width: 384px;\"><a href=\"http:\/\/online.atletika.cz\/Propozice\/propozice\/34903\" target=\"_blank\" rel=\"noopener\">Krajsk\u00e9 fin\u00e1le \u0160tafetov\u00e9ho poh\u00e1ru Z\u0160<\/a><\/td>\n<td style=\"height: 18px; width: 61px;\"><a href=\"https:\/\/www.stafetovypohar.cz\/vysledkova-listina\/2018\/olomoucky\" target=\"_blank\" rel=\"noopener\">v\u00fdsledky<\/a><\/td>\n<\/tr>\n<tr style=\"height: 18px;\">\n<td style=\"text-align: right; height: 18px; width: 77px;\">15.05.<\/td>\n<td style=\"height: 18px; width: 90px;\">P\u0159erov<\/td>\n<td style=\"height: 18px; width: 384px;\"><a href=\"http:\/\/online.atletika.cz\/Propozice\/propozice\/34854\" target=\"_blank\" rel=\"noopener\">1. kolo KP dru\u017estev mlad\u0161\u00edho \u017eactva<\/a><\/td>\n<td style=\"height: 18px; width: 61px;\"><a href=\"http:\/\/online.atletika.cz\/vysledky\/34854\" target=\"_blank\" rel=\"noopener\">v\u00fdsledky<\/a><\/td>\n<\/tr>\n<tr style=\"height: 18px;\">\n<td style=\"text-align: right; height: 18px; width: 77px;\">16.05.<\/td>\n<td style=\"height: 18px; width: 90px;\">Olomouc<\/td>\n<td style=\"height: 18px; width: 384px;\"><a href=\"http:\/\/online.atletika.cz\/Propozice\/propozice\/34959\" target=\"_blank\" rel=\"noopener\">1. kolo KP dru\u017estev star\u0161\u00edho \u017eactva<\/a><\/td>\n<td style=\"height: 18px; width: 61px;\"><a href=\"http:\/\/online.atletika.cz\/vysledky\/34959\" target=\"_blank\" rel=\"noopener\">v\u00fdsledky<\/a><\/td>\n<\/tr>\n<tr style=\"height: 18px;\">\n<td style=\"text-align: right; height: 18px; width: 77px;\">19.05.<\/td>\n<td style=\"height: 18px; width: 90px;\">Praha<\/td>\n<td style=\"height: 18px; width: 384px;\"><a href=\"http:\/\/online.atletika.cz\/Propozice\/propozice\/35456\" target=\"_blank\" rel=\"noopener\">1. kolo Extraligy mu\u017e\u016f a \u017een<\/a><\/td>\n<td style=\"height: 18px; width: 61px;\"><a href=\"http:\/\/online.atletika.cz\/vysledky\/35456\" target=\"_blank\" rel=\"noopener\">v\u00fdsledky<\/a><\/td>\n<\/tr>\n<tr style=\"height: 18px;\">\n<td style=\"text-align: right; height: 18px; width: 77px;\">19.05.<\/td>\n<td style=\"height: 18px; width: 90px;\">Opava<\/td>\n<td style=\"height: 18px; width: 384px;\"><a href=\"http:\/\/online.atletika.cz\/Propozice\/propozice\/34865\" target=\"_blank\" rel=\"noopener\">1. kolo I. ligy mu\u017e\u016f a \u017een sk. C<\/a><\/td>\n<td style=\"height: 18px; width: 61px;\"><a href=\"http:\/\/online.atletika.cz\/vysledky\/34865\" target=\"_blank\" rel=\"noopener\">v\u00fdsledky<\/a><\/td>\n<\/tr>\n<tr style=\"height: 18px;\">\n<td style=\"text-align: right; height: 18px; width: 77px;\">19.05.<\/td>\n<td style=\"height: 18px; width: 90px;\">Olomouc<\/td>\n<td style=\"height: 18px; width: 384px;\"><a href=\"http:\/\/online.atletika.cz\/Propozice\/propozice\/34960\" target=\"_blank\" rel=\"noopener\">1. kolo II. ligy mu\u017e\u016f a \u017een sk. D<\/a><\/td>\n<td style=\"height: 18px; width: 61px;\"><a href=\"http:\/\/online.atletika.cz\/vysledky\/34960\" target=\"_blank\" rel=\"noopener\">v\u00fdsledky<\/a><\/td>\n<\/tr>\n<tr style=\"height: 18px;\">\n<td style=\"text-align: right; height: 18px; width: 77px;\">21.05.<\/td>\n<td style=\"height: 18px; width: 90px;\">Olomouc<\/td>\n<td style=\"height: 18px; width: 384px;\"><a href=\"http:\/\/online.atletika.cz\/Propozice\/propozice\/34961\" target=\"_blank\" rel=\"noopener\">2. kolo d\u011btsk\u00e9 Zlat\u00e9 ligy<\/a><\/td>\n<td style=\"height: 18px; width: 61px;\"><a href=\"http:\/\/www.atletikaolomouc.cz\/wp-content\/uploads\/2018\/05\/2.-kolo-D\u011btsk\u00e9-Zlat\u00e9-ligy-v\u00fdsledky-complet-3.pdf\" target=\"_blank\" rel=\"noopener\">v\u00fdsledky<\/a><\/td>\n<\/tr>\n<tr style=\"height: 18px;\">\n<td style=\"text-align: right; height: 18px; width: 77px;\">23.05.<\/td>\n<td style=\"height: 18px; width: 90px;\">Olomouc<\/td>\n<td style=\"height: 18px; width: 384px;\"><a href=\"http:\/\/www.cokoladovatretra.cz\/index.php?page=olomouc2018\">\u010cokol\u00e1dov\u00e1 tretra Olomouc &#8211; okresn\u00ed kolo<\/a><\/td>\n<td style=\"height: 18px; width: 61px;\"><a href=\"http:\/\/online.atletika.cz\/vysledky\/34760\" target=\"_blank\" rel=\"noopener\">v\u00fdsledky<\/a><\/td>\n<\/tr>\n<tr style=\"height: 18px;\">\n<td style=\"text-align: right; height: 18px; width: 77px;\">24.05.<\/td>\n<td style=\"height: 18px; width: 90px;\">Kol\u00edn<\/td>\n<td style=\"height: 18px; width: 384px;\"><a href=\"http:\/\/online.atletika.cz\/Propozice\/propozice\/32057\" target=\"_blank\" rel=\"noopener\">Celost\u00e1tn\u00ed fin\u00e1le \u0160tafetov\u00e9ho poh\u00e1ru Z\u0160<\/a><\/td>\n<td style=\"height: 18px; width: 61px;\"><a href=\"https:\/\/www.stafetovypohar.cz\/vysledkova-listina\/2018\" target=\"_blank\" rel=\"noopener\">v\u00fdsledky<\/a><\/td>\n<\/tr>\n<tr style=\"height: 18px;\">\n<td style=\"text-align: right; height: 18px; width: 77px;\">24.05.<\/td>\n<td style=\"height: 18px; width: 90px;\">Olomouc<\/td>\n<td style=\"height: 18px; width: 384px;\"><a href=\"http:\/\/online.atletika.cz\/Propozice\/propozice\/35429\" target=\"_blank\" rel=\"noopener\">Poh\u00e1ru rozhlasu s \u010ceskou spo\u0159itelnou &#8211;&nbsp;krajsk\u00e9 fin\u00e1le&nbsp;<\/a><\/td>\n<td style=\"height: 18px; width: 61px;\"><a href=\"http:\/\/online.atletika.cz\/vysledky\/35429\" target=\"_blank\" rel=\"noopener\">v\u00fdsledky<\/a><\/td>\n<\/tr>\n<tr style=\"height: 18px;\">\n<td style=\"text-align: right; height: 18px; width: 77px;\">26.05.<\/td>\n<td style=\"height: 18px; width: 90px;\">B\u0159eclav<\/td>\n<td style=\"height: 18px; width: 384px;\"><a href=\"http:\/\/online.atletika.cz\/Propozice\/propozice\/34929\" target=\"_blank\" rel=\"noopener\">2. kolo dru\u017estev dorostu a junior\u016f &#8211; GIGANT<\/a><\/td>\n<td style=\"height: 18px; width: 61px;\"><a href=\"http:\/\/online.atletika.cz\/vysledky\/34929\" target=\"_blank\" rel=\"noopener\">v\u00fdsledky<\/a><\/td>\n<\/tr>\n<tr style=\"height: 18px;\">\n<td style=\"text-align: right; height: 18px; width: 77px;\">28.05.<\/td>\n<td style=\"height: 18px; width: 90px;\">Olomouc<\/td>\n<td style=\"height: 18px; width: 384px;\"><a href=\"http:\/\/www.atletikaolomouc.cz\/?p=10298\" target=\"_blank\" rel=\"noopener\">Z\u00e1vody atletick\u00e9 \u0161kolky<\/a><\/td>\n<td style=\"height: 18px; width: 61px;\"><a href=\"http:\/\/www.atletikaolomouc.cz\/wp-content\/uploads\/2017\/11\/05_28_2018_atleticka_skolka.pdf\" target=\"_blank\" rel=\"noopener\">v\u00fdsledky<\/a><\/td>\n<\/tr>\n<tr style=\"height: 18px;\">\n<td style=\"text-align: right; height: 18px; width: 77px;\">29.05.<\/td>\n<td style=\"height: 18px; width: 90px;\">Prost\u011bjov<\/td>\n<td style=\"height: 18px; width: 384px;\"><a href=\"http:\/\/online.atletika.cz\/Propozice\/propozice\/34891\" target=\"_blank\" rel=\"noopener\">2. kolo KP dru\u017estev p\u0159\u00edpravek (2007-2009)<\/a><\/td>\n<td style=\"height: 18px; width: 61px;\"><a href=\"http:\/\/online.atletika.cz\/vysledky\/34891\" target=\"_blank\" rel=\"noopener\">v\u00fdsledky<\/a><\/td>\n<\/tr>\n<tr style=\"height: 18px;\">\n<td style=\"text-align: right; height: 18px; width: 77px;\">30.05.<\/td>\n<td style=\"height: 18px; width: 90px;\">Olomouc<\/td>\n<td style=\"height: 18px; width: 384px;\"><a href=\"http:\/\/online.atletika.cz\/Propozice\/propozice\/34962\" target=\"_blank\" rel=\"noopener\">2. kolo KP dru\u017estev mlad\u0161\u00edho \u017eactva<\/a><\/td>\n<td style=\"height: 18px; width: 61px;\"><a href=\"http:\/\/online.atletika.cz\/vysledky\/34962\" target=\"_blank\" rel=\"noopener\">v\u00fdsledky<\/a><\/td>\n<\/tr>\n<tr style=\"height: 18px;\">\n<td style=\"text-align: right; height: 18px; width: 77px;\">31.05.<\/td>\n<td style=\"height: 18px; width: 90px;\">\u0160umperk<\/td>\n<td style=\"height: 18px; width: 384px;\"><a href=\"http:\/\/online.atletika.cz\/Propozice\/propozice\/34918\" target=\"_blank\" rel=\"noopener\">2. kolo KP dru\u017estev star\u0161\u00edho \u017eactva<\/a><\/td>\n<td style=\"height: 18px; width: 61px;\"><a href=\"http:\/\/online.atletika.cz\/vysledky\/34918\" target=\"_blank\" rel=\"noopener\">v\u00fdsledky<\/a><\/td>\n<\/tr>\n<tr style=\"height: 18px;\">\n<td style=\"text-align: right; height: 18px; width: 77px;\">&nbsp;<\/td>\n<td style=\"height: 18px; width: 90px;\">&nbsp;<\/td>\n<td style=\"height: 18px; width: 384px;\">&nbsp;<\/td>\n<td style=\"height: 18px; width: 61px;\">&nbsp;<\/td>\n<\/tr>\n<tr style=\"height: 18px;\">\n<td style=\"text-align: left; height: 18px; width: 77px;\"><strong>\u010derven<\/strong><\/td>\n<td style=\"text-align: left; height: 18px; width: 90px;\">&nbsp;<\/td>\n<td style=\"height: 18px; width: 384px;\">&nbsp;<\/td>\n<td style=\"height: 18px; width: 61px;\">&nbsp;<\/td>\n<\/tr>\n<tr style=\"height: 36px;\">\n<td style=\"text-align: right; height: 36px; width: 77px;\">01.-03.06.<\/td>\n<td style=\"height: 36px; width: 90px;\">Kol\u00edn<\/td>\n<td style=\"height: 36px; width: 384px;\"><strong><a href=\"http:\/\/www.atletika.cz\/propozice1\/mistrovstvi-cr-juniorujuniorek-dorostencu-dorosten\" target=\"_blank\" rel=\"noopener\">Mistrovstv\u00ed \u010cR ve v\u00edceboj\u00edch jun, dor, st.\u017e. a ml.\u017e.<\/a><\/strong><\/td>\n<td style=\"height: 36px; width: 61px;\"><a href=\"http:\/\/online.atletika.cz\/vysledky\/31950\" target=\"_blank\" rel=\"noopener\">v\u00fdsledky<\/a><\/td>\n<\/tr>\n<tr style=\"height: 18px;\">\n<td style=\"text-align: right; height: 18px; width: 77px;\">03.06.<\/td>\n<td style=\"height: 18px; width: 90px;\">Brno<\/td>\n<td style=\"height: 18px; width: 384px;\"><strong><a href=\"http:\/\/online.atletika.cz\/Propozice\/propozice\/34713\" target=\"_blank\" rel=\"noopener\">Mistrovstv\u00ed Moravy a Slezska star\u0161\u00edho \u017eactva<\/a><\/strong><\/td>\n<td style=\"height: 18px; width: 61px;\"><a href=\"http:\/\/online.atletika.cz\/vysledky\/34713\" target=\"_blank\" rel=\"noopener\">v\u00fdsledky<\/a><\/td>\n<\/tr>\n<tr style=\"height: 18px;\">\n<td style=\"text-align: right; height: 18px; width: 77px;\">04.06.<\/td>\n<td style=\"height: 18px; width: 90px;\">Olomouc<\/td>\n<td style=\"height: 18px; width: 384px;\"><a href=\"http:\/\/online.atletika.cz\/Propozice\/propozice\/34963\" target=\"_blank\" rel=\"noopener\">Fin\u00e1le d\u011btsk\u00e9 Zlat\u00e9 ligy<\/a><\/td>\n<td style=\"height: 18px; width: 61px;\"><a href=\"http:\/\/www.atletikaolomouc.cz\/wp-content\/uploads\/2018\/05\/V\u00fdsledky-3.-kolo-Zlat\u00e9-ligy-2018-complet.pdf\" target=\"_blank\" rel=\"noopener\">v\u00fdsledky<\/a><\/td>\n<\/tr>\n<tr style=\"height: 18px;\">\n<td style=\"text-align: right; height: 18px; width: 77px;\">04.06.<\/td>\n<td style=\"height: 18px; width: 90px;\">Praha<\/td>\n<td style=\"height: 18px; width: 384px;\"><a href=\"https:\/\/www.memorial-odlozil.cz\/\" target=\"_blank\" rel=\"noopener\">Memori\u00e1l Josefa Odlo\u017eila<\/a><\/td>\n<td style=\"height: 18px; width: 61px;\"><a href=\"http:\/\/online.atletika.cz\/vysledky\/32058\" target=\"_blank\" rel=\"noopener\">v\u00fdsledky<\/a><\/td>\n<\/tr>\n<tr style=\"height: 18px;\">\n<td style=\"text-align: right; height: 18px; width: 77px;\">05.06.<\/td>\n<td style=\"height: 18px; width: 90px;\">Olomouc<\/td>\n<td style=\"height: 18px; width: 384px;\"><a href=\"http:\/\/www.cokoladovatretra.cz\/index.php?page=kf-olomouc2018\" target=\"_blank\" rel=\"noopener\">\u010cokol\u00e1dov\u00e1 tretra Olomouc &#8211; krajsk\u00e9 fin\u00e1le<\/a><\/td>\n<td style=\"height: 18px; width: 61px;\"><a href=\"http:\/\/online.atletika.cz\/vysledky\/34766\" target=\"_blank\" rel=\"noopener\">v\u00fdsledky<\/a><\/td>\n<\/tr>\n<tr style=\"height: 36px;\">\n<td style=\"text-align: right; height: 36px; width: 77px;\">06.06.<\/td>\n<td style=\"height: 36px; width: 90px;\">Ostrava<\/td>\n<td style=\"height: 36px; width: 384px;\"><a href=\"http:\/\/online.atletika.cz\/Propozice\/propozice\/35433\" target=\"_blank\" rel=\"noopener\">Mezikrajov\u00e9 utk\u00e1n\u00ed dru\u017estev dorostu &#8211; Kontinent\u00e1ln\u00ed poh\u00e1r \u010cR<\/a><\/td>\n<td style=\"height: 36px; width: 61px;\"><a href=\"http:\/\/online.atletika.cz\/vysledky\/35433\" target=\"_blank\" rel=\"noopener\">v\u00fdsledky<\/a><\/td>\n<\/tr>\n<tr style=\"height: 18px;\">\n<td style=\"text-align: right; height: 18px; width: 77px;\">09.06.<\/td>\n<td style=\"height: 18px; width: 90px;\">T\u0159inec<\/td>\n<td style=\"height: 18px; width: 384px;\"><a href=\"http:\/\/online.atletika.cz\/Propozice\/propozice\/35017\" target=\"_blank\" rel=\"noopener\">2. kolo I. ligy mu\u017e\u016f a \u017een sk. C<\/a><\/td>\n<td style=\"height: 18px; width: 61px;\"><a href=\"http:\/\/online.atletika.cz\/vysledky\/35017\" target=\"_blank\" rel=\"noopener\">v\u00fdsledky<\/a><\/td>\n<\/tr>\n<tr style=\"height: 18px;\">\n<td style=\"text-align: right; height: 18px; width: 77px;\">09.06.<\/td>\n<td style=\"height: 18px; width: 90px;\">Hranice<\/td>\n<td style=\"height: 18px; width: 384px;\"><a href=\"http:\/\/online.atletika.cz\/Propozice\/propozice\/35754\" target=\"_blank\" rel=\"noopener\">2. kolo II. ligy mu\u017e\u016f a \u017een sk. D<\/a><\/td>\n<td style=\"height: 18px; width: 61px;\"><a href=\"http:\/\/online.atletika.cz\/vysledky\/35754\" target=\"_blank\" rel=\"noopener\">v\u00fdsledky<\/a><\/td>\n<\/tr>\n<tr style=\"height: 18px;\">\n<td style=\"text-align: right; height: 18px; width: 77px;\">10.06.<\/td>\n<td style=\"height: 18px; width: 90px;\">Olomouc<\/td>\n<td style=\"height: 18px; width: 384px;\">Mistrovstv\u00ed \u010cR voz\u00ed\u010dk\u00e1\u0159\u016f<\/td>\n<td style=\"height: 18px; width: 61px;\"><a href=\"http:\/\/www.atletikaolomouc.cz\/wp-content\/uploads\/2017\/11\/M\u010cR-voz-2018.pdf\" target=\"_blank\" rel=\"noopener\">v\u00fdsledky<\/a><\/td>\n<\/tr>\n<tr style=\"height: 36px;\">\n<td style=\"text-align: right; height: 36px; width: 77px;\">12.06.<\/td>\n<td style=\"height: 36px; width: 90px;\">Olomouc<\/td>\n<td style=\"height: 36px; width: 384px;\"><a href=\"http:\/\/online.atletika.cz\/Propozice\/propozice\/32061\" target=\"_blank\" rel=\"noopener\">Celost\u00e1tn\u00ed fin\u00e1le Poh\u00e1ru rozhlasu s \u010ceskou spo\u0159itelnou<\/a><\/td>\n<td style=\"height: 36px; width: 61px;\"><a href=\"http:\/\/online.atletika.cz\/vysledky\/32061\" target=\"_blank\" rel=\"noopener\">v\u00fdsledky<\/a><\/td>\n<\/tr>\n<tr style=\"height: 18px;\">\n<td style=\"text-align: right; height: 18px; width: 77px;\">13.06.<\/td>\n<td style=\"height: 18px; width: 90px;\">Ostrava<\/td>\n<td style=\"height: 18px; width: 384px;\"><a href=\"http:\/\/www.zlatatretra.cz\/\" target=\"_blank\" rel=\"noopener\">Zlat\u00e1 tretra Ostrava &#8211; m\u00edtink IAAF<\/a><\/td>\n<td style=\"height: 18px; width: 61px;\"><a href=\"http:\/\/online.atletika.cz\/vysledky\/31907\" target=\"_blank\" rel=\"noopener\">v\u00fdsledky<\/a><\/td>\n<\/tr>\n<tr style=\"height: 18px;\">\n<td style=\"text-align: right; height: 18px; width: 77px;\">16.06.<\/td>\n<td style=\"height: 18px; width: 90px;\">Vy\u0161kov<\/td>\n<td style=\"height: 18px; width: 384px;\"><a href=\"http:\/\/online.atletika.cz\/Propozice\/propozice\/33903\" target=\"_blank\" rel=\"noopener\">Mezist\u00e1tn\u00ed utk\u00e1n\u00ed junior\u016f a juniorek<\/a><\/td>\n<td style=\"height: 18px; width: 61px;\"><a href=\"http:\/\/online.atletika.cz\/vysledky\/33903\" target=\"_blank\" rel=\"noopener\">v\u00fdsledky<\/a><\/td>\n<\/tr>\n<tr style=\"height: 18px;\">\n<td style=\"text-align: right; height: 18px; width: 77px;\">16.-17.06.<\/td>\n<td style=\"height: 18px; width: 90px;\">Kladno<\/td>\n<td style=\"height: 18px; width: 384px;\"><strong><a href=\"http:\/\/online.atletika.cz\/Propozice\/propozice\/31951\" target=\"_blank\" rel=\"noopener\">Mistrovstv\u00ed \u010cR mu\u017e\u016f a \u017een ve v\u00edceboj\u00edch<\/a><\/strong><\/td>\n<td style=\"height: 18px; width: 61px;\"><a href=\"http:\/\/online.atletika.cz\/vysledky\/31951\" target=\"_blank\" rel=\"noopener\">v\u00fdsledky<\/a><\/td>\n<\/tr>\n<tr style=\"height: 36px;\">\n<td style=\"text-align: right; height: 36px; width: 77px;\">17.06.<\/td>\n<td style=\"height: 36px; width: 90px;\">Ostrava<\/td>\n<td style=\"height: 36px; width: 384px;\"><strong><a href=\"http:\/\/online.atletika.cz\/Propozice\/propozice\/35435\" target=\"_blank\" rel=\"noopener\">Mistrovstv\u00ed Moravy a Slezska mu\u017e\u016f, \u017een, junior\u016f a dorostu<\/a><\/strong><\/td>\n<td style=\"height: 36px; width: 61px;\"><a href=\"http:\/\/online.atletika.cz\/vysledky\/35435\" target=\"_blank\" rel=\"noopener\">v\u00fdsledky<\/a><\/td>\n<\/tr>\n<tr style=\"height: 18px;\">\n<td style=\"text-align: right; height: 18px; width: 77px;\">17.06.<\/td>\n<td style=\"height: 18px; width: 90px;\">Jihlava<\/td>\n<td style=\"height: 18px; width: 384px;\"><a href=\"http:\/\/online.atletika.cz\/Propozice\/propozice\/34536\" target=\"_blank\" rel=\"noopener\">Mezikrajov\u00e9 utk\u00e1n\u00ed dru\u017estev star\u0161\u00edch \u017e\u00e1k\u016f a \u017e\u00e1ky\u0148<\/a><\/td>\n<td style=\"height: 18px; width: 61px;\"><a href=\"http:\/\/online.atletika.cz\/vysledky\/34536\" target=\"_blank\" rel=\"noopener\">v\u00fdsledky<\/a><\/td>\n<\/tr>\n<tr style=\"height: 18px;\">\n<td style=\"text-align: right; height: 18px; width: 77px;\">18.06.<\/td>\n<td style=\"height: 18px; width: 90px;\">Olomouc<\/td>\n<td style=\"height: 18px; width: 384px;\"><a href=\"http:\/\/www.atletikaolomouc.cz\/wp-content\/uploads\/2017\/11\/06_18_2018-3.-kolo-pripravek.pdf\" target=\"_blank\" rel=\"noopener\">3. kolo KP dru\u017estev p\u0159\u00edpravek (2007-2009)<\/a><\/td>\n<td style=\"height: 18px; width: 61px;\"><a href=\"http:\/\/online.atletika.cz\/vysledky\/34964\" target=\"_blank\" rel=\"noopener\">v\u00fdsledky<\/a><\/td>\n<\/tr>\n<tr style=\"height: 18px;\">\n<td style=\"text-align: right; height: 18px; width: 77px;\">19.06.<\/td>\n<td style=\"height: 18px; width: 90px;\">P\u0159erov<\/td>\n<td style=\"height: 18px; width: 384px;\"><a href=\"http:\/\/online.atletika.cz\/Propozice\/propozice\/34858\" target=\"_blank\" rel=\"noopener\">3. kolo KP dru\u017estev star\u0161\u00edho \u017eactva<\/a><\/td>\n<td style=\"height: 18px; width: 61px;\"><a href=\"http:\/\/online.atletika.cz\/vysledky\/34858\" target=\"_blank\" rel=\"noopener\">v\u00fdsledky<\/a><\/td>\n<\/tr>\n<tr style=\"height: 18px;\">\n<td style=\"text-align: right; height: 18px; width: 77px;\">20.06.<\/td>\n<td style=\"height: 18px; width: 90px;\">Olomouc<\/td>\n<td style=\"height: 18px; width: 384px;\"><a href=\"http:\/\/www.atletikaolomouc.cz\/?p=10298\" target=\"_blank\" rel=\"noopener\">Z\u00e1vody atletick\u00e9 \u0161kolky<\/a><\/td>\n<td style=\"height: 18px; width: 61px;\"><a href=\"http:\/\/www.atletikaolomouc.cz\/wp-content\/uploads\/2017\/11\/06_20_2018-atleticka-skolka.pdf\" target=\"_blank\" rel=\"noopener\">v\u00fdsledky<\/a><\/td>\n<\/tr>\n<tr style=\"height: 18px;\">\n<td style=\"text-align: right; height: 18px; width: 77px;\">21.06.<\/td>\n<td style=\"height: 18px; width: 90px;\">Hranice<\/td>\n<td style=\"height: 18px; width: 384px;\"><a href=\"http:\/\/online.atletika.cz\/Propozice\/propozice\/35902\" target=\"_blank\" rel=\"noopener\">3. kolo KP dru\u017estev mlad\u0161\u00edho \u017eactva<\/a><\/td>\n<td style=\"height: 18px; width: 61px;\"><a href=\"http:\/\/online.atletika.cz\/vysledky\/35902\" target=\"_blank\" rel=\"noopener\">v\u00fdsledky<\/a><\/td>\n<\/tr>\n<tr style=\"height: 18px;\">\n<td style=\"text-align: right; height: 18px; width: 77px;\">23.06.<\/td>\n<td style=\"height: 18px; width: 90px;\">Olomouc<\/td>\n<td style=\"height: 18px; width: 384px;\"><a href=\"https:\/\/www.runczech.com\/cs\/akce\/mattoni-1-2maraton-olomouc-2018\/index.shtml\" target=\"_blank\" rel=\"noopener\">Mattoni p\u016flmaraton Olomouc<\/a><\/td>\n<td style=\"height: 18px; width: 61px;\"><a href=\"https:\/\/www.runczech.com\/srv\/www\/qf\/cs\/ramjet\/resultsEventDetail?eventId=21448&amp;frm.subeventId=21449&amp;page=1&amp;per_page=15&amp;sort=finishTime\" target=\"_blank\" rel=\"noopener\">v\u00fdsledky<\/a><\/td>\n<\/tr>\n<tr style=\"height: 36px;\">\n<td style=\"text-align: right; height: 36px; width: 77px;\">23.-24.06.<\/td>\n<td style=\"height: 36px; width: 90px;\">Praha-Juliska<\/td>\n<td style=\"height: 36px; width: 384px;\"><strong><a href=\"http:\/\/online.atletika.cz\/Propozice\/propozice\/31952\" target=\"_blank\" rel=\"noopener\">Mistrovstv\u00ed \u010cR junior\u016f,juniorek,dorostenc\u016f a dorostenek<\/a><\/strong><\/td>\n<td style=\"height: 36px; width: 61px;\"><a href=\"http:\/\/online.atletika.cz\/vysledky\/31952\" target=\"_blank\" rel=\"noopener\">v\u00fdsledky<\/a><\/td>\n<\/tr>\n<tr style=\"height: 36px;\">\n<td style=\"text-align: right; height: 36px; width: 77px;\">30.06.<\/td>\n<td style=\"height: 36px; width: 90px;\">Uhersk\u00e9 Hrad.<\/td>\n<td style=\"height: 36px; width: 384px;\"><a href=\"http:\/\/online.atletika.cz\/Propozice\/propozice\/35755\" target=\"_blank\" rel=\"noopener\">3. kolo I. ligy mu\u017e\u016f a \u017een sk. C<\/a><\/td>\n<td style=\"height: 36px; width: 61px;\"><a href=\"http:\/\/online.atletika.cz\/vysledky\/35755\" target=\"_blank\" rel=\"noopener\">v\u00fdsledky<\/a><\/td>\n<\/tr>\n<tr style=\"height: 18px;\">\n<td style=\"text-align: right; height: 18px; width: 77px;\">30.06.<\/td>\n<td style=\"height: 18px; width: 90px;\">Hranice<\/td>\n<td style=\"height: 18px; width: 384px;\"><a href=\"http:\/\/online.atletika.cz\/Propozice\/propozice\/35756\" target=\"_blank\" rel=\"noopener\">3. kolo II. ligy mu\u017e\u016f a \u017een sk. D<\/a><\/td>\n<td style=\"height: 18px; width: 61px;\"><a href=\"http:\/\/online.atletika.cz\/vysledky\/35756\" target=\"_blank\" rel=\"noopener\">v\u00fdsledky<\/a><\/td>\n<\/tr>\n<tr style=\"height: 18px;\">\n<td style=\"text-align: right; height: 18px; width: 77px;\">01.07.<\/td>\n<td style=\"height: 18px; width: 90px;\">Ostrava<\/td>\n<td style=\"height: 18px; width: 384px;\"><a href=\"http:\/\/online.atletika.cz\/Propozice\/propozice\/35436\" target=\"_blank\" rel=\"noopener\">2. kolo Extraligy mu\u017e\u016f a \u017een<\/a><\/td>\n<td style=\"height: 18px; width: 61px;\"><a href=\"http:\/\/online.atletika.cz\/vysledky\/35436\" target=\"_blank\" rel=\"noopener\">v\u00fdsledky<\/a><\/td>\n<\/tr>\n<tr style=\"height: 18px;\">\n<td style=\"text-align: right; height: 18px; width: 77px;\">&nbsp;<\/td>\n<td style=\"height: 18px; width: 90px;\">&nbsp;<\/td>\n<td style=\"height: 18px; width: 384px;\">&nbsp;<\/td>\n<td style=\"height: 18px; width: 61px;\">&nbsp;<\/td>\n<\/tr>\n<tr style=\"height: 18px;\">\n<td style=\"text-align: left; height: 18px; width: 77px;\"><strong>\u010dervenec<\/strong><\/td>\n<td style=\"height: 18px; width: 90px;\">&nbsp;<\/td>\n<td style=\"height: 18px; width: 384px;\">&nbsp;<\/td>\n<td style=\"height: 18px; width: 61px;\">&nbsp;<\/td>\n<\/tr>\n<tr style=\"height: 18px;\">\n<td style=\"text-align: right; height: 18px; width: 77px;\">05.-08.07.<\/td>\n<td style=\"height: 18px; width: 90px;\">Gy\u00f6r<\/td>\n<td style=\"height: 18px; width: 384px;\"><strong><a href=\"http:\/\/www.european-athletics.org\/competitions\/event=european-athletics-youth-championships\/news\/index.html\" target=\"_blank\" rel=\"noopener\">Mistrovstv\u00ed Evropy&nbsp;U18<\/a><\/strong><\/td>\n<td style=\"height: 18px; width: 61px;\"><a href=\"http:\/\/www.european-athletics.org\/competitions\/european-athletics-youth-championships\/2018\/schedules-results\/index.html\" target=\"_blank\" rel=\"noopener\">v\u00fdsledky<\/a><\/td>\n<\/tr>\n<tr style=\"height: 18px;\">\n<td style=\"text-align: right; height: 18px; width: 77px;\">10.-15.07.<\/td>\n<td style=\"height: 18px; width: 90px;\">Tampere<\/td>\n<td style=\"height: 18px; width: 384px;\"><strong><a href=\"http:\/\/tampere2018.com\/\" target=\"_blank\" rel=\"noopener\">Mistrovstv\u00ed sv\u011bta U20<\/a><\/strong><\/td>\n<td style=\"height: 18px; width: 61px;\"><a href=\"https:\/\/www.iaaf.org\/competitions\/iaaf-world-u20-championships\/iaaf-world-u20-championships-tampere-2018-6082\/timetable\/bydiscipline\" target=\"_blank\" rel=\"noopener\">v\u00fdsledky<\/a><\/td>\n<\/tr>\n<tr style=\"height: 18px;\">\n<td style=\"text-align: right; height: 18px; width: 77px;\">13.07.<\/td>\n<td style=\"height: 18px; width: 90px;\">Olomouc<\/td>\n<td style=\"height: 18px; width: 384px;\">Hudebn\u00ed p\u011btka na dr\u00e1ze<\/td>\n<td style=\"height: 18px; width: 61px;\"><a href=\"https:\/\/www.liga100.cz\/zavody\/8-hudebni-petka-draze\/\" target=\"_blank\" rel=\"noopener\">v\u00fdsledky<\/a><\/td>\n<\/tr>\n<tr style=\"height: 18px;\">\n<td style=\"text-align: right; height: 18px; width: 77px;\">18.07.<\/td>\n<td style=\"height: 18px; width: 90px;\">T\u00e1bor<\/td>\n<td style=\"height: 18px; width: 384px;\"><a href=\"http:\/\/online.atletika.cz\/Propozice\/propozice\/32064\" target=\"_blank\" rel=\"noopener\">Velk\u00e1 cena T\u00e1bora<\/a><\/td>\n<td style=\"height: 18px; width: 61px;\"><a href=\"http:\/\/online.atletika.cz\/vysledky\/32064\/\" target=\"_blank\" rel=\"noopener\">v\u00fdsledky<\/a><\/td>\n<\/tr>\n<tr style=\"height: 36px;\">\n<td style=\"text-align: right; height: 36px; width: 77px;\">21.07.<\/td>\n<td style=\"height: 36px; width: 90px;\">Nov\u00e9 M\u011bsto nM<\/td>\n<td style=\"height: 36px; width: 384px;\"><a href=\"http:\/\/online.atletika.cz\/Propozice\/propozice\/32065\" target=\"_blank\" rel=\"noopener\">Velk\u00e1 cena Nov\u00e9ho M\u011bsta nad Metuj\u00ed<\/a><\/td>\n<td style=\"height: 36px; width: 61px;\"><a href=\"http:\/\/online.atletika.cz\/vysledky\/32065\" target=\"_blank\" rel=\"noopener\">v\u00fdsledky<\/a><\/td>\n<\/tr>\n<tr style=\"height: 18px;\">\n<td style=\"text-align: right; height: 18px; width: 77px;\">28.07.<\/td>\n<td style=\"height: 18px; width: 90px;\">Lys\u00e1 Hora<\/td>\n<td style=\"height: 18px; width: 384px;\"><a href=\"http:\/\/www.iscarex.cz\/media\/propozice_lysa_2018.pdf\" target=\"_blank\" rel=\"noopener\">Mistrovstv\u00ed Moravy a Slezska v b\u011bhu do vrchu<\/a><\/td>\n<td style=\"height: 18px; width: 61px;\"><a href=\"http:\/\/www.iscarex.cz\/vysledky\/2906\" target=\"_blank\" rel=\"noopener\">v\u00fdsledky<\/a><\/td>\n<\/tr>\n<tr style=\"height: 18px;\">\n<td style=\"text-align: right; height: 18px; width: 77px;\">28.-29.07.<\/td>\n<td style=\"height: 18px; width: 90px;\">Kladno<\/td>\n<td style=\"height: 18px; width: 384px;\"><strong><a href=\"http:\/\/online.atletika.cz\/Propozice\/propozice\/31957\" target=\"_blank\" rel=\"noopener\">Mistrovstv\u00ed \u010cR mu\u017e\u016f a \u017een<\/a><\/strong><\/td>\n<td style=\"height: 18px; width: 61px;\"><a href=\"http:\/\/online.atletika.cz\/vysledky\/31957\" target=\"_blank\" rel=\"noopener\">v\u00fdsledky<\/a><\/td>\n<\/tr>\n<tr style=\"height: 18px;\">\n<td style=\"text-align: right; height: 18px; width: 77px;\">28.-29.07.<\/td>\n<td style=\"height: 18px; width: 90px;\">Aubagne<\/td>\n<td style=\"height: 18px; width: 384px;\">Mezist\u00e1tn\u00ed utk\u00e1n\u00ed ve v\u00edceboj\u00edch U23 a U20<\/td>\n<td style=\"height: 18px; width: 61px;\"><a href=\"http:\/\/online.atletika.cz\/upload\/aubagne%2028-29.7.2018.pdf\" target=\"_blank\" rel=\"noopener\">v\u00fdsledky<\/a><\/td>\n<\/tr>\n<tr style=\"height: 18px;\">\n<td style=\"text-align: right; height: 18px; width: 77px;\">&nbsp;<\/td>\n<td style=\"height: 18px; width: 90px;\">&nbsp;<\/td>\n<td style=\"height: 18px; width: 384px;\">&nbsp;<\/td>\n<td style=\"height: 18px; width: 61px;\">&nbsp;<\/td>\n<\/tr>\n<tr style=\"height: 18px;\">\n<td style=\"text-align: left; height: 18px; width: 77px;\"><strong>srpen<\/strong><\/td>\n<td style=\"height: 18px; width: 90px;\">&nbsp;<\/td>\n<td style=\"height: 18px; width: 384px;\">&nbsp;<\/td>\n<td style=\"height: 18px; width: 61px;\">&nbsp;<\/td>\n<\/tr>\n<tr style=\"height: 36px;\">\n<td style=\"text-align: right; height: 36px; width: 77px;\">04.08.<\/td>\n<td style=\"height: 36px; width: 90px;\">B\u011bl\u00e1 pod Pra\u010f.<\/td>\n<td style=\"height: 36px; width: 384px;\"><strong><a href=\"http:\/\/online.atletika.cz\/Propozice\/propozice\/31958\" target=\"_blank\" rel=\"noopener\">Mistrovstv\u00ed \u010cR v b\u011bhu do vrchu<\/a><\/strong><\/td>\n<td style=\"height: 36px; width: 61px;\"><a href=\"http:\/\/online.atletika.cz\/vysledky\/31958\" target=\"_blank\" rel=\"noopener\">v\u00fdsledky<\/a><\/td>\n<\/tr>\n<tr style=\"height: 18px;\">\n<td style=\"text-align: right; height: 18px; width: 77px;\">04.08.<\/td>\n<td style=\"height: 18px; width: 90px;\">P\u0159erov<\/td>\n<td style=\"height: 18px; width: 384px;\">10 km ch\u016fze pro 4. kolo I. ligy mu\u017e\u016f sk.C, II. ligy sk D<\/td>\n<td style=\"height: 18px; width: 61px;\"><a href=\"http:\/\/online.atletika.cz\/vysledky\/36041\" target=\"_blank\" rel=\"noopener\">v\u00fdsledky<\/a><\/td>\n<\/tr>\n<tr style=\"height: 18px;\">\n<td style=\"text-align: right; height: 18px; width: 77px;\">07.-12.08.<\/td>\n<td style=\"height: 18px; width: 90px;\">Berl\u00edn<\/td>\n<td style=\"height: 18px; width: 384px;\"><strong><a href=\"http:\/\/www.berlin2018.info\/en\" target=\"_blank\" rel=\"noopener\">Mistrovstv\u00ed Evropy<\/a><\/strong><\/td>\n<td style=\"height: 18px; width: 61px;\"><a href=\"http:\/\/www.european-athletics.org\/competitions\/european-athletics-championships\/2018\/schedules-results\/index.html\" target=\"_blank\" rel=\"noopener\">v\u00fdsledky<\/a><\/td>\n<\/tr>\n<tr style=\"height: 18px;\">\n<td style=\"text-align: right; height: 18px; width: 77px;\">18.08.<\/td>\n<td style=\"height: 18px; width: 90px;\">Opava<\/td>\n<td style=\"height: 18px; width: 384px;\"><a href=\"http:\/\/online.atletika.cz\/Propozice\/propozice\/34870\" target=\"_blank\" rel=\"noopener\">Velk\u00e1 ceny Opavy<\/a><\/td>\n<td style=\"height: 18px; width: 61px;\"><a href=\"http:\/\/online.atletika.cz\/vysledky\/34870\" target=\"_blank\" rel=\"noopener\">v\u00fdsledky<\/a><\/td>\n<\/tr>\n<tr style=\"height: 18px;\">\n<td style=\"text-align: right; height: 18px; width: 77px;\">18.08.<\/td>\n<td style=\"height: 18px; width: 90px;\">Zl\u00edn<\/td>\n<td style=\"height: 18px; width: 384px;\"><a href=\"http:\/\/online.atletika.cz\/Propozice\/propozice\/32719\" target=\"_blank\" rel=\"noopener\">M\u00edtink \u201eZl\u00edn 2018\u201c<\/a><\/td>\n<td style=\"height: 18px; width: 61px;\"><a href=\"http:\/\/online.atletika.cz\/vysledky\/32719\" target=\"_blank\" rel=\"noopener\">v\u00fdsledky<\/a><\/td>\n<\/tr>\n<tr style=\"height: 18px;\">\n<td style=\"text-align: right; height: 18px; width: 77px;\">22.08.<\/td>\n<td style=\"height: 18px; width: 90px;\">P\u0159erov<\/td>\n<td style=\"height: 18px; width: 384px;\"><a href=\"http:\/\/online.atletika.cz\/Propozice\/propozice\/36055\" target=\"_blank\" rel=\"noopener\">Krajsk\u00fd p\u0159ebor mu\u017e\u016f, \u017een, junior\u016f, juniorek, dorostu<\/a><\/td>\n<td style=\"height: 18px; width: 61px;\"><a href=\"http:\/\/online.atletika.cz\/vysledky\/36055\" target=\"_blank\" rel=\"noopener\">v\u00fdsledky<\/a><\/td>\n<\/tr>\n<tr style=\"height: 18px;\">\n<td style=\"text-align: right; height: 18px; width: 77px;\">25.08.<\/td>\n<td style=\"height: 18px; width: 90px;\">B\u0159eclav<\/td>\n<td style=\"height: 18px; width: 384px;\"><a href=\"http:\/\/online.atletika.cz\/Propozice\/propozice\/34941\" target=\"_blank\" rel=\"noopener\">4. kolo I.ligy mu\u017e\u016f a \u017een sk. C<\/a><\/td>\n<td style=\"height: 18px; width: 61px;\"><a href=\"http:\/\/online.atletika.cz\/vysledky\/34941\" target=\"_blank\" rel=\"noopener\">v\u00fdsledky<\/a><\/td>\n<\/tr>\n<tr style=\"height: 18px;\">\n<td style=\"text-align: right; height: 18px; width: 77px;\">25.08.<\/td>\n<td style=\"height: 18px; width: 90px;\">\u0160umperk<\/td>\n<td style=\"height: 18px; width: 384px;\"><a href=\"http:\/\/online.atletika.cz\/Propozice\/propozice\/34920\" target=\"_blank\" rel=\"noopener\">4. kolo II.ligy mu\u017e\u016f a \u017een sk. D<\/a><\/td>\n<td style=\"height: 18px; width: 61px;\"><a href=\"http:\/\/online.atletika.cz\/vysledky\/34920\" target=\"_blank\" rel=\"noopener\">v\u00fdsledky<\/a><\/td>\n<\/tr>\n<tr style=\"height: 36px;\">\n<td style=\"text-align: right; height: 36px; width: 77px;\">25.-26.08.<\/td>\n<td style=\"height: 36px; width: 90px;\">Uhersk\u00e9 Hrad.<\/td>\n<td style=\"height: 36px; width: 384px;\"><strong><a href=\"http:\/\/online.atletika.cz\/Propozice\/propozice\/31960\" target=\"_blank\" rel=\"noopener\">Mistrovstv\u00ed \u010cR dru\u017estev mu\u017e\u016f a \u017een<\/a><\/strong><\/td>\n<td style=\"height: 36px; width: 61px;\"><a href=\"http:\/\/online.atletika.cz\/vysledky\/31960\" target=\"_blank\" rel=\"noopener\">v\u00fdsledky<\/a><\/td>\n<\/tr>\n<tr style=\"height: 18px;\">\n<td style=\"text-align: right; height: 18px; width: 77px;\">&nbsp;<\/td>\n<td style=\"height: 18px; width: 90px;\">&nbsp;<a name=\"kotva\"><\/a><\/td>\n<td style=\"height: 18px; width: 384px;\">&nbsp;<\/td>\n<td style=\"height: 18px; width: 61px;\">&nbsp;<\/td>\n<\/tr>\n<tr style=\"height: 18px;\">\n<td style=\"text-align: left; height: 18px; width: 77px;\"><strong>z\u00e1\u0159\u00ed<\/strong><\/td>\n<td style=\"height: 18px; width: 90px;\">&nbsp;<\/td>\n<td style=\"height: 18px; width: 384px;\">&nbsp;<\/td>\n<td style=\"height: 18px; width: 61px;\">&nbsp;<\/td>\n<\/tr>\n<tr style=\"height: 18px;\">\n<td style=\"text-align: right; height: 18px; width: 77px;\">01.-02.09.<\/td>\n<td style=\"height: 18px; width: 90px;\">Ostrava<\/td>\n<td style=\"height: 18px; width: 384px;\"><strong><a href=\"http:\/\/online.atletika.cz\/Propozice\/propozice\/31961\" target=\"_blank\" rel=\"noopener\">Mistrovstv\u00ed \u010cR mu\u017e\u016f a \u017een do 22 let nad dr\u00e1ze<\/a><\/strong><\/td>\n<td style=\"height: 18px; width: 61px;\"><a href=\"http:\/\/online.atletika.cz\/vysledky\/31961\" target=\"_blank\" rel=\"noopener\">v\u00fdsledky<\/a><\/td>\n<\/tr>\n<tr style=\"height: 18px;\">\n<td style=\"text-align: right; height: 18px; width: 77px;\">08.-09.09.<\/td>\n<td style=\"height: 18px; width: 90px;\">Ostrava<\/td>\n<td style=\"height: 18px; width: 384px;\"><strong><a href=\"http:\/\/www.ostrava2018.org\/\" target=\"_blank\" rel=\"noopener\">IAAF Kontinent\u00e1ln\u00ed poh\u00e1r<\/a><\/strong><\/td>\n<td style=\"height: 18px; width: 61px;\"><a href=\"https:\/\/www.iaaf.org\/competitions\/iaaf-continental-cup\/iaaf-continental-cup-ostrava-2018-6020\/timetable\/bydiscipline\" target=\"_blank\" rel=\"noopener\">v\u00fdsledky<\/a><\/td>\n<\/tr>\n<tr style=\"height: 18px;\">\n<td style=\"text-align: right; height: 18px; width: 77px;\">10.-12.09.<\/td>\n<td style=\"height: 18px; width: 90px;\">Brno<\/td>\n<td style=\"height: 18px; width: 384px;\"><a href=\"https:\/\/europeangames.cibasport.cz\/\" target=\"_blank\" rel=\"noopener\">European Kids Athletics Games<\/a><\/td>\n<td style=\"height: 18px; width: 61px;\"><a href=\"http:\/\/online.atletika.cz\/upload\/brno%2010-12.9.2018.pdf\" target=\"_blank\" rel=\"noopener\">v\u00fdsledky<\/a><\/td>\n<\/tr>\n<tr style=\"height: 18px;\">\n<td style=\"text-align: right; height: 18px; width: 77px;\">13.09.<\/td>\n<td style=\"height: 18px; width: 90px;\">Olomouc<\/td>\n<td style=\"height: 18px; width: 384px;\"><a href=\"http:\/\/online.atletika.cz\/Propozice\/propozice\/34966\" target=\"_blank\" rel=\"noopener\">Han\u00e1ck\u00e1 la\u0165ka 2018<\/a><\/td>\n<td style=\"height: 18px; width: 61px;\"><a href=\"http:\/\/online.atletika.cz\/vysledky\/34966\" target=\"_blank\" rel=\"noopener\">v\u00fdsledky<\/a><\/td>\n<\/tr>\n<tr style=\"height: 18px;\">\n<td style=\"text-align: right; height: 18px; width: 77px;\">15.09.<\/td>\n<td style=\"height: 18px; width: 90px;\">Ostrava<\/td>\n<td style=\"height: 18px; width: 384px;\"><a href=\"http:\/\/online.atletika.cz\/Propozice\/propozice\/35440\" target=\"_blank\" rel=\"noopener\">3. kolo dru\u017estev dorostu a junior\u016f &#8211; GIGANT<\/a><\/td>\n<td style=\"height: 18px; width: 61px;\"><a href=\"http:\/\/online.atletika.cz\/vysledky\/35440\" target=\"_blank\" rel=\"noopener\">v\u00fdsledky<\/a><\/td>\n<\/tr>\n<tr style=\"height: 36px;\">\n<td style=\"text-align: right; height: 36px; width: 77px;\">&nbsp;16.09.<\/td>\n<td style=\"height: 36px; width: 90px;\">Hranice<\/td>\n<td style=\"height: 36px; width: 384px;\"><strong><a href=\"http:\/\/online.atletika.cz\/Propozice\/propozice\/34570\" target=\"_blank\" rel=\"noopener\">Fin\u00e1le Moravy sout\u011b\u017ee dru\u017estev star\u0161\u00edho \u017eactva<\/a><\/strong>&nbsp;<\/td>\n<td style=\"height: 36px; width: 61px;\"><a href=\"http:\/\/online.atletika.cz\/vysledky\/34570\" target=\"_blank\" rel=\"noopener\">v\u00fdsledky<\/a><\/td>\n<\/tr>\n<tr style=\"height: 36px;\">\n<td style=\"text-align: right; height: 36px; width: 77px;\">16.09.<\/td>\n<td style=\"height: 36px; width: 90px;\">\u00dast\u00ed nad Labem<\/td>\n<td style=\"height: 36px; width: 384px;\"><a href=\"http:\/\/online.atletika.cz\/Propozice\/propozice\/34571\" target=\"_blank\" rel=\"noopener\">Bar\u00e1\u017e o postup do extraligy mu\u017e\u016f a \u017een<\/a><\/td>\n<td style=\"height: 36px; width: 61px;\"><a href=\"http:\/\/online.atletika.cz\/vysledky\/34571\" target=\"_blank\" rel=\"noopener\">v\u00fdsledky<\/a><\/td>\n<\/tr>\n<tr style=\"height: 18px;\">\n<td style=\"text-align: right; height: 18px; width: 77px;\">17.09.<\/td>\n<td style=\"height: 18px; width: 90px;\">Olomouc<\/td>\n<td style=\"height: 18px; width: 384px;\">Atletick\u00fd \u010dty\u0159boj star\u0161\u00edho \u017eactva &#8211; okresn\u00ed kolo<\/td>\n<td style=\"height: 18px; width: 61px;\"><a href=\"http:\/\/online.atletika.cz\/vysledky\/36276\" target=\"_blank\" rel=\"noopener\">v\u00fdsledky<\/a><\/td>\n<\/tr>\n<tr style=\"height: 36px;\">\n<td style=\"text-align: right; height: 36px; width: 77px;\">22.-23.09.<\/td>\n<td style=\"height: 36px; width: 90px;\">Jablonec n\/N<\/td>\n<td style=\"height: 36px; width: 384px;\"><strong><a href=\"http:\/\/online.atletika.cz\/Propozice\/propozice\/31965\" target=\"_blank\" rel=\"noopener\">Mistrovstv\u00ed \u010cR \u017e\u00e1k\u016f a \u017e\u00e1ky\u0148 na dr\u00e1ze<\/a><\/strong><\/td>\n<td style=\"height: 36px; width: 61px;\"><a href=\"http:\/\/online.atletika.cz\/vysledky\/31965\" target=\"_blank\" rel=\"noopener\">v\u00fdsledky<\/a><\/td>\n<\/tr>\n<tr style=\"height: 18px;\">\n<td style=\"text-align: right; height: 18px; width: 77px;\">28.09.<\/td>\n<td style=\"height: 18px; width: 90px;\">Praha<\/td>\n<td style=\"height: 18px; width: 384px;\"><strong><a href=\"http:\/\/online.atletika.cz\/Propozice\/propozice\/34584\" target=\"_blank\" rel=\"noopener\">Mistrovstv\u00ed \u010cR dru\u017estev junior\u016f a juniorek<\/a><\/strong><\/td>\n<td style=\"height: 18px; width: 61px;\"><a href=\"http:\/\/online.atletika.cz\/vysledky\/34584\" target=\"_blank\" rel=\"noopener\">v\u00fdsledky<\/a><\/td>\n<\/tr>\n<tr style=\"height: 36px;\">\n<td style=\"text-align: right; height: 36px; width: 77px;\">28.09.<\/td>\n<td style=\"height: 36px; width: 90px;\">Opava<\/td>\n<td style=\"height: 36px; width: 384px;\"><strong><a href=\"http:\/\/online.atletika.cz\/Propozice\/propozice\/34585\" target=\"_blank\" rel=\"noopener\">Mistrovstv\u00ed \u010cR dru\u017estev dorostenc\u016f a dorostenek<\/a><\/strong><\/td>\n<td style=\"height: 36px; width: 61px;\"><a href=\"http:\/\/online.atletika.cz\/vysledky\/34585\" target=\"_blank\" rel=\"noopener\">v\u00fdsledky<\/a><\/td>\n<\/tr>\n<tr style=\"height: 18px;\">\n<td style=\"text-align: right; height: 18px; width: 77px;\">29.09.<\/td>\n<td style=\"height: 18px; width: 90px;\">Hranice<\/td>\n<td style=\"height: 18px; width: 384px;\"><a href=\"http:\/\/online.atletika.cz\/Propozice\/propozice\/34573\" target=\"_blank\" rel=\"noopener\">Bar\u00e1\u017e o postup do I.ligy mu\u017e\u016f a \u017een na Morav\u011b<\/a><\/td>\n<td style=\"height: 18px; width: 61px;\"><a href=\"http:\/\/online.atletika.cz\/vysledky\/34573\" target=\"_blank\" rel=\"noopener\">v\u00fdsledky<\/a><\/td>\n<\/tr>\n<tr style=\"height: 18px;\">\n<td style=\"text-align: right; height: 18px; width: 77px;\">29.09.<\/td>\n<td style=\"height: 18px; width: 90px;\">Gy\u00f6r\/HU<\/td>\n<td style=\"height: 18px; width: 384px;\">Mezist\u00e1tn\u00ed utk\u00e1n\u00ed \u017e\u00e1k\u016f a \u017e\u00e1ky\u0148<\/td>\n<td style=\"height: 18px; width: 61px;\"><a href=\"http:\/\/online.atletika.cz\/upload\/gy%C3%B6r%2029.9.2018.pdf\" target=\"_blank\" rel=\"noopener\">v\u00fdsledky<\/a><\/td>\n<\/tr>\n<tr style=\"height: 18px;\">\n<td style=\"text-align: right; height: 18px; width: 77px;\">29.09.<\/td>\n<td style=\"height: 18px; width: 90px;\">Olomouc<\/td>\n<td style=\"height: 18px; width: 384px;\"><a href=\"https:\/\/www.liga100.cz\/wp-content\/uploads\/2018\/09\/morava2018.pdf\" target=\"_blank\" rel=\"noopener\">32. ro\u010dn\u00edk B\u011bhu kolem Moravy<\/a><\/td>\n<td style=\"height: 18px; width: 61px;\"><a href=\"https:\/\/www.liga100.cz\/wp-content\/uploads\/2018\/09\/morava2018-1.pdf\" target=\"_blank\" rel=\"noopener\">v\u00fdsledky<\/a><\/td>\n<\/tr>\n<tr style=\"height: 18px;\">\n<td style=\"text-align: right; height: 18px; width: 77px;\">30.09.<\/td>\n<td style=\"height: 18px; width: 90px;\">Blansko<\/td>\n<td style=\"height: 18px; width: 384px;\"><strong><a href=\"http:\/\/online.atletika.cz\/Propozice\/propozice\/35483\" target=\"_blank\" rel=\"noopener\">Mistrovstv\u00ed Moravy a Slezska mlad\u0161\u00edho \u017eactva<\/a><\/strong><\/td>\n<td style=\"height: 18px; width: 61px;\"><a href=\"http:\/\/online.atletika.cz\/vysledky\/35483\" target=\"_blank\" rel=\"noopener\">v\u00fdsledky<\/a><\/td>\n<\/tr>\n<tr style=\"height: 18px;\">\n<td style=\"text-align: right; height: 18px; width: 77px;\">&nbsp;<\/td>\n<td style=\"height: 18px; width: 90px;\">&nbsp;<\/td>\n<td style=\"height: 18px; width: 384px;\">&nbsp;<\/td>\n<td style=\"height: 18px; width: 61px;\">&nbsp;<\/td>\n<\/tr>\n<tr style=\"height: 18px;\">\n<td style=\"text-align: left; height: 18px; width: 77px;\"><strong>\u0159\u00edjen<\/strong><\/td>\n<td style=\"height: 18px; width: 90px;\">&nbsp;<\/td>\n<td style=\"height: 18px; width: 384px;\">&nbsp;<\/td>\n<td style=\"height: 18px; width: 61px;\">&nbsp;<\/td>\n<\/tr>\n<tr style=\"height: 18px;\">\n<td style=\"text-align: right; height: 18px; width: 77px;\">06.10.<\/td>\n<td style=\"height: 18px; width: 90px;\">Olomouc<\/td>\n<td style=\"height: 18px; width: 384px;\"><strong><a href=\"http:\/\/online.atletika.cz\/Propozice\/propozice\/34588\" target=\"_blank\" rel=\"noopener\">Mistrovstv\u00ed \u010cR dru\u017estev star\u0161\u00edho \u017eactva<\/a><\/strong><\/td>\n<td style=\"height: 18px; width: 61px;\"><a href=\"http:\/\/online.atletika.cz\/vysledky\/34588\" target=\"_blank\" rel=\"noopener\">v\u00fdsledky<\/a><\/td>\n<\/tr>\n<tr style=\"height: 36px;\">\n<td style=\"text-align: right; height: 36px; width: 77px;\">07.10.<\/td>\n<td style=\"height: 36px; width: 90px;\">\u0160umperk<\/td>\n<td style=\"height: 36px; width: 384px;\"><strong><a href=\"http:\/\/online.atletika.cz\/Propozice\/propozice\/34923\" target=\"_blank\" rel=\"noopener\">Mistrovstv\u00ed Moravy sout\u011b\u017ee dru\u017estev mlad\u0161\u00edho \u017eactva<\/a><\/strong><\/td>\n<td style=\"height: 36px; width: 61px;\"><a href=\"http:\/\/online.atletika.cz\/vysledky\/34923\" target=\"_blank\" rel=\"noopener\">v\u00fdsledky<\/a><\/td>\n<\/tr>\n<tr style=\"height: 18px;\">\n<td style=\"text-align: right; height: 18px; width: 77px;\">10.10.<\/td>\n<td style=\"height: 18px; width: 90px;\">P\u0159erov<\/td>\n<td style=\"height: 18px; width: 384px;\">KP p\u0159\u00edpravek a mlad\u0161\u00edho \u017eactva ve v\u00edceboji<\/td>\n<td style=\"height: 18px; width: 61px;\"><a href=\"http:\/\/online.atletika.cz\/vysledky\/36326\" target=\"_blank\" rel=\"noopener\">v\u00fdsledky<\/a><\/td>\n<\/tr>\n<tr style=\"height: 18px;\">\n<td style=\"text-align: right; height: 18px; width: 77px;\">&nbsp;<\/td>\n<td style=\"height: 18px; width: 90px;\">&nbsp;<\/td>\n<td style=\"height: 18px; width: 384px;\">&nbsp;<\/td>\n<td style=\"height: 18px; width: 61px;\">&nbsp;<\/td>\n<\/tr>\n<tr style=\"height: 18px;\">\n<td style=\"text-align: left; height: 18px; width: 77px;\"><strong>listopad<\/strong><\/td>\n<td style=\"height: 18px; width: 90px;\">&nbsp;<\/td>\n<td style=\"height: 18px; width: 384px;\">&nbsp;<\/td>\n<td style=\"height: 18px; width: 61px;\">&nbsp;<\/td>\n<\/tr>\n<tr style=\"height: 18px;\">\n<td style=\"text-align: right; height: 18px; width: 77px;\">24.11.<\/td>\n<td style=\"height: 18px; width: 90px;\">Alfr\u00e9dov<\/td>\n<td style=\"height: 18px; width: 384px;\"><a href=\"http:\/\/online.atletika.cz\/Propozice\/propozice\/36538\" target=\"_blank\" rel=\"noopener\">Fin\u00e1le b\u011b\u017eeck\u00e9ho poh\u00e1ru ml\u00e1de\u017ee<\/a><\/td>\n<td style=\"height: 18px; width: 61px;\"><a href=\"https:\/\/online.atletika.cz\/vysledky\/36538\" target=\"_blank\" rel=\"noopener\">v\u00fdsledky<\/a><\/td>\n<\/tr>\n<tr style=\"height: 36px;\">\n<td style=\"text-align: right; height: 36px; width: 77px;\">24.11.<\/td>\n<td style=\"height: 36px; width: 90px;\">Alfr\u00e9dov<\/td>\n<td style=\"height: 36px; width: 384px;\"><a href=\"http:\/\/online.atletika.cz\/Propozice\/propozice\/31968\" target=\"_blank\" rel=\"noopener\">Mistrovstv\u00ed \u010cR v p\u0159espoln\u00edm b\u011bhu mu\u017e\u016f, \u017een, junior\u016f a juniorek<\/a><\/td>\n<td style=\"height: 36px; width: 61px;\"><a href=\"https:\/\/online.atletika.cz\/vysledky\/31968\" target=\"_blank\" rel=\"noopener\">v\u00fdsledky<\/a><\/td>\n<\/tr>\n<tr style=\"height: 18px;\">\n<td style=\"text-align: right; height: 18px; width: 77px;\">&nbsp;<\/td>\n<td style=\"height: 18px; width: 90px;\">&nbsp;<\/td>\n<td style=\"height: 18px; width: 384px;\">&nbsp;<\/td>\n<td style=\"height: 18px; width: 61px;\">&nbsp;<\/td>\n<\/tr>\n<tr style=\"height: 18px;\">\n<td style=\"text-align: left; height: 18px; width: 77px;\"><strong>prosinec<\/strong><\/td>\n<td style=\"height: 18px; width: 90px;\">&nbsp;<\/td>\n<td style=\"height: 18px; width: 384px;\">&nbsp;<\/td>\n<td style=\"height: 18px; width: 61px;\">&nbsp;<\/td>\n<\/tr>\n<tr style=\"height: 18px;\">\n<td style=\"text-align: right; height: 18px; width: 77px;\">01.12.<\/td>\n<td style=\"height: 18px; width: 90px;\">Olomouc<\/td>\n<td style=\"height: 18px; width: 384px;\">Mikul\u00e1\u0161sk\u00fd b\u011bh<\/td>\n<td style=\"height: 18px; width: 61px;\"><a href=\"https:\/\/www.liga100.cz\/wp-content\/uploads\/2018\/12\/mikulas2018.xlsx\" target=\"_blank\" rel=\"noopener\">v\u00fdsledky<\/a><\/td>\n<\/tr>\n<tr style=\"height: 18px;\">\n<td style=\"text-align: right; height: 18px; width: 77px;\">07.12.<\/td>\n<td style=\"height: 18px; width: 90px;\">T\u0159inec<\/td>\n<td style=\"height: 18px; width: 384px;\"><a href=\"http:\/\/www.atletikaolomouc.cz\/wp-content\/uploads\/2018\/11\/12_07_2018_Propozice_V\u00e1no\u010dn\u00ed_la\u0165ka_Trinec.pdf\" target=\"_blank\" rel=\"noopener\">V\u00e1no\u010dn\u00ed la\u0165ka \u017eactva<\/a><\/td>\n<td style=\"height: 18px; width: 61px;\"><a href=\"https:\/\/online.atletika.cz\/vysledky\/36800\">v\u00fdsledky<\/a><\/td>\n<\/tr>\n<tr style=\"height: 18px;\">\n<td style=\"text-align: right; height: 18px; width: 77px;\">08.12.<\/td>\n<td style=\"height: 18px; width: 90px;\">Ostrava<\/td>\n<td style=\"height: 18px; width: 384px;\"><a href=\"http:\/\/online.atletika.cz\/Propozice\/propozice\/36567\" target=\"_blank\" rel=\"noopener\">Mezikrajov\u00e9 utk\u00e1n\u00ed dru\u017estev mlad\u0161\u00edho \u017eactva<\/a><\/td>\n<td style=\"height: 18px; width: 61px;\"><a href=\"https:\/\/online.atletika.cz\/vysledky\/36567\">v\u00fdsledky<\/a><\/td>\n<\/tr>\n<tr style=\"height: 18px;\">\n<td style=\"text-align: right; height: 18px; width: 77px;\">14.12.<\/td>\n<td style=\"height: 18px; width: 90px;\">Ostrava<\/td>\n<td style=\"height: 18px; width: 384px;\"><a href=\"http:\/\/online.atletika.cz\/Propozice\/propozice\/36495\" target=\"_blank\" rel=\"noopener\">V\u00e1no\u010dn\u00ed hala mlad\u0161\u00edho \u017eactva<\/a><\/td>\n<td style=\"height: 18px; width: 61px;\"><a href=\"https:\/\/online.atletika.cz\/vysledky\/36495\" target=\"_blank\" rel=\"noopener\">v\u00fdsledky<\/a><\/td>\n<\/tr>\n<tr style=\"height: 18px;\">\n<td style=\"text-align: right; height: 18px; width: 77px;\">14.12.<\/td>\n<td style=\"height: 18px; width: 90px;\">Olomouc<\/td>\n<td style=\"height: 18px; width: 384px;\"><a href=\"https:\/\/online.atletika.cz\/Propozice\/propozice\/36779\" target=\"_blank\" rel=\"noopener\">16. ro\u010dn\u00edk V\u00e1no\u010dn\u00edho utk\u00e1n\u00ed \u017eactva<\/a><\/td>\n<td style=\"height: 18px; width: 61px;\"><a href=\"https:\/\/online.atletika.cz\/vysledky\/36779\" target=\"_blank\" rel=\"noopener\">v\u00fdsledky<\/a><\/td>\n<\/tr>\n<tr style=\"height: 18px;\">\n<td style=\"text-align: right; height: 18px; width: 77px;\">15.12.<\/td>\n<td style=\"height: 18px; width: 90px;\">Olomouc<\/td>\n<td style=\"height: 18px; width: 384px;\"><a href=\"http:\/\/www.atletikaolomouc.cz\/wp-content\/uploads\/2017\/11\/12_15_2018-vrha\u010dsk\u00fd-m\u00edtink.pdf\" target=\"_blank\" rel=\"noopener\">19. V\u00e1no\u010dn\u00ed vrha\u010dsk\u00fd m\u00edtink<\/a><\/td>\n<td style=\"height: 18px; width: 61px;\"><a href=\"https:\/\/online.atletika.cz\/vysledky\/36329\" target=\"_blank\" rel=\"noopener\">v\u00fdsledky<\/a><\/td>\n<\/tr>\n<tr style=\"height: 18px;\">\n<td style=\"text-align: right; height: 18px; width: 77px;\">15.12.<\/td>\n<td style=\"height: 18px; width: 90px;\">Ostrava<\/td>\n<td style=\"height: 18px; width: 384px;\"><a href=\"http:\/\/online.atletika.cz\/Propozice\/propozice\/36496\" target=\"_blank\" rel=\"noopener\">V\u00e1no\u010dn\u00ed hala star\u0161\u00edho \u017eactva<\/a><\/td>\n<td style=\"height: 18px; width: 61px;\"><a href=\"https:\/\/online.atletika.cz\/vysledky\/36496\" target=\"_blank\" rel=\"noopener\">v\u00fdsledky<\/a><\/td>\n<\/tr>\n<\/tbody>\n<\/table>\n","protected":false},"excerpt":{"rendered":"<p>leden &nbsp; &nbsp; &nbsp; 06.01. Ostrava Zahajovac\u00ed z\u00e1vody dosp\u011bl\u00fdch a ml\u00e1de\u017ee v\u00fdsledky 06.-07.01. Opava Slezsk\u00e1 la\u0165ka v\u00fdsledky 08.01. Praha-Strahov Akademick\u00e9 mistrovstv\u00ed \u010cR v\u00fdsledky 12.01. Olomouc Zahajovac\u00ed z\u00e1vody star\u0161\u00edho \u017eactva v\u00fdsledky 13.01. Olomouc Zahajovac\u00ed z\u00e1vody dosp\u011bl\u00fdch a ml\u00e1de\u017ee v\u00fdsledky 13.-14.01. Ostrava &hellip; <a href=\"https:\/\/old.atletikaolomouc.cz\/?page_id=9677\">Continue reading <span class=\"meta-nav\">&rarr;<\/span><\/a><\/p>\n","protected":false},"author":4,"featured_media":0,"parent":0,"menu_order":0,"comment_status":"closed","ping_status":"closed","template":"","meta":{"ngg_post_thumbnail":0},"_links":{"self":[{"href":"https:\/\/old.atletikaolomouc.cz\/index.php?rest_route=\/wp\/v2\/pages\/9677"}],"collection":[{"href":"https:\/\/old.atletikaolomouc.cz\/index.php?rest_route=\/wp\/v2\/pages"}],"about":[{"href":"https:\/\/old.atletikaolomouc.cz\/index.php?rest_route=\/wp\/v2\/types\/page"}],"author":[{"embeddable":true,"href":"https:\/\/old.atletikaolomouc.cz\/index.php?rest_route=\/wp\/v2\/users\/4"}],"replies":[{"embeddable":true,"href":"https:\/\/old.atletikaolomouc.cz\/index.php?rest_route=%2Fwp%2Fv2%2Fcomments&post=9677"}],"version-history":[{"count":134,"href":"https:\/\/old.atletikaolomouc.cz\/index.php?rest_route=\/wp\/v2\/pages\/9677\/revisions"}],"predecessor-version":[{"id":11220,"href":"https:\/\/old.atletikaolomouc.cz\/index.php?rest_route=\/wp\/v2\/pages\/9677\/revisions\/11220"}],"wp:attachment":[{"href":"https:\/\/old.atletikaolomouc.cz\/index.php?rest_route=%2Fwp%2Fv2%2Fmedia&parent=9677"}],"curies":[{"name":"wp","href":"https:\/\/api.w.org\/{rel}","templated":true}]}}