{"id":981,"date":"2011-08-21T08:35:19","date_gmt":"2011-08-21T06:35:19","guid":{"rendered":"http:\/\/www.atletikaolomouc.cz\/?page_id=981"},"modified":"2022-11-03T09:15:07","modified_gmt":"2022-11-03T08:15:07","slug":"treneri-pripravek","status":"publish","type":"page","link":"https:\/\/old.atletikaolomouc.cz\/?page_id=981","title":{"rendered":"Tren\u00e9\u0159i p\u0159\u00edpravek"},"content":{"rendered":"\r\n<p><span style=\"text-decoration: underline;\"><span style=\"font-size: 14pt;\"><strong>TREN\u00c9\u0158I P\u0158\u00cdPRAVEK 2022\/2023<\/strong><\/span><\/span><\/p>\r\n<table style=\"height: 345px; width: 496px;\">\r\n<tbody>\r\n<tr style=\"height: 70px;\">\r\n<td style=\"height: 70px; width: 52.6625px;\"><a href=\"https:\/\/www.atletikaolomouc.cz\/?page_id=35461\" target=\"_blank\" rel=\"noopener\"><img decoding=\"async\" loading=\"lazy\" class=\"wp-image-20196 alignnone\" src=\"https:\/\/www.atletikaolomouc.cz\/wp-content\/uploads\/2020\/10\/dockal-150x150.jpg\" alt=\"\" width=\"93\" height=\"93\" srcset=\"https:\/\/old.atletikaolomouc.cz\/wp-content\/uploads\/2020\/10\/dockal-150x150.jpg 150w, https:\/\/old.atletikaolomouc.cz\/wp-content\/uploads\/2020\/10\/dockal-300x300.jpg 300w, https:\/\/old.atletikaolomouc.cz\/wp-content\/uploads\/2020\/10\/dockal.jpg 432w\" sizes=\"(max-width: 93px) 100vw, 93px\" \/><\/a><\/td>\r\n<td style=\"height: 70px; width: 167.738px;\"><strong><a href=\"https:\/\/www.atletikaolomouc.cz\/?page_id=35461\" target=\"_blank\" rel=\"noopener\">Do\u010dkal Tom\u00e1\u0161<\/a><\/strong><br>\u0161\u00e9ftren\u00e9r p\u0159\u00edpravek<br>tren\u00e9r skupin V1 a 0A<\/td>\r\n<td style=\"width: 66.1125px;\">&nbsp;<\/td>\r\n<td style=\"width: 183.488px;\"><strong>&nbsp;<\/strong><\/td>\r\n<\/tr>\r\n<tr style=\"height: 70px;\">\r\n<td style=\"height: 70px; width: 52.6625px;\"><a href=\"https:\/\/www.atletikaolomouc.cz\/?page_id=35506\"><img decoding=\"async\" loading=\"lazy\" class=\"wp-image-20192 alignnone\" src=\"https:\/\/www.atletikaolomouc.cz\/wp-content\/uploads\/2020\/10\/adlerova-150x150.jpeg\" alt=\"\" width=\"100\" height=\"100\" srcset=\"https:\/\/old.atletikaolomouc.cz\/wp-content\/uploads\/2020\/10\/adlerova-150x150.jpeg 150w, https:\/\/old.atletikaolomouc.cz\/wp-content\/uploads\/2020\/10\/adlerova-300x300.jpeg 300w, https:\/\/old.atletikaolomouc.cz\/wp-content\/uploads\/2020\/10\/adlerova.jpeg 587w\" sizes=\"(max-width: 100px) 100vw, 100px\" \/><\/a><\/td>\r\n<td style=\"height: 70px; width: 167.738px;\"><strong><a href=\"https:\/\/www.atletikaolomouc.cz\/?page_id=35506\" target=\"_blank\" rel=\"noopener\">Adlerov\u00e1 Kl\u00e1ra<\/a><\/strong><br>tren\u00e9rka skupiny V1<\/td>\r\n<td style=\"height: 10px; width: 66.1125px;\"><a href=\"https:\/\/www.atletikaolomouc.cz\/?page_id=35509\"><img decoding=\"async\" loading=\"lazy\" class=\"wp-image-20193 alignnone\" src=\"https:\/\/www.atletikaolomouc.cz\/wp-content\/uploads\/2020\/10\/arbeit-150x150.jpg\" alt=\"\" width=\"97\" height=\"97\"><\/a><\/td>\r\n<td style=\"height: 10px; width: 183.488px;\"><strong><a href=\"https:\/\/www.atletikaolomouc.cz\/?page_id=35509\" target=\"_blank\" rel=\"noopener\">Arbeit Tom\u00e1\u0161<\/a><\/strong><br>tren\u00e9r skupiny V2<\/td>\r\n<\/tr>\r\n<tr style=\"height: 10px;\">\r\n<td style=\"height: 10px; width: 52.6625px;\"><a href=\"https:\/\/www.atletikaolomouc.cz\/?page_id=35512\"><img decoding=\"async\" loading=\"lazy\" class=\"wp-image-20194 alignnone\" src=\"https:\/\/www.atletikaolomouc.cz\/wp-content\/uploads\/2020\/10\/begova-150x150.jpg\" alt=\"\" width=\"100\" height=\"100\" srcset=\"https:\/\/old.atletikaolomouc.cz\/wp-content\/uploads\/2020\/10\/begova-150x150.jpg 150w, https:\/\/old.atletikaolomouc.cz\/wp-content\/uploads\/2020\/10\/begova-300x300.jpg 300w, https:\/\/old.atletikaolomouc.cz\/wp-content\/uploads\/2020\/10\/begova-768x768.jpg 768w, https:\/\/old.atletikaolomouc.cz\/wp-content\/uploads\/2020\/10\/begova-600x600.jpg 600w, https:\/\/old.atletikaolomouc.cz\/wp-content\/uploads\/2020\/10\/begova.jpg 1668w\" sizes=\"(max-width: 100px) 100vw, 100px\" \/><\/a><\/td>\r\n<td style=\"height: 10px; width: 167.738px;\"><strong><a href=\"https:\/\/www.atletikaolomouc.cz\/?page_id=35512\" target=\"_blank\" rel=\"noopener\">Begov\u00e1 Barbora<\/a><\/strong><br>tren\u00e9rka skupiny 4<\/td>\r\n<td style=\"height: 10px; width: 66.1125px;\"><a href=\"https:\/\/www.atletikaolomouc.cz\/?page_id=35750\"><img decoding=\"async\" loading=\"lazy\" class=\"alignleft wp-image-35748\" src=\"https:\/\/www.atletikaolomouc.cz\/wp-content\/uploads\/2022\/11\/breitrov\u00e1-150x150.jpg\" alt=\"\" width=\"100\" height=\"100\" srcset=\"https:\/\/old.atletikaolomouc.cz\/wp-content\/uploads\/2022\/11\/breitrov\u00e1-150x150.jpg 150w, https:\/\/old.atletikaolomouc.cz\/wp-content\/uploads\/2022\/11\/breitrov\u00e1-300x300.jpg 300w, https:\/\/old.atletikaolomouc.cz\/wp-content\/uploads\/2022\/11\/breitrov\u00e1-768x768.jpg 768w, https:\/\/old.atletikaolomouc.cz\/wp-content\/uploads\/2022\/11\/breitrov\u00e1-600x600.jpg 600w, https:\/\/old.atletikaolomouc.cz\/wp-content\/uploads\/2022\/11\/breitrov\u00e1-144x144.jpg 144w, https:\/\/old.atletikaolomouc.cz\/wp-content\/uploads\/2022\/11\/breitrov\u00e1.jpg 2040w\" sizes=\"(max-width: 100px) 100vw, 100px\" \/><\/a><\/td>\r\n<td style=\"height: 10px; width: 183.488px;\"><strong><a href=\"https:\/\/www.atletikaolomouc.cz\/?page_id=35750\" target=\"_blank\" rel=\"noopener\">Breitrov\u00e1 Ad\u00e9la<\/a><\/strong><br>tren\u00e9rka skupiny 0B<\/td>\r\n<\/tr>\r\n<tr style=\"height: 10px;\">\r\n<td style=\"height: 10px; width: 52.6625px;\">&nbsp;<img decoding=\"async\" loading=\"lazy\" class=\" wp-image-35588 alignnone\" src=\"https:\/\/www.atletikaolomouc.cz\/wp-content\/uploads\/2022\/10\/coufal-150x150.jpg\" alt=\"\" width=\"100\" height=\"100\" srcset=\"https:\/\/old.atletikaolomouc.cz\/wp-content\/uploads\/2022\/10\/coufal-150x150.jpg 150w, https:\/\/old.atletikaolomouc.cz\/wp-content\/uploads\/2022\/10\/coufal-144x144.jpg 144w\" sizes=\"(max-width: 100px) 100vw, 100px\" \/><\/td>\r\n<td style=\"height: 10px; width: 167.738px;\"><strong><a href=\"https:\/\/www.atletikaolomouc.cz\/?page_id=35475\" target=\"_blank\" rel=\"noopener\">Coufal Filip<\/a><\/strong><br>tren\u00e9r skupiny VT2<br><br><\/td>\r\n<td style=\"height: 10px; width: 66.1125px;\">&nbsp;<a href=\"https:\/\/www.atletikaolomouc.cz\/?page_id=35526\"><img decoding=\"async\" loading=\"lazy\" class=\"wp-image-35591  alignnone\" src=\"https:\/\/www.atletikaolomouc.cz\/wp-content\/uploads\/2022\/10\/coufalov\u00e1-150x150.jpg\" alt=\"\" width=\"100\" height=\"100\" srcset=\"https:\/\/old.atletikaolomouc.cz\/wp-content\/uploads\/2022\/10\/coufalov\u00e1-150x150.jpg 150w, https:\/\/old.atletikaolomouc.cz\/wp-content\/uploads\/2022\/10\/coufalov\u00e1-300x300.jpg 300w, https:\/\/old.atletikaolomouc.cz\/wp-content\/uploads\/2022\/10\/coufalov\u00e1-768x768.jpg 768w, https:\/\/old.atletikaolomouc.cz\/wp-content\/uploads\/2022\/10\/coufalov\u00e1-600x600.jpg 600w, https:\/\/old.atletikaolomouc.cz\/wp-content\/uploads\/2022\/10\/coufalov\u00e1-144x144.jpg 144w, https:\/\/old.atletikaolomouc.cz\/wp-content\/uploads\/2022\/10\/coufalov\u00e1.jpg 1102w\" sizes=\"(max-width: 100px) 100vw, 100px\" \/><\/a><\/td>\r\n<td style=\"height: 10px; width: 183.488px;\"><strong><a href=\"https:\/\/www.atletikaolomouc.cz\/?page_id=35526\" target=\"_blank\" rel=\"noopener\">Zuzana Coufalov\u00e1<\/a><br><\/strong>tren\u00e9rka skupiny VT2<\/td>\r\n<\/tr>\r\n<tr style=\"height: 10px;\">\r\n<td style=\"height: 10px; width: 52.6625px;\"><a href=\"https:\/\/www.atletikaolomouc.cz\/?page_id=35481\"><img decoding=\"async\" loading=\"lazy\" class=\"wp-image-20197 alignnone\" src=\"https:\/\/www.atletikaolomouc.cz\/wp-content\/uploads\/2020\/10\/dockalova-150x150.jpg\" alt=\"\" width=\"100\" height=\"100\" srcset=\"https:\/\/old.atletikaolomouc.cz\/wp-content\/uploads\/2020\/10\/dockalova-150x150.jpg 150w, https:\/\/old.atletikaolomouc.cz\/wp-content\/uploads\/2020\/10\/dockalova-300x300.jpg 300w, https:\/\/old.atletikaolomouc.cz\/wp-content\/uploads\/2020\/10\/dockalova-768x768.jpg 768w, https:\/\/old.atletikaolomouc.cz\/wp-content\/uploads\/2020\/10\/dockalova-600x600.jpg 600w, https:\/\/old.atletikaolomouc.cz\/wp-content\/uploads\/2020\/10\/dockalova.jpg 890w\" sizes=\"(max-width: 100px) 100vw, 100px\" \/><\/a><\/td>\r\n<td style=\"height: 10px; width: 167.738px;\"><strong><a href=\"https:\/\/www.atletikaolomouc.cz\/?page_id=35481\" target=\"_blank\" rel=\"noopener\">Do\u010dkalov\u00e1 Lenka<\/a><\/strong><br>tren\u00e9rka skupin 0B a 0D<\/td>\r\n<td style=\"width: 66.1125px; height: 10px;\"><strong>&nbsp;<a href=\"https:\/\/www.atletikaolomouc.cz\/?page_id=35519\"><img decoding=\"async\" loading=\"lazy\" class=\"wp-image-35522 alignnone\" src=\"https:\/\/www.atletikaolomouc.cz\/wp-content\/uploads\/2022\/10\/fojt\u00edk-150x150.jpeg\" alt=\"\" width=\"100\" height=\"100\" srcset=\"https:\/\/old.atletikaolomouc.cz\/wp-content\/uploads\/2022\/10\/fojt\u00edk-150x150.jpeg 150w, https:\/\/old.atletikaolomouc.cz\/wp-content\/uploads\/2022\/10\/fojt\u00edk-300x300.jpeg 300w, https:\/\/old.atletikaolomouc.cz\/wp-content\/uploads\/2022\/10\/fojt\u00edk-768x768.jpeg 768w, https:\/\/old.atletikaolomouc.cz\/wp-content\/uploads\/2022\/10\/fojt\u00edk-600x600.jpeg 600w, https:\/\/old.atletikaolomouc.cz\/wp-content\/uploads\/2022\/10\/fojt\u00edk-144x144.jpeg 144w\" sizes=\"(max-width: 100px) 100vw, 100px\" \/><\/a><\/strong><\/td>\r\n<td style=\"width: 183.488px; height: 10px;\"><strong><a href=\"https:\/\/www.atletikaolomouc.cz\/?page_id=35519\" target=\"_blank\" rel=\"noopener\">Fojt\u00edk Jan<\/a><br><\/strong>tren\u00e9r skupiny 3<\/td>\r\n<\/tr>\r\n<tr style=\"height: 10px;\">\r\n<td style=\"width: 52.6625px; height: 10px;\"><strong><a href=\"https:\/\/www.atletikaolomouc.cz\/?page_id=35520\"><img decoding=\"async\" loading=\"lazy\" class=\" wp-image-35581 alignnone\" src=\"https:\/\/www.atletikaolomouc.cz\/wp-content\/uploads\/2022\/10\/Gebauer-150x150.jpeg\" alt=\"\" width=\"100\" height=\"100\" srcset=\"https:\/\/old.atletikaolomouc.cz\/wp-content\/uploads\/2022\/10\/Gebauer-150x150.jpeg 150w, https:\/\/old.atletikaolomouc.cz\/wp-content\/uploads\/2022\/10\/Gebauer-300x300.jpeg 300w, https:\/\/old.atletikaolomouc.cz\/wp-content\/uploads\/2022\/10\/Gebauer-768x768.jpeg 768w, https:\/\/old.atletikaolomouc.cz\/wp-content\/uploads\/2022\/10\/Gebauer-600x600.jpeg 600w, https:\/\/old.atletikaolomouc.cz\/wp-content\/uploads\/2022\/10\/Gebauer-144x144.jpeg 144w\" sizes=\"(max-width: 100px) 100vw, 100px\" \/><\/a>&nbsp;<\/strong><\/td>\r\n<td style=\"width: 167.738px; height: 10px;\"><strong><a href=\"https:\/\/www.atletikaolomouc.cz\/?page_id=35520\" target=\"_blank\" rel=\"noopener\">Mat\u011bj Gebauer<\/a><br><\/strong>tren\u00e9r skupiny 4<\/td>\r\n<td style=\"height: 10px; width: 66.1125px;\"><a href=\"https:\/\/www.atletikaolomouc.cz\/?page_id=35534\"><img decoding=\"async\" loading=\"lazy\" class=\"wp-image-20205 alignnone\" src=\"https:\/\/www.atletikaolomouc.cz\/wp-content\/uploads\/2020\/10\/joukal-150x150.jpg\" alt=\"\" width=\"100\" height=\"100\" srcset=\"https:\/\/old.atletikaolomouc.cz\/wp-content\/uploads\/2020\/10\/joukal-150x150.jpg 150w, https:\/\/old.atletikaolomouc.cz\/wp-content\/uploads\/2020\/10\/joukal-300x300.jpg 300w, https:\/\/old.atletikaolomouc.cz\/wp-content\/uploads\/2020\/10\/joukal-768x768.jpg 768w, https:\/\/old.atletikaolomouc.cz\/wp-content\/uploads\/2020\/10\/joukal-600x600.jpg 600w, https:\/\/old.atletikaolomouc.cz\/wp-content\/uploads\/2020\/10\/joukal.jpg 1013w\" sizes=\"(max-width: 100px) 100vw, 100px\" \/><\/a><\/td>\r\n<td style=\"height: 10px; width: 183.488px;\"><strong><a href=\"https:\/\/www.atletikaolomouc.cz\/?page_id=35534\" target=\"_blank\" rel=\"noopener\">Joukal Luk\u00e1\u0161<\/a><\/strong><br>tren\u00e9r skupiny 3<\/td>\r\n<\/tr>\r\n<tr style=\"height: 18px;\">\r\n<td style=\"width: 52.6625px; height: 18px;\"><a href=\"https:\/\/www.atletikaolomouc.cz\/?page_id=35485\"><img decoding=\"async\" loading=\"lazy\" class=\"wp-image-10802 alignnone\" src=\"https:\/\/www.atletikaolomouc.cz\/wp-content\/uploads\/2011\/08\/So\u0148a-Lisn\u00edkov\u00e1-150x150.jpg\" alt=\"\" width=\"100\" height=\"100\"><\/a><\/td>\r\n<td style=\"width: 167.738px; height: 18px;\"><strong><a href=\"https:\/\/www.atletikaolomouc.cz\/?page_id=35485\" target=\"_blank\" rel=\"noopener\">Lisn\u00edkov\u00e1 So\u0148a<\/a><\/strong><br>tren\u00e9rka skupiny V2<\/td>\r\n<td style=\"height: 18px; width: 66.1125px;\"><a href=\"https:\/\/www.atletikaolomouc.cz\/?page_id=35477\"><img decoding=\"async\" loading=\"lazy\" class=\"wp-image-35536 alignnone\" src=\"https:\/\/www.atletikaolomouc.cz\/wp-content\/uploads\/2022\/10\/marzollov\u00e1-150x150.jpg\" alt=\"\" width=\"100\" height=\"100\" srcset=\"https:\/\/old.atletikaolomouc.cz\/wp-content\/uploads\/2022\/10\/marzollov\u00e1-150x150.jpg 150w, https:\/\/old.atletikaolomouc.cz\/wp-content\/uploads\/2022\/10\/marzollov\u00e1-300x300.jpg 300w, https:\/\/old.atletikaolomouc.cz\/wp-content\/uploads\/2022\/10\/marzollov\u00e1-768x768.jpg 768w, https:\/\/old.atletikaolomouc.cz\/wp-content\/uploads\/2022\/10\/marzollov\u00e1-600x600.jpg 600w, https:\/\/old.atletikaolomouc.cz\/wp-content\/uploads\/2022\/10\/marzollov\u00e1-144x144.jpg 144w, https:\/\/old.atletikaolomouc.cz\/wp-content\/uploads\/2022\/10\/marzollov\u00e1.jpg 1618w\" sizes=\"(max-width: 100px) 100vw, 100px\" \/><\/a><\/td>\r\n<td style=\"height: 18px; width: 183.488px;\"><strong><a href=\"https:\/\/www.atletikaolomouc.cz\/?page_id=35477\" target=\"_blank\" rel=\"noopener\">Marzollov\u00e1 Nikola<\/a><\/strong><br>tren\u00e9rka skupiny 0D<\/td>\r\n<\/tr>\r\n<tr style=\"height: 18px;\">\r\n<td style=\"width: 52.6625px; height: 18px;\"><a href=\"https:\/\/www.atletikaolomouc.cz\/?page_id=35539\"><img decoding=\"async\" loading=\"lazy\" class=\"wp-image-20209 alignnone\" src=\"https:\/\/www.atletikaolomouc.cz\/wp-content\/uploads\/2020\/10\/niebauerova-150x150.jpg\" alt=\"\" width=\"100\" height=\"100\" srcset=\"https:\/\/old.atletikaolomouc.cz\/wp-content\/uploads\/2020\/10\/niebauerova-150x150.jpg 150w, https:\/\/old.atletikaolomouc.cz\/wp-content\/uploads\/2020\/10\/niebauerova-300x300.jpg 300w, https:\/\/old.atletikaolomouc.cz\/wp-content\/uploads\/2020\/10\/niebauerova-768x768.jpg 768w, https:\/\/old.atletikaolomouc.cz\/wp-content\/uploads\/2020\/10\/niebauerova-600x600.jpg 600w, https:\/\/old.atletikaolomouc.cz\/wp-content\/uploads\/2020\/10\/niebauerova.jpg 990w\" sizes=\"(max-width: 100px) 100vw, 100px\" \/><\/a><\/td>\r\n<td style=\"width: 167.738px; height: 18px;\"><strong><a href=\"https:\/\/www.atletikaolomouc.cz\/?page_id=35539\" target=\"_blank\" rel=\"noopener\">Niebauerov\u00e1 Radka<\/a><\/strong><br>tren\u00e9rka skupin 2 a 0C<\/td>\r\n<td style=\"height: 18px; width: 66.1125px;\"><a href=\"https:\/\/www.atletikaolomouc.cz\/?page_id=35541\"><img decoding=\"async\" loading=\"lazy\" class=\"wp-image-20210 alignnone\" src=\"https:\/\/www.atletikaolomouc.cz\/wp-content\/uploads\/2020\/10\/novotn\u00e1-150x150.jpg\" alt=\"\" width=\"100\" height=\"100\" srcset=\"https:\/\/old.atletikaolomouc.cz\/wp-content\/uploads\/2020\/10\/novotn\u00e1-150x150.jpg 150w, https:\/\/old.atletikaolomouc.cz\/wp-content\/uploads\/2020\/10\/novotn\u00e1-300x300.jpg 300w, https:\/\/old.atletikaolomouc.cz\/wp-content\/uploads\/2020\/10\/novotn\u00e1-599x600.jpg 599w, https:\/\/old.atletikaolomouc.cz\/wp-content\/uploads\/2020\/10\/novotn\u00e1.jpg 756w\" sizes=\"(max-width: 100px) 100vw, 100px\" \/><\/a><\/td>\r\n<td style=\"height: 18px; width: 183.488px;\"><strong><a href=\"https:\/\/www.atletikaolomouc.cz\/?page_id=35541\" target=\"_blank\" rel=\"noopener\">Novotn\u00e1 Kate\u0159ina<\/a><\/strong><br>tren\u00e9rka skupiny 5<\/td>\r\n<\/tr>\r\n<tr style=\"height: 18px;\">\r\n<td style=\"width: 52.6625px; height: 18px;\"><a href=\"https:\/\/www.atletikaolomouc.cz\/?page_id=35530\"><img decoding=\"async\" loading=\"lazy\" class=\"wp-image-32686 alignnone\" src=\"https:\/\/www.atletikaolomouc.cz\/wp-content\/uploads\/2021\/11\/opichalov\u00e1-150x150.jpeg\" alt=\"\" width=\"100\" height=\"100\" srcset=\"https:\/\/old.atletikaolomouc.cz\/wp-content\/uploads\/2021\/11\/opichalov\u00e1-150x150.jpeg 150w, https:\/\/old.atletikaolomouc.cz\/wp-content\/uploads\/2021\/11\/opichalov\u00e1-300x300.jpeg 300w, https:\/\/old.atletikaolomouc.cz\/wp-content\/uploads\/2021\/11\/opichalov\u00e1-768x768.jpeg 768w, https:\/\/old.atletikaolomouc.cz\/wp-content\/uploads\/2021\/11\/opichalov\u00e1-600x600.jpeg 600w, https:\/\/old.atletikaolomouc.cz\/wp-content\/uploads\/2021\/11\/opichalov\u00e1-144x144.jpeg 144w, https:\/\/old.atletikaolomouc.cz\/wp-content\/uploads\/2021\/11\/opichalov\u00e1.jpeg 1956w\" sizes=\"(max-width: 100px) 100vw, 100px\" \/><\/a><\/td>\r\n<td style=\"width: 167.738px; height: 18px;\"><strong><a href=\"https:\/\/www.atletikaolomouc.cz\/?page_id=35530\" target=\"_blank\" rel=\"noopener\">Opichalov\u00e1 Alena<\/a><\/strong><br>tren\u00e9rka skupiny 3<\/td>\r\n<td style=\"height: 18px; width: 66.1125px;\">&nbsp;<a href=\"https:\/\/www.atletikaolomouc.cz\/?page_id=35470\"><img decoding=\"async\" loading=\"lazy\" class=\"alignleft  wp-image-35561\" src=\"https:\/\/www.atletikaolomouc.cz\/wp-content\/uploads\/2022\/10\/popov\u00e1-150x150.jpeg\" alt=\"\" width=\"100\" height=\"100\" srcset=\"https:\/\/old.atletikaolomouc.cz\/wp-content\/uploads\/2022\/10\/popov\u00e1-150x150.jpeg 150w, https:\/\/old.atletikaolomouc.cz\/wp-content\/uploads\/2022\/10\/popov\u00e1-300x300.jpeg 300w, https:\/\/old.atletikaolomouc.cz\/wp-content\/uploads\/2022\/10\/popov\u00e1-768x768.jpeg 768w, https:\/\/old.atletikaolomouc.cz\/wp-content\/uploads\/2022\/10\/popov\u00e1-600x600.jpeg 600w, https:\/\/old.atletikaolomouc.cz\/wp-content\/uploads\/2022\/10\/popov\u00e1-144x144.jpeg 144w, https:\/\/old.atletikaolomouc.cz\/wp-content\/uploads\/2022\/10\/popov\u00e1.jpeg 1503w\" sizes=\"(max-width: 100px) 100vw, 100px\" \/><\/a><\/td>\r\n<td style=\"height: 18px; width: 183.488px;\"><strong><a href=\"https:\/\/www.atletikaolomouc.cz\/?page_id=35470\" target=\"_blank\" rel=\"noopener\">Popov\u00e1 Lucie<\/a><br><\/strong>tren\u00e9rka skupiny 0A<\/td>\r\n<\/tr>\r\n<tr style=\"height: 18px;\">\r\n<td style=\"width: 52.6625px; height: 18px;\"><a href=\"https:\/\/www.atletikaolomouc.cz\/?page_id=35544\"><img decoding=\"async\" loading=\"lazy\" class=\"wp-image-20212 alignnone\" src=\"https:\/\/www.atletikaolomouc.cz\/wp-content\/uploads\/2020\/10\/salamonov\u00e1-150x150.jpg\" alt=\"\" width=\"100\" height=\"100\"><\/a><\/td>\r\n<td style=\"width: 167.738px; height: 18px;\"><strong><a href=\"https:\/\/www.atletikaolomouc.cz\/?page_id=35544\" target=\"_blank\" rel=\"noopener\">Salamonov\u00e1 Alex<\/a><\/strong><br>tren\u00e9rka skupiny 0B<\/td>\r\n<td style=\"width: 66.1125px; height: 18px;\"><a href=\"https:\/\/www.atletikaolomouc.cz\/?page_id=35546\"><img decoding=\"async\" loading=\"lazy\" class=\"alignleft  wp-image-35624\" src=\"https:\/\/www.atletikaolomouc.cz\/wp-content\/uploads\/2022\/10\/stejskal-150x150.jpg\" alt=\"\" width=\"100\" height=\"100\" srcset=\"https:\/\/old.atletikaolomouc.cz\/wp-content\/uploads\/2022\/10\/stejskal-150x150.jpg 150w, https:\/\/old.atletikaolomouc.cz\/wp-content\/uploads\/2022\/10\/stejskal-300x300.jpg 300w, https:\/\/old.atletikaolomouc.cz\/wp-content\/uploads\/2022\/10\/stejskal-768x768.jpg 768w, https:\/\/old.atletikaolomouc.cz\/wp-content\/uploads\/2022\/10\/stejskal-600x600.jpg 600w, https:\/\/old.atletikaolomouc.cz\/wp-content\/uploads\/2022\/10\/stejskal-144x144.jpg 144w\" sizes=\"(max-width: 100px) 100vw, 100px\" \/><\/a><\/td>\r\n<td style=\"width: 183.488px; height: 18px;\"><strong><a href=\"https:\/\/www.atletikaolomouc.cz\/?page_id=35546\" target=\"_blank\" rel=\"noopener\">Stejskal David<\/a><br><\/strong>tren\u00e9r skupiny 1<\/td>\r\n<\/tr>\r\n<tr style=\"height: 54px;\">\r\n<td style=\"width: 52.6625px; height: 54px;\">&nbsp;<a href=\"https:\/\/www.atletikaolomouc.cz\/?page_id=35565\"><img decoding=\"async\" loading=\"lazy\" class=\"alignleft  wp-image-35744\" src=\"https:\/\/www.atletikaolomouc.cz\/wp-content\/uploads\/2022\/10\/\u0161vubov\u00e1-silva-150x150.jpg\" alt=\"\" width=\"100\" height=\"100\" srcset=\"https:\/\/old.atletikaolomouc.cz\/wp-content\/uploads\/2022\/10\/\u0161vubov\u00e1-silva-150x150.jpg 150w, https:\/\/old.atletikaolomouc.cz\/wp-content\/uploads\/2022\/10\/\u0161vubov\u00e1-silva-300x300.jpg 300w, https:\/\/old.atletikaolomouc.cz\/wp-content\/uploads\/2022\/10\/\u0161vubov\u00e1-silva-768x768.jpg 768w, https:\/\/old.atletikaolomouc.cz\/wp-content\/uploads\/2022\/10\/\u0161vubov\u00e1-silva-600x600.jpg 600w, https:\/\/old.atletikaolomouc.cz\/wp-content\/uploads\/2022\/10\/\u0161vubov\u00e1-silva-144x144.jpg 144w, https:\/\/old.atletikaolomouc.cz\/wp-content\/uploads\/2022\/10\/\u0161vubov\u00e1-silva.jpg 1129w\" sizes=\"(max-width: 100px) 100vw, 100px\" \/><\/a><\/td>\r\n<td style=\"width: 167.738px; height: 54px;\"><strong><a href=\"https:\/\/www.atletikaolomouc.cz\/?page_id=35565\" target=\"_blank\" rel=\"noopener\">\u0160vubov\u00e1 Silva<\/a><\/strong><br>tren\u00e9rka skupin VT1 a VT3<\/td>\r\n<td style=\"width: 66.1125px; height: 54px;\"><a href=\"https:\/\/www.atletikaolomouc.cz\/?page_id=35563\"><img decoding=\"async\" loading=\"lazy\" class=\"alignleft  wp-image-35528\" src=\"https:\/\/www.atletikaolomouc.cz\/wp-content\/uploads\/2022\/10\/female-empty-150x150.png\" alt=\"\" width=\"100\" height=\"100\" srcset=\"https:\/\/old.atletikaolomouc.cz\/wp-content\/uploads\/2022\/10\/female-empty-150x150.png 150w, https:\/\/old.atletikaolomouc.cz\/wp-content\/uploads\/2022\/10\/female-empty-300x300.png 300w, https:\/\/old.atletikaolomouc.cz\/wp-content\/uploads\/2022\/10\/female-empty-144x144.png 144w, https:\/\/old.atletikaolomouc.cz\/wp-content\/uploads\/2022\/10\/female-empty.png 303w\" sizes=\"(max-width: 100px) 100vw, 100px\" \/><\/a><\/td>\r\n<td style=\"width: 183.488px; height: 54px;\"><strong><a href=\"https:\/\/www.atletikaolomouc.cz\/?page_id=35563\" target=\"_blank\" rel=\"noopener\">\u0160vubov\u00e1 So\u0148a<\/a><\/strong><br>tren\u00e9rka skupin VT1 a VT3<\/td>\r\n<\/tr>\r\n<tr style=\"height: 18px;\">\r\n<td style=\"height: 18px; width: 52.6625px;\"><a href=\"https:\/\/www.atletikaolomouc.cz\/?page_id=35567\"><img decoding=\"async\" loading=\"lazy\" class=\"alignleft  wp-image-32709\" src=\"https:\/\/www.atletikaolomouc.cz\/wp-content\/uploads\/2021\/11\/\u0161r\u016ftov\u00e1-150x150.jpeg\" alt=\"\" width=\"100\" height=\"100\" srcset=\"https:\/\/old.atletikaolomouc.cz\/wp-content\/uploads\/2021\/11\/\u0161r\u016ftov\u00e1-150x150.jpeg 150w, https:\/\/old.atletikaolomouc.cz\/wp-content\/uploads\/2021\/11\/\u0161r\u016ftov\u00e1-300x300.jpeg 300w, https:\/\/old.atletikaolomouc.cz\/wp-content\/uploads\/2021\/11\/\u0161r\u016ftov\u00e1-768x767.jpeg 768w, https:\/\/old.atletikaolomouc.cz\/wp-content\/uploads\/2021\/11\/\u0161r\u016ftov\u00e1-601x600.jpeg 601w, https:\/\/old.atletikaolomouc.cz\/wp-content\/uploads\/2021\/11\/\u0161r\u016ftov\u00e1-144x144.jpeg 144w, https:\/\/old.atletikaolomouc.cz\/wp-content\/uploads\/2021\/11\/\u0161r\u016ftov\u00e1.jpeg 1122w\" sizes=\"(max-width: 100px) 100vw, 100px\" \/><\/a><\/td>\r\n<td style=\"height: 18px; width: 167.738px;\"><strong><a href=\"https:\/\/www.atletikaolomouc.cz\/?page_id=35567\" target=\"_blank\" rel=\"noopener\">\u0160r\u016ftov\u00e1 Michaela<\/a><\/strong><br>tren\u00e9rka skupiny 1<\/td>\r\n<td style=\"width: 66.1125px; height: 18px;\"><a href=\"https:\/\/www.atletikaolomouc.cz\/?page_id=35479\"><img decoding=\"async\" loading=\"lazy\" class=\"wp-image-35590  alignnone\" src=\"https:\/\/www.atletikaolomouc.cz\/wp-content\/uploads\/2022\/10\/ut\u011b\u0161en\u00e1-150x150.jpeg\" alt=\"\" width=\"100\" height=\"100\" srcset=\"https:\/\/old.atletikaolomouc.cz\/wp-content\/uploads\/2022\/10\/ut\u011b\u0161en\u00e1-150x150.jpeg 150w, https:\/\/old.atletikaolomouc.cz\/wp-content\/uploads\/2022\/10\/ut\u011b\u0161en\u00e1-300x300.jpeg 300w, https:\/\/old.atletikaolomouc.cz\/wp-content\/uploads\/2022\/10\/ut\u011b\u0161en\u00e1-599x600.jpeg 599w, https:\/\/old.atletikaolomouc.cz\/wp-content\/uploads\/2022\/10\/ut\u011b\u0161en\u00e1-144x144.jpeg 144w, https:\/\/old.atletikaolomouc.cz\/wp-content\/uploads\/2022\/10\/ut\u011b\u0161en\u00e1.jpeg 665w\" sizes=\"(max-width: 100px) 100vw, 100px\" \/><\/a><\/td>\r\n<td style=\"width: 183.488px; height: 18px;\"><strong><a href=\"https:\/\/www.atletikaolomouc.cz\/?page_id=35479\" target=\"_blank\" rel=\"noopener\">Ut\u011b\u0161en\u00e1 \u017daneta<\/a><\/strong><br>tren\u00e9rka skipuny 0C<\/td>\r\n<\/tr>\r\n<tr style=\"height: 91px;\">\r\n<td style=\"width: 52.6625px; height: 91px;\"><a href=\"https:\/\/www.atletikaolomouc.cz\/?page_id=35487\"><img decoding=\"async\" loading=\"lazy\" class=\"alignleft  wp-image-20213\" src=\"https:\/\/www.atletikaolomouc.cz\/wp-content\/uploads\/2020\/10\/vychodil-150x150.jpg\" alt=\"\" width=\"95\" height=\"95\" srcset=\"https:\/\/old.atletikaolomouc.cz\/wp-content\/uploads\/2020\/10\/vychodil-150x150.jpg 150w, https:\/\/old.atletikaolomouc.cz\/wp-content\/uploads\/2020\/10\/vychodil-300x300.jpg 300w, https:\/\/old.atletikaolomouc.cz\/wp-content\/uploads\/2020\/10\/vychodil.jpg 528w\" sizes=\"(max-width: 95px) 100vw, 95px\" \/><\/a><\/td>\r\n<td style=\"width: 167.738px; height: 91px;\"><strong><a href=\"https:\/\/www.atletikaolomouc.cz\/?page_id=35487\" target=\"_blank\" rel=\"noopener\">Vychodil Jaroslav<\/a><\/strong><br>tren\u00e9r skupiny 5<\/td>\r\n<td style=\"width: 66.1125px; height: 91px;\">&nbsp;<\/td>\r\n<td style=\"width: 183.488px; height: 91px;\">&nbsp;<\/td>\r\n<\/tr>\r\n<\/tbody>\r\n<\/table>\r\n","protected":false},"excerpt":{"rendered":"<p>TREN\u00c9\u0158I P\u0158\u00cdPRAVEK 2022\/2023 Do\u010dkal Tom\u00e1\u0161\u0161\u00e9ftren\u00e9r p\u0159\u00edpravektren\u00e9r skupin V1 a 0A &nbsp; &nbsp; Adlerov\u00e1 Kl\u00e1ratren\u00e9rka skupiny V1 Arbeit Tom\u00e1\u0161tren\u00e9r skupiny V2 Begov\u00e1 Barboratren\u00e9rka skupiny 4 Breitrov\u00e1 Ad\u00e9latren\u00e9rka skupiny 0B &nbsp; Coufal Filiptren\u00e9r skupiny VT2 &nbsp; Zuzana Coufalov\u00e1tren\u00e9rka skupiny VT2 Do\u010dkalov\u00e1 Lenkatren\u00e9rka &hellip; <a href=\"https:\/\/old.atletikaolomouc.cz\/?page_id=981\">Continue reading <span class=\"meta-nav\">&rarr;<\/span><\/a><\/p>\n","protected":false},"author":4,"featured_media":0,"parent":0,"menu_order":0,"comment_status":"closed","ping_status":"closed","template":"","meta":{"ngg_post_thumbnail":0},"_links":{"self":[{"href":"https:\/\/old.atletikaolomouc.cz\/index.php?rest_route=\/wp\/v2\/pages\/981"}],"collection":[{"href":"https:\/\/old.atletikaolomouc.cz\/index.php?rest_route=\/wp\/v2\/pages"}],"about":[{"href":"https:\/\/old.atletikaolomouc.cz\/index.php?rest_route=\/wp\/v2\/types\/page"}],"author":[{"embeddable":true,"href":"https:\/\/old.atletikaolomouc.cz\/index.php?rest_route=\/wp\/v2\/users\/4"}],"replies":[{"embeddable":true,"href":"https:\/\/old.atletikaolomouc.cz\/index.php?rest_route=%2Fwp%2Fv2%2Fcomments&post=981"}],"version-history":[{"count":220,"href":"https:\/\/old.atletikaolomouc.cz\/index.php?rest_route=\/wp\/v2\/pages\/981\/revisions"}],"predecessor-version":[{"id":35754,"href":"https:\/\/old.atletikaolomouc.cz\/index.php?rest_route=\/wp\/v2\/pages\/981\/revisions\/35754"}],"wp:attachment":[{"href":"https:\/\/old.atletikaolomouc.cz\/index.php?rest_route=%2Fwp%2Fv2%2Fmedia&parent=981"}],"curies":[{"name":"wp","href":"https:\/\/api.w.org\/{rel}","templated":true}]}}