{"id":9842,"date":"2018-01-08T11:19:25","date_gmt":"2018-01-08T10:19:25","guid":{"rendered":"http:\/\/www.atletikaolomouc.cz\/?page_id=9842"},"modified":"2018-12-20T14:49:13","modified_gmt":"2018-12-20T13:49:13","slug":"zavody-2018-2","status":"publish","type":"page","link":"https:\/\/old.atletikaolomouc.cz\/?page_id=9842","title":{"rendered":"Z\u00e1vody 2018"},"content":{"rendered":"<table>\n<tbody>\n<tr>\n<td style=\"text-align: left;\"><strong>Datum:<\/strong><\/td>\n<td style=\"text-align: left;\"><strong>Kde:<\/strong><\/td>\n<td style=\"text-align: left;\"><strong>Z\u00e1vod:<\/strong><\/td>\n<td style=\"text-align: left;\"><strong>V\u00fdsledky<\/strong><\/td>\n<\/tr>\n<tr>\n<td style=\"text-align: left;\"><strong>\u00fanor<\/strong><\/td>\n<td><\/td>\n<td><\/td>\n<td><\/td>\n<\/tr>\n<tr>\n<td style=\"text-align: right;\">\u00a023.02.<\/td>\n<td>Olomouc<\/td>\n<td><a href=\"https:\/\/drive.google.com\/open?id=1WrEvCOuPdxYUj7yxfF1oSAsjsPYQ3x3f\">Halov\u00e9 z\u00e1vody voz\u00ed\u010dk\u00e1\u0159\u016f &#8211; vrh koul\u00ed a hod ku\u017eelkou<\/a><\/td>\n<td>\u00a0<a href=\"https:\/\/drive.google.com\/open?id=1Mf8eKdxX-ojLArJxQuH0rvkyMfCGczH2\">v\u00fdsledky<\/a><\/td>\n<\/tr>\n<tr>\n<td style=\"text-align: left;\">\u00a0<strong>b\u0159ezen<\/strong><\/td>\n<td><\/td>\n<td><\/td>\n<td><\/td>\n<\/tr>\n<tr>\n<td style=\"text-align: right;\">\u00a010.-16.03.<\/td>\n<td>Dubai<\/td>\n<td><a href=\"https:\/\/drive.google.com\/file\/d\/1hnK19uaVNHW3kN5YK5sHsdt8wDuHgG9-\/view\">Grand Prix &#8211; Fazza 2018\u00a0<\/a><\/td>\n<td><\/td>\n<\/tr>\n<tr>\n<td style=\"text-align: right;\">\u00a017.-20.03.<\/td>\n<td>Sharjah<\/td>\n<td><a href=\"https:\/\/drive.google.com\/file\/d\/1n9WN1cIhd-xN_jE_DOmNfm-OyaJIbASP\/view\">Mezin\u00e1rodn\u00ed atletick\u00fd m\u00edtink Sharjah UAE\u00a0<\/a><\/td>\n<td><\/td>\n<\/tr>\n<tr>\n<td style=\"text-align: right;\">24.03.<\/td>\n<td>Ostrava<\/td>\n<td><a href=\"https:\/\/drive.google.com\/file\/d\/1E1XKbpfh3WC6sxEdG2i1xStN1LEbFqd6\/view\">Halov\u00fd z\u00e1vod &#8211;\u00a0\u00a0&#8222;Vrh pekelnou koul\u00ed&#8220;\u00a0<\/a><\/td>\n<td><a href=\"https:\/\/drive.google.com\/file\/d\/1kZ1kwJCC_S9CqeoJR2iYntl_JUGcXUjr\/view\">v\u00fdsledky<\/a><\/td>\n<\/tr>\n<tr>\n<td style=\"text-align: left;\"><strong>kv\u011bten<\/strong><\/td>\n<td><\/td>\n<td><\/td>\n<td><\/td>\n<\/tr>\n<tr>\n<td style=\"text-align: right;\">06.05.<\/td>\n<td>Pardubice<\/td>\n<td><a href=\"https:\/\/drive.google.com\/file\/d\/1807hxqdz04hQs48YxR2adsGuVJbUq0HP\/view\">1. kolo &#8211; \u010cesk\u00fd poh\u00e1r KB<\/a><\/td>\n<td><a href=\"http:\/\/skmoravia.cz\/atletika\/pohar\/cp18pa.htm\">\u00a0v\u00fdsledky<\/a><\/td>\n<\/tr>\n<tr>\n<td style=\"text-align: right;\">20.05.<\/td>\n<td>Olomouc<\/td>\n<td><a href=\"https:\/\/drive.google.com\/open?id=1qbltp6EtenEknNG-7r1pmh7RDAHvyeoI\">2.kolo &#8211;\u00a0\u010cesk\u00fd poh\u00e1r KB<\/a><\/td>\n<td><a href=\"http:\/\/skmoravia.cz\/atletika\/pohar\/cp18ol.htm\">\u00a0v\u00fdsledky<\/a><\/td>\n<\/tr>\n<tr>\n<td style=\"text-align: right;\">27.05.<\/td>\n<td>B\u00edlina<\/td>\n<td><a href=\"http:\/\/www.spastic.cz\/data\/_docs\/propozice-a-navratky\/180527_PRO_JA_NL.pdf\">Jarn\u00ed atletika spastik\u016f<\/a><\/td>\n<td>\u00a0<a href=\"https:\/\/drive.google.com\/open?id=1VObzf51guRyELf5aYXauRvwePygqd18D\">v\u00fdsledky<\/a><\/td>\n<\/tr>\n<tr>\n<td style=\"text-align: left;\"><strong>\u010derven<\/strong><\/td>\n<td><\/td>\n<td><\/td>\n<td><\/td>\n<\/tr>\n<tr>\n<td style=\"text-align: right;\">06.-10.06.<\/td>\n<td>Brno<\/td>\n<td><a href=\"https:\/\/emilopen.cz\">Evropsk\u00e9 hry handicapovan\u00e9 ml\u00e1de\u017ee &#8222;Emil Open&#8220;<\/a><\/td>\n<td><a href=\"https:\/\/drive.google.com\/open?id=1hRtTdrJ1M14eEW7UouJBWNOzk-ZZEwCh\">\u00a0v\u00fdsledky<\/a><\/td>\n<\/tr>\n<tr>\n<td style=\"text-align: right;\">10.06.<\/td>\n<td>Olomouc<\/td>\n<td><a href=\"https:\/\/drive.google.com\/open?id=1RfMAlQDZ6gXtJTsR09Xo6wDeEjSKQKoV\">Mistrovstv\u00ed \u010cR zdravotn\u011b posti\u017een\u00fdch<\/a><\/td>\n<td>\u00a0<a href=\"https:\/\/drive.google.com\/open?id=1oHri5ZAJyidDYOc9nN6HuAF3rX1pWWUx\">v\u00fdsledky\u00a0<\/a><\/td>\n<\/tr>\n<tr>\n<td style=\"text-align: right;\">13.06.<\/td>\n<td>Ostrava<\/td>\n<td><a href=\"http:\/\/aoztp.cz\/2018\/04\/24\/zlata-tretra-2018\/\">Zlat\u00e1 tretra (jen pro zvan\u00e9)<\/a><\/td>\n<td>\u00a0<a href=\"https:\/\/drive.google.com\/open?id=1vt8ReL18L5JP0rJIyPL8Bl6ko2060lvX\">v\u00fdsledky\u00a0<\/a><\/td>\n<\/tr>\n<tr>\n<td style=\"text-align: right;\">17.06.<\/td>\n<td>Olomouc<\/td>\n<td><a href=\"https:\/\/drive.google.com\/open?id=1V4A83lTWdhPmbJsj95E-zIjYPkyPPVgT\">3.kolo &#8211;\u00a0\u010cesk\u00fd poh\u00e1r KB<\/a><\/td>\n<td><a href=\"http:\/\/skmoravia.cz\/atletika\/pohar\/cp18ol2.htm\">\u00a0v\u00fdsledky<\/a><\/td>\n<\/tr>\n<tr>\n<td style=\"text-align: right;\">24.06.<\/td>\n<td>B\u00edlina<\/td>\n<td><a href=\"https:\/\/drive.google.com\/open?id=1VObzf51guRyELf5aYXauRvwePygqd18D\">M\u010cR v atletice Spastic Handicap<\/a><\/td>\n<td><\/td>\n<\/tr>\n<tr>\n<td style=\"text-align: right;\">30.06.-01.07.<\/td>\n<td>Berl\u00edn<\/td>\n<td><a href=\"https:\/\/drive.google.com\/open?id=1UH03JUo8TKhL9MtQVTTWgQ9jMABEW4NZ\">Grand Prix 2018+Berlin Open<\/a><\/td>\n<td><a href=\"https:\/\/bsb-reporting.ikusei.de\">\u00a0v\u00fdsledky<\/a><\/td>\n<\/tr>\n<tr>\n<td style=\"text-align: left;\"><strong>\u010dervenec<\/strong><\/td>\n<td style=\"text-align: left;\"><\/td>\n<td><\/td>\n<td><\/td>\n<\/tr>\n<tr>\n<td style=\"text-align: right;\">14.07.<\/td>\n<td>Bansk\u00e1 Bystrica<\/td>\n<td><a href=\"https:\/\/drive.google.com\/open?id=1cmftxOCvt7aLKk_hHqahgnlwlrVe_Nz_\">Handicap Open 2018<\/a><\/td>\n<td>\u00a0<a href=\"https:\/\/drive.google.com\/open?id=16Jz7f4Ca_pN10UR81z5ZqTBNNfdtjq8_\">v\u00fdsledky<\/a><\/td>\n<\/tr>\n<tr>\n<td style=\"text-align: right;\">28.07.<\/td>\n<td>Ostrava<\/td>\n<td><a href=\"https:\/\/drive.google.com\/open?id=1G1OyllEeGw_3Ccy4ZDptbzrtmu4CMuye\">4.kolo &#8211; \u010cesk\u00fd poh\u00e1r KB<\/a><\/td>\n<td>\u00a0<a href=\"http:\/\/skmoravia.cz\/atletika\/pohar\/cp18os.htm\">v\u00fdsledky<\/a><\/td>\n<\/tr>\n<tr>\n<td style=\"text-align: left;\"><strong>srpen<\/strong><\/td>\n<td><\/td>\n<td><\/td>\n<td><\/td>\n<\/tr>\n<tr>\n<td style=\"text-align: right;\">20.-26.08.<\/td>\n<td>Berl\u00edn<\/td>\n<td><a href=\"https:\/\/www.paralympic.org\/berlin-2018\">ME Berl\u00edn<\/a><\/td>\n<td>\u00a0<a href=\"https:\/\/www.paralympic.org\/berlin-2018\/results\/info-live-results\/ATBE18\/eng\/zz\/engzz_athletics-daily-competition-schedule.htm\">v\u00fdsledky<\/a><\/td>\n<\/tr>\n<tr>\n<td style=\"text-align: left;\"><strong>z\u00e1\u0159\u00ed<\/strong><\/td>\n<td><\/td>\n<td><\/td>\n<td><\/td>\n<\/tr>\n<tr>\n<td style=\"text-align: right;\">16.09.<\/td>\n<td>Praha<\/td>\n<td><a href=\"https:\/\/drive.google.com\/open?id=1I2_bTid56vA9d454HSrw9KHAof-8xqIA\">5.kolo &#8211; \u010cesk\u00fd poh\u00e1r KB<\/a><\/td>\n<td>\u00a0<a href=\"http:\/\/skmoravia.cz\/atletika\/pohar\/cp18pr.htm\">v\u00fdsledky<\/a><\/td>\n<\/tr>\n<tr>\n<td style=\"text-align: right;\">23.09.<\/td>\n<td>Pardubice<\/td>\n<td><a href=\"https:\/\/drive.google.com\/open?id=19OPADiojA5bL-wxpF99F67ejjPTyMS9w\">6.kolo &#8211; \u010cesk\u00fd poh\u00e1r KB<\/a><\/td>\n<td>\u00a0<a href=\"http:\/\/skmoravia.cz\/atletika\/pohar\/cp18pa2.htm\">v\u00fdsledky<\/a><\/td>\n<\/tr>\n<tr>\n<td style=\"text-align: right;\">29.09.<\/td>\n<td>St\u0159\u00edbro<\/td>\n<td>Podzimn\u00ed atletika Spastic Handicap<\/td>\n<td><\/td>\n<\/tr>\n<tr>\n<td style=\"text-align: left;\"><strong>prosinec<\/strong><\/td>\n<td><\/td>\n<td><\/td>\n<td><\/td>\n<\/tr>\n<tr>\n<td style=\"text-align: right;\">09.12.<\/td>\n<td>Ostrava<\/td>\n<td>Halov\u00e9 z\u00e1vody<\/td>\n<td>v\u00fdsledky<\/td>\n<\/tr>\n<tr>\n<td style=\"text-align: right;\">15.12.<\/td>\n<td>Olomouc<\/td>\n<td>V\u00e1no\u010dn\u00ed vrha\u010dsk\u00fd \u00a0m\u00edtink voz\u010dk\u00e1\u0159\u016f<\/td>\n<td><a href=\"https:\/\/drive.google.com\/open?id=12Z6kZ7h_PP8iiSTZQJUNixNZmE62Jogv\">v\u00fdsledky<\/a><\/td>\n<\/tr>\n<\/tbody>\n<\/table>\n","protected":false},"excerpt":{"rendered":"<p>Datum: Kde: Z\u00e1vod: V\u00fdsledky \u00fanor \u00a023.02. Olomouc Halov\u00e9 z\u00e1vody voz\u00ed\u010dk\u00e1\u0159\u016f &#8211; vrh koul\u00ed a hod ku\u017eelkou \u00a0v\u00fdsledky \u00a0b\u0159ezen \u00a010.-16.03. Dubai Grand Prix &#8211; Fazza 2018\u00a0 \u00a017.-20.03. Sharjah Mezin\u00e1rodn\u00ed atletick\u00fd m\u00edtink Sharjah UAE\u00a0 24.03. Ostrava Halov\u00fd z\u00e1vod &#8211;\u00a0\u00a0&#8222;Vrh pekelnou koul\u00ed&#8220;\u00a0 v\u00fdsledky &hellip; <a href=\"https:\/\/old.atletikaolomouc.cz\/?page_id=9842\">Continue reading <span class=\"meta-nav\">&rarr;<\/span><\/a><\/p>\n","protected":false},"author":4,"featured_media":0,"parent":7011,"menu_order":1,"comment_status":"closed","ping_status":"closed","template":"","meta":{"ngg_post_thumbnail":0},"_links":{"self":[{"href":"https:\/\/old.atletikaolomouc.cz\/index.php?rest_route=\/wp\/v2\/pages\/9842"}],"collection":[{"href":"https:\/\/old.atletikaolomouc.cz\/index.php?rest_route=\/wp\/v2\/pages"}],"about":[{"href":"https:\/\/old.atletikaolomouc.cz\/index.php?rest_route=\/wp\/v2\/types\/page"}],"author":[{"embeddable":true,"href":"https:\/\/old.atletikaolomouc.cz\/index.php?rest_route=\/wp\/v2\/users\/4"}],"replies":[{"embeddable":true,"href":"https:\/\/old.atletikaolomouc.cz\/index.php?rest_route=%2Fwp%2Fv2%2Fcomments&post=9842"}],"version-history":[{"count":34,"href":"https:\/\/old.atletikaolomouc.cz\/index.php?rest_route=\/wp\/v2\/pages\/9842\/revisions"}],"predecessor-version":[{"id":11257,"href":"https:\/\/old.atletikaolomouc.cz\/index.php?rest_route=\/wp\/v2\/pages\/9842\/revisions\/11257"}],"up":[{"embeddable":true,"href":"https:\/\/old.atletikaolomouc.cz\/index.php?rest_route=\/wp\/v2\/pages\/7011"}],"wp:attachment":[{"href":"https:\/\/old.atletikaolomouc.cz\/index.php?rest_route=%2Fwp%2Fv2%2Fmedia&parent=9842"}],"curies":[{"name":"wp","href":"https:\/\/api.w.org\/{rel}","templated":true}]}}